{"id":24483,"date":"2026-08-24T07:15:14","date_gmt":"2026-08-24T07:15:14","guid":{"rendered":"https:\/\/anges.pt\/?page_id=24483"},"modified":"2026-08-24T07:15:15","modified_gmt":"2026-08-24T07:15:15","slug":"medalla-al-merito-social-grado-oro-3","status":"publish","type":"page","link":"https:\/\/anges.pt\/es\/medalla-al-merito-social-grado-oro-3\/","title":{"rendered":"Medalla al M\u00e9rito Social - Grado Oro"},"content":{"rendered":"<div class=\"wpb-content-wrapper\"><p>[vc_row][vc_column woodmart_css_id=\u00bb6a7749c79ac03&#8243; parallax_scroll=\u00bbno\u00bb woodmart_sticky_column=\u00bbfalse\u00bb wd_collapsible_content_switcher=\u00bbno\u00bb wd_column_role_offcanvas_desktop=\u00bbno\u00bb wd_column_role_offcanvas_tablet=\u00bbno\u00bb wd_column_role_offcanvas_mobile=\u00bbno\u00bb wd_column_role_content_desktop=\u00bbno\u00bb wd_column_role_content_tablet=\u00bbno\u00bb wd_column_role_content_mobile=\u00bbno\u00bb mobile_bg_img_hidden=\u00bbno\u00bb tablet_bg_img_hidden=\u00bbno\u00bb woodmart_parallax=\u00bb0&#8243; woodmart_box_shadow=\u00bbno\u00bb responsive_spacing=\u00bbeyJwYXJhbV90eXBlIjoid29vZG1hcnRfcmVzcG9uc2l2ZV9zcGFjaW5nIiwic2VsZWN0b3JfaWQiOiI2YTc3NDljNzlhYzAzIiwic2hvcnRjb2RlIjoidmNfY29sdW1uIiwiZGF0YSI6eyJ0YWJsZXQiOnt9LCJtb2JpbGUiOnt9fX0=\u00bb mobile_reset_margin=\u00bbno\u00bb tablet_reset_margin=\u00bbno\u00bb wd_z_index=\u00bbno\u00bb][vc_gallery type=\u00bbimage_grid\u00bb images=\u00bb24284,24305&#8243; img_size=\u00bbmedium\u00bb css=\u00bb\u00bb][\/vc_column][\/vc_row][vc_row content_placement=\u00bbmiddle\u00bb css=\u00bb.vc_custom_1738094694890{margin-top: -20px !important;margin-bottom: 5vh !important;}\u00bb mobile_bg_img_hidden=\u00bbno\u00bb tablet_bg_img_hidden=\u00bbno\u00bb woodmart_parallax=\u00bb0&#8243; woodmart_gradient_switch=\u00bbno\u00bb row_reverse_mobile=\u00bb0&#8243; row_reverse_tablet=\u00bb0&#8243; woodmart_disable_overflow=\u00bb0&#8243; woodmart_css_id=\u00bb6799385eed7cb\u00bb responsive_spacing=\u00bbeyJwYXJhbV90eXBlIjoid29vZG1hcnRfcmVzcG9uc2l2ZV9zcGFjaW5nIiwic2VsZWN0b3JfaWQiOiI2Nzk5Mzg1ZWVkN2NiIiwic2hvcnRjb2RlIjoidmNfcm93IiwiZGF0YSI6eyJ0YWJsZXQiOnt9LCJtb2JpbGUiOnt9fX0=\u00bb woodmart_box_shadow=\u00bbno\u00bb wd_z_index=\u00bbno\u00bb][vc_column css=\u00bb.vc_custom_1646217901431{margin-bottom: 50px !important;}\u00bb mobile_bg_img_hidden=\u00bbno\u00bb tablet_bg_img_hidden=\u00bbno\u00bb woodmart_parallax=\u00bb0&#8243; woodmart_sticky_column=\u00bbfalse\u00bb parallax_scroll=\u00bbno\u00bb mobile_reset_margin=\u00bbno\u00bb tablet_reset_margin=\u00bbno\u00bb][vc_single_image image=\u00bb24258&#8243; img_size=\u00bbfull\u00bb alignment=\u00bbcenter\u00bb css=\u00bb\u00bb parallax_scroll=\u00bbno\u00bb woodmart_inline=\u00bbno\u00bb][vc_row_inner css=\u00bb.vc_custom_1497001704725{margin-bottom: 10px !important;}\u00bb][vc_column_inner][vc_column_text css=\u00bb.vc_custom_1779131068736{margin-bottom: 20px !important;}\u00bb text_larger=\u00bbyes\u00bb woodmart_inline=\u00bbno\u00bb]<\/p>\n<p class=\"v1elementToProof\">O\u00a0<b>Galard\u00e3o Farm\u00e1cia Amiga do Idoso\u00a0<\/b>\u00a0\u00e9 uma iniciativa promovida pela Associa\u00e7\u00e3o Nacional de Gerontologia Social (ANGES), que visa reconhecer e distinguir as farm\u00e1cias portuguesas que demonstram um compromisso ativo com o bem-estar, a dignidade e a qualidade de vida das pessoas mais velhas.<\/p>\n<p>Num contexto de envelhecimento demogr\u00e1fico crescente, as farm\u00e1cias assumem um papel fundamental na proximidade \u00e0s comunidades, sendo muitas vezes o primeiro ponto de contacto no acesso a cuidados de sa\u00fade. Este galard\u00e3o surge, assim, como um instrumento de valoriza\u00e7\u00e3o das boas pr\u00e1ticas desenvolvidas neste setor, incentivando a ado\u00e7\u00e3o de servi\u00e7os e abordagens mais inclusivas, acess\u00edveis e adaptadas \u00e0s necessidades espec\u00edficas da popula\u00e7\u00e3o idosa.<\/p>\n<p>As farm\u00e1cias distinguidas s\u00e3o aquelas que implementam medidas concretas que promovem um atendimento mais humanizado, a literacia em sa\u00fade, a gest\u00e3o segura da medica\u00e7\u00e3o e a preven\u00e7\u00e3o de situa\u00e7\u00f5es de risco, contribuindo para um envelhecimento mais ativo, seguro e aut\u00f3nomo.<\/p>\n<p>Atrav\u00e9s desta distin\u00e7\u00e3o, a ANGES pretende n\u00e3o s\u00f3 reconhecer o m\u00e9rito das farm\u00e1cias envolvidas, mas tamb\u00e9m estimular a dissemina\u00e7\u00e3o de pr\u00e1ticas inovadoras e socialmente respons\u00e1veis, refor\u00e7ando o papel das farm\u00e1cias como agentes essenciais na promo\u00e7\u00e3o da sa\u00fade e da inclus\u00e3o social das pessoas idosas em Portugal.[\/vc_column_text][\/vc_column_inner][\/vc_row_inner][vc_row_inner css=\u00bb.vc_custom_1742322842579{margin-top: 20px !important;margin-bottom: 10px !important;}\u00bb woodmart_css_id=\u00bb67d9bc9629183&#8243; responsive_spacing=\u00bbeyJwYXJhbV90eXBlIjoid29vZG1hcnRfcmVzcG9uc2l2ZV9zcGFjaW5nIiwic2VsZWN0b3JfaWQiOiI2N2Q5YmM5NjI5MTgzIiwic2hvcnRjb2RlIjoidmNfcm93X2lubmVyIiwiZGF0YSI6eyJ0YWJsZXQiOnt9LCJtb2JpbGUiOnt9fX0=\u00bb mobile_bg_img_hidden=\u00bbno\u00bb tablet_bg_img_hidden=\u00bbno\u00bb woodmart_parallax=\u00bb0&#8243; woodmart_gradient_switch=\u00bbno\u00bb woodmart_box_shadow=\u00bbno\u00bb wd_z_index=\u00bbno\u00bb woodmart_disable_overflow=\u00bb0&#8243; row_reverse_mobile=\u00bb0&#8243; row_reverse_tablet=\u00bb0&#8243;][vc_column_inner width=\u00bb1\/3&#8243;][vc_btn title=\u00bbREGULAMENTO DE ATRIBUI\u00c7\u00c3O DO GALARD\u00c3O\u00bb color=\u00bbgreen\u00bb size=\u00bblg\u00bb align=\u00bbcenter\u00bb css_animation=\u00bbfadeIn\u00bb css=\u00bb\u00bb link=\u00bburl:https%3A%2F%2Fanges.pt%2Fwp-content%2Fuploads%2F2026%2F05%2FRegulamento-da-Distincao-Farmacia-Amiga-do-Idoso.pdf|title:Candidatura%20Medalha%20de%20M%C3%A9rito%20Social|target:_blank|\u00bb][\/vc_column_inner][vc_column_inner width=\u00bb1\/3&#8243;][vc_btn title=\u00bbFORMUL\u00c1RIO DE CANDIDATURA AO GALARD\u00c3O\u00bb color=\u00bbgreen\u00bb size=\u00bblg\u00bb align=\u00bbcenter\u00bb css_animation=\u00bbfadeIn\u00bb css=\u00bb\u00bb link=\u00bburl:https%3A%2F%2Fforms.gle%2Fk1aZk4cTJ8X7mDH36|title:Candidatura%20Medalha%20de%20M%C3%A9rito%20Social|target:_blank|\u00bb][\/vc_column_inner][vc_column_inner width=\u00bb1\/3&#8243;][vc_btn title=\u00bbREGULAMENTO DE USO DA MARCA FARM\u00c1CIA AMIGA DO IDOSO\u00bb color=\u00bbgreen\u00bb size=\u00bblg\u00bb align=\u00bbcenter\u00bb css_animation=\u00bbfadeIn\u00bb css=\u00bb\u00bb link=\u00bburl:https%3A%2F%2Fanges.pt%2Fwp-content%2Fuploads%2F2026%2F05%2FRegulamento-de-usos-da-marca-Farmacia-Amiga-do-Idoso.pdf|title:Candidatura%20Medalha%20de%20M%C3%A9rito%20Social|target:_blank|\u00bb][\/vc_column_inner][\/vc_row_inner][\/vc_column][\/vc_row][vc_row][vc_column][vc_single_image image=\u00bb24208&#8243; img_size=\u00bblarge\u00bb alignment=\u00bbcenter\u00bb css=\u00bb\u00bb parallax_scroll=\u00bbno\u00bb woodmart_inline=\u00bbno\u00bb][\/vc_column][\/vc_row][vc_row][vc_column][vc_column_text css=\u00bb\u00bb woodmart_inline=\u00bbno\u00bb text_larger=\u00bbno\u00bb]<\/p>\n<h2 style=\"text-align: center;\" data-source-line=\"3-3\">A institui\u00e7\u00e3o da distin\u00e7\u00e3o Farm\u00e1cia Amiga do Idoso<\/h2>\n<p style=\"text-align: center;\">Rede das Farm\u00e1cias Amigas do Idoso<\/p>\n<p data-source-line=\"5-5\">No dia\u00a0<strong>22 de maio de 2026<\/strong>, no \u00e2mbito do\u00a0<strong>AGEINGCONGRESS2026 \u2013 IX Congresso Internacional Sobre Envelhecimento<\/strong>, realizado no\u00a0<strong>Instituto Polit\u00e9cnico de Bragan\u00e7a (IPB)<\/strong>, foi atribu\u00edda em Portugal a primeira distin\u00e7\u00e3o\u00a0<strong>Farm\u00e1cia Amiga do Idoso<\/strong>, assinalando um momento de particular relev\u00e2ncia para a afirma\u00e7\u00e3o deste galard\u00e3o e para o reconhecimento do papel das farm\u00e1cias na promo\u00e7\u00e3o do envelhecimento com dignidade, proximidade e cuidado.<\/p>\n<p data-source-line=\"7-7\">A atribui\u00e7\u00e3o desta primeira distin\u00e7\u00e3o \u00e0\u00a0<a href=\"https:\/\/www.facebook.com\/farmaciabemsaude\/?locale=pt_PT\"><strong>Farm\u00e1cia Bem Sa\u00fade<\/strong><\/a>\u00a0constitui um marco fundador desta iniciativa, simbolizando o in\u00edcio de um percurso de valoriza\u00e7\u00e3o das farm\u00e1cias que se distinguem pelo seu compromisso com o bem-estar, a autonomia, a inclus\u00e3o e a qualidade de vida das pessoas idosas.<\/p>\n<p data-source-line=\"9-9\">Mais do que uma distin\u00e7\u00e3o, a\u00a0<strong>Farm\u00e1cia Amiga do Idoso<\/strong>\u00a0afirma-se como um selo de compromisso social, humano e profissional, reconhecendo pr\u00e1ticas de excel\u00eancia no acompanhamento da popula\u00e7\u00e3o s\u00e9nior e refor\u00e7ando o papel das farm\u00e1cias como estruturas de proximidade essenciais nas comunidades.<\/p>\n<p data-source-line=\"9-9\"><strong>Dirigimos, por isso, um apelo a outras farm\u00e1cias para que integrem tamb\u00e9m esta rede, que \u00e9 muito mais do que uma distin\u00e7\u00e3o: \u00e9 um espa\u00e7o de valoriza\u00e7\u00e3o, forma\u00e7\u00e3o e ci\u00eancia, comprometido com a qualifica\u00e7\u00e3o das pr\u00e1ticas, a produ\u00e7\u00e3o de conhecimento e o refor\u00e7o do papel das farm\u00e1cias nas respostas ao envelhecimento em Portugal.<\/strong><\/p>\n<p>[\/vc_column_text][vc_row_inner css=\u00bb.vc_custom_1742322842579{margin-top: 20px !important;margin-bottom: 10px !important;}\u00bb woodmart_css_id=\u00bb67d9bc9629183&#8243; responsive_spacing=\u00bbeyJwYXJhbV90eXBlIjoid29vZG1hcnRfcmVzcG9uc2l2ZV9zcGFjaW5nIiwic2VsZWN0b3JfaWQiOiI2N2Q5YmM5NjI5MTgzIiwic2hvcnRjb2RlIjoidmNfcm93X2lubmVyIiwiZGF0YSI6eyJ0YWJsZXQiOnt9LCJtb2JpbGUiOnt9fX0=\u00bb mobile_bg_img_hidden=\u00bbno\u00bb tablet_bg_img_hidden=\u00bbno\u00bb woodmart_parallax=\u00bb0&#8243; woodmart_gradient_switch=\u00bbno\u00bb woodmart_box_shadow=\u00bbno\u00bb wd_z_index=\u00bbno\u00bb woodmart_disable_overflow=\u00bb0&#8243; row_reverse_mobile=\u00bb0&#8243; row_reverse_tablet=\u00bb0&#8243;][vc_column_inner][vc_btn title=\u00bbNOTICIAS\u00bb color=\u00bbgreen\u00bb size=\u00bblg\u00bb align=\u00bbcenter\u00bb css_animation=\u00bbfadeIn\u00bb css=\u00bb\u00bb link=\u00bbtitle:Candidatura%20Medalha%20de%20M%C3%A9rito%20Social|\u00bb][\/vc_column_inner][\/vc_row_inner][\/vc_column][\/vc_row][vc_row][vc_column width=\u00bb1\/4&#8243;][vc_single_image image=\u00bb24212&#8243; img_size=\u00bbmedium\u00bb onclick=\u00bbcustom_link\u00bb css=\u00bb\u00bb link=\u00bbhttps:\/\/www.noticiasdecoimbra.pt\/farmacia-amiga-do-idoso-atinge-100-candidaturas-em-menos-de-24-horas\/\u00bb parallax_scroll=\u00bbno\u00bb woodmart_inline=\u00bbno\u00bb][\/vc_column][vc_column width=\u00bb1\/4&#8243;][vc_single_image image=\u00bb24214&#8243; img_size=\u00bbmedium\u00bb onclick=\u00bbcustom_link\u00bb css=\u00bb\u00bb link=\u00bbhttps:\/\/www.diarioleiria.pt\/2026\/05\/28\/farmacia-amiga-do-idoso-atinge-100-candidaturas-em-24-horas\/\u00bb parallax_scroll=\u00bbno\u00bb woodmart_inline=\u00bbno\u00bb][\/vc_column][vc_column width=\u00bb1\/4&#8243;][\/vc_column][vc_column width=\u00bb1\/4&#8243;][\/vc_column][\/vc_row][vc_row][vc_column][vc_btn title=\u00bbPERGUNTAS FREQUENTES\u00bb color=\u00bbgreen\u00bb size=\u00bblg\u00bb align=\u00bbcenter\u00bb css_animation=\u00bbfadeIn\u00bb css=\u00bb\u00bb link=\u00bbtitle:Candidatura%20Medalha%20de%20M%C3%A9rito%20Social|\u00bb][vc_column_text css=\u00bb\u00bb woodmart_inline=\u00bbno\u00bb text_larger=\u00bbno\u00bb]<\/p>\n<h2 data-source-line=\"5-5\">A CANDIDATURA \u00c9 GRATUITA?<\/h2>\n<p data-source-line=\"7-7\">Sim. A candidatura \u00e9 totalmente gratuita.<\/p>\n<p data-source-line=\"9-9\">Caso a sua farm\u00e1cia seja uma das selecionadas, receber\u00e1, sem qualquer custo, em outubro de 2026, ap\u00f3s a Gala das Farm\u00e1cias Amigas do Idoso, um certificado que comprova a distin\u00e7\u00e3o como\u00a0<strong>Farm\u00e1cia Amiga do Idoso<\/strong>.<\/p>\n<h2 data-source-line=\"11-11\">E SE QUISER INTEGRAR A REDE DE FARM\u00c1CIAS AMIGAS DO IDOSO?<\/h2>\n<p data-source-line=\"13-13\">A ades\u00e3o \u00e0 Rede de Farm\u00e1cias Amigas do Idoso \u00e9 facultativa e independente da candidatura anterior.<\/p>\n<p data-source-line=\"15-15\">Para integrar a Rede, basta efetuar o pagamento de\u00a0<strong>500\u20ac + IVA \u00e0 taxa de 23%<\/strong>\u00a0e beneficiar dos seguintes servi\u00e7os, no per\u00edodo entre\u00a0<strong>outubro de 2026 e outubro de 2027<\/strong>:<\/p>\n<ul data-source-line=\"17-22\">\n<li data-source-line=\"17-17\"><strong>40 horas de forma\u00e7\u00e3o profissional<\/strong>\u00a0para todos os colaboradores da farm\u00e1cia, em temas a definir pelos distinguidos;<\/li>\n<li data-source-line=\"18-18\"><strong>Integra\u00e7\u00e3o na Rede de Farm\u00e1cias Amigas do Idoso<\/strong>;<\/li>\n<li data-source-line=\"19-19\"><strong>Participa\u00e7\u00e3o gratuita<\/strong>\u00a0no congresso de apresenta\u00e7\u00e3o de projetos das farm\u00e1cias integradas na Rede;<\/li>\n<li data-source-line=\"20-20\"><strong>Realiza\u00e7\u00e3o de estudos cient\u00edficos<\/strong>\u00a0sobre a import\u00e2ncia das farm\u00e1cias;<\/li>\n<li data-source-line=\"21-22\"><strong>Participa\u00e7\u00e3o na Gala<\/strong>, em outubro de 2026, com jantar para duas pessoas.<\/li>\n<\/ul>\n<p data-source-line=\"23-23\"><strong>Nota:<\/strong>\u00a0Ser\u00e1 realizada uma reuni\u00e3o na segunda quinzena de setembro para a defini\u00e7\u00e3o dos temas da forma\u00e7\u00e3o.<\/p>\n<p>[\/vc_column_text][\/vc_column][\/vc_row]<\/p>\n<\/div>","protected":false},"excerpt":{"rendered":"<p>[vc_row][vc_column woodmart_css_id=\u00bb6a7749c79ac03&#8243; parallax_scroll=\u00bbno\u00bb woodmart_sticky_column=\u00bbfalse\u00bb wd_collapsible_content_switcher=\u00bbno\u00bb wd_column_role_offcanvas_desktop=\u00bbno\u00bb wd_column_role_offcanvas_tablet=\u00bbno\u00bb wd_column_role_offcanvas_mobile=\u00bbno\u00bb wd_column_role_content_desktop=\u00bbno\u00bb wd_column_role_content_tablet=\u00bbno\u00bb wd_column_role_content_mobile=\u00bbno\u00bb mobile_bg_img_hidden=\u00bbno\u00bb tablet_bg_img_hidden=\u00bbno\u00bb woodmart_parallax=\u00bb0&#8243; woodmart_box_shadow=\u00bbno\u00bb responsive_spacing=\u00bbeyJwYXJhbV90eXBlIjoid29vZG1hcnRfcmVzcG9uc2l2ZV9zcGFjaW5nIiwic2VsZWN0b3JfaWQiOiI2YTc3NDljNzlhYzAzIiwic2hvcnRjb2RlIjoidmNfY29sdW1uIiwiZGF0YSI6eyJ0YWJsZXQiOnt9LCJtb2JpbGUiOnt9fX0=\u00bb mobile_reset_margin=\u00bbno\u00bb tablet_reset_margin=\u00bbno\u00bb wd_z_index=\u00bbno\u00bb][vc_gallery type=\u00bbimage_grid\u00bb<\/p>\n","protected":false},"author":1,"featured_media":0,"parent":0,"menu_order":0,"comment_status":"closed","ping_status":"closed","template":"","meta":{"footnotes":""},"class_list":["post-24483","page","type-page","status-publish","hentry"],"yoast_head":"<!-- This site is optimized with the Yoast SEO Premium plugin v28.2 (Yoast SEO v28.2) - https:\/\/yoast.com\/product\/yoast-seo-premium-wordpress\/ -->\n<title>Medalla al M\u00e9rito Social - Grado Oro - Anges<\/title>\n<meta name=\"robots\" content=\"index, follow, max-snippet:-1, max-image-preview:large, max-video-preview:-1\" \/>\n<link rel=\"canonical\" href=\"https:\/\/anges.pt\/es\/medalla-al-merito-social-grado-oro-3\/\" \/>\n<meta property=\"og:locale\" content=\"es_ES\" \/>\n<meta property=\"og:type\" content=\"article\" \/>\n<meta property=\"og:title\" content=\"Medalla al M\u00e9rito Social - Grado Oro\" \/>\n<meta property=\"og:description\" content=\"[vc_row][vc_column woodmart_css_id=\u00bb6a7749c79ac03&#8243; parallax_scroll=\u00bbno\u00bb woodmart_sticky_column=\u00bbfalse\u00bb wd_collapsible_content_switcher=\u00bbno\u00bb wd_column_role_offcanvas_desktop=\u00bbno\u00bb wd_column_role_offcanvas_tablet=\u00bbno\u00bb wd_column_role_offcanvas_mobile=\u00bbno\u00bb wd_column_role_content_desktop=\u00bbno\u00bb wd_column_role_content_tablet=\u00bbno\u00bb wd_column_role_content_mobile=\u00bbno\u00bb mobile_bg_img_hidden=\u00bbno\u00bb tablet_bg_img_hidden=\u00bbno\u00bb woodmart_parallax=\u00bb0&#8243; woodmart_box_shadow=\u00bbno\u00bb responsive_spacing=\u00bbeyJwYXJhbV90eXBlIjoid29vZG1hcnRfcmVzcG9uc2l2ZV9zcGFjaW5nIiwic2VsZWN0b3JfaWQiOiI2YTc3NDljNzlhYzAzIiwic2hvcnRjb2RlIjoidmNfY29sdW1uIiwiZGF0YSI6eyJ0YWJsZXQiOnt9LCJtb2JpbGUiOnt9fX0=\u00bb mobile_reset_margin=\u00bbno\u00bb tablet_reset_margin=\u00bbno\u00bb wd_z_index=\u00bbno\u00bb][vc_gallery type=\u00bbimage_grid\u00bb\" \/>\n<meta property=\"og:url\" content=\"https:\/\/anges.pt\/es\/medalla-al-merito-social-grado-oro-3\/\" \/>\n<meta property=\"og:site_name\" content=\"Anges\" \/>\n<meta property=\"article:publisher\" content=\"https:\/\/www.facebook.com\/anges.pt\" \/>\n<meta property=\"article:modified_time\" content=\"2026-08-24T07:15:15+00:00\" \/>\n<meta name=\"twitter:card\" content=\"summary_large_image\" \/>\n<meta name=\"twitter:label1\" content=\"Tiempo de lectura\" \/>\n\t<meta name=\"twitter:data1\" content=\"7 minutos\" \/>\n<script type=\"application\/ld+json\" class=\"yoast-schema-graph\">{\"@context\":\"https:\\\/\\\/schema.org\",\"@graph\":[{\"@type\":\"WebPage\",\"@id\":\"https:\\\/\\\/anges.pt\\\/es\\\/medalla-al-merito-social-grado-oro-3\\\/\",\"url\":\"https:\\\/\\\/anges.pt\\\/es\\\/medalla-al-merito-social-grado-oro-3\\\/\",\"name\":\"Medalla al M\u00e9rito Social - Grado Oro - Anges\",\"isPartOf\":{\"@id\":\"https:\\\/\\\/anges.pt\\\/es\\\/#website\"},\"datePublished\":\"2026-08-24T07:15:14+00:00\",\"dateModified\":\"2026-08-24T07:15:15+00:00\",\"breadcrumb\":{\"@id\":\"https:\\\/\\\/anges.pt\\\/es\\\/medalla-al-merito-social-grado-oro-3\\\/#breadcrumb\"},\"inLanguage\":\"es\",\"potentialAction\":[{\"@type\":\"ReadAction\",\"target\":[\"https:\\\/\\\/anges.pt\\\/es\\\/medalla-al-merito-social-grado-oro-3\\\/\"]}]},{\"@type\":\"BreadcrumbList\",\"@id\":\"https:\\\/\\\/anges.pt\\\/es\\\/medalla-al-merito-social-grado-oro-3\\\/#breadcrumb\",\"itemListElement\":[{\"@type\":\"ListItem\",\"position\":1,\"name\":\"In\u00edcio\",\"item\":\"https:\\\/\\\/anges.pt\\\/es\\\/inicio\\\/\"},{\"@type\":\"ListItem\",\"position\":2,\"name\":\"Medalla al M\u00e9rito Social - Grado Oro\"}]},{\"@type\":\"WebSite\",\"@id\":\"https:\\\/\\\/anges.pt\\\/es\\\/#website\",\"url\":\"https:\\\/\\\/anges.pt\\\/es\\\/\",\"name\":\"Anges\",\"description\":\"Associa\u00e7\u00e3o Nacional de Gerontologia Social\",\"publisher\":{\"@id\":\"https:\\\/\\\/anges.pt\\\/es\\\/#organization\"},\"alternateName\":\"Associa\u00e7\u00e3o Nacional de Gerontologia Social\",\"potentialAction\":[{\"@type\":\"SearchAction\",\"target\":{\"@type\":\"EntryPoint\",\"urlTemplate\":\"https:\\\/\\\/anges.pt\\\/es\\\/?s={search_term_string}\"},\"query-input\":{\"@type\":\"PropertyValueSpecification\",\"valueRequired\":true,\"valueName\":\"search_term_string\"}}],\"inLanguage\":\"es\"},{\"@type\":\"Organization\",\"@id\":\"https:\\\/\\\/anges.pt\\\/es\\\/#organization\",\"name\":\"Anges\",\"alternateName\":\"Asociaci\u00f3n Nacional de Gerontolog\u00eda Social\",\"url\":\"https:\\\/\\\/anges.pt\\\/es\\\/\",\"logo\":{\"@type\":\"ImageObject\",\"inLanguage\":\"es\",\"@id\":\"https:\\\/\\\/anges.pt\\\/es\\\/#\\\/schema\\\/logo\\\/image\\\/\",\"url\":\"https:\\\/\\\/anges.pt\\\/wp-content\\\/uploads\\\/2024\\\/08\\\/Dimensoes-personalizadas-3x2-cm-4.jpeg\",\"contentUrl\":\"https:\\\/\\\/anges.pt\\\/wp-content\\\/uploads\\\/2024\\\/08\\\/Dimensoes-personalizadas-3x2-cm-4.jpeg\",\"width\":170,\"height\":114,\"caption\":\"Anges\"},\"image\":{\"@id\":\"https:\\\/\\\/anges.pt\\\/es\\\/#\\\/schema\\\/logo\\\/image\\\/\"},\"sameAs\":[\"https:\\\/\\\/www.facebook.com\\\/anges.pt\",\"https:\\\/\\\/www.instagram.com\\\/associacaoanges\\\/\"]}]}<\/script>\n<!-- \/ Yoast SEO Premium plugin. -->","yoast_head_json":{"title":"Medalla al M\u00e9rito Social - Grado Oro - Anges","robots":{"index":"index","follow":"follow","max-snippet":"max-snippet:-1","max-image-preview":"max-image-preview:large","max-video-preview":"max-video-preview:-1"},"canonical":"https:\/\/anges.pt\/es\/medalla-al-merito-social-grado-oro-3\/","og_locale":"es_ES","og_type":"article","og_title":"Medalla al M\u00e9rito Social - Grado Oro","og_description":"[vc_row][vc_column woodmart_css_id=\u00bb6a7749c79ac03&#8243; parallax_scroll=\u00bbno\u00bb woodmart_sticky_column=\u00bbfalse\u00bb wd_collapsible_content_switcher=\u00bbno\u00bb wd_column_role_offcanvas_desktop=\u00bbno\u00bb wd_column_role_offcanvas_tablet=\u00bbno\u00bb wd_column_role_offcanvas_mobile=\u00bbno\u00bb wd_column_role_content_desktop=\u00bbno\u00bb wd_column_role_content_tablet=\u00bbno\u00bb wd_column_role_content_mobile=\u00bbno\u00bb mobile_bg_img_hidden=\u00bbno\u00bb tablet_bg_img_hidden=\u00bbno\u00bb woodmart_parallax=\u00bb0&#8243; woodmart_box_shadow=\u00bbno\u00bb responsive_spacing=\u00bbeyJwYXJhbV90eXBlIjoid29vZG1hcnRfcmVzcG9uc2l2ZV9zcGFjaW5nIiwic2VsZWN0b3JfaWQiOiI2YTc3NDljNzlhYzAzIiwic2hvcnRjb2RlIjoidmNfY29sdW1uIiwiZGF0YSI6eyJ0YWJsZXQiOnt9LCJtb2JpbGUiOnt9fX0=\u00bb mobile_reset_margin=\u00bbno\u00bb tablet_reset_margin=\u00bbno\u00bb wd_z_index=\u00bbno\u00bb][vc_gallery type=\u00bbimage_grid\u00bb","og_url":"https:\/\/anges.pt\/es\/medalla-al-merito-social-grado-oro-3\/","og_site_name":"Anges","article_publisher":"https:\/\/www.facebook.com\/anges.pt","article_modified_time":"2026-08-24T07:15:15+00:00","twitter_card":"summary_large_image","twitter_misc":{"Tiempo de lectura":"7 minutos"},"schema":{"@context":"https:\/\/schema.org","@graph":[{"@type":"WebPage","@id":"https:\/\/anges.pt\/es\/medalla-al-merito-social-grado-oro-3\/","url":"https:\/\/anges.pt\/es\/medalla-al-merito-social-grado-oro-3\/","name":"Medalla al M\u00e9rito Social - Grado Oro - Anges","isPartOf":{"@id":"https:\/\/anges.pt\/es\/#website"},"datePublished":"2026-08-24T07:15:14+00:00","dateModified":"2026-08-24T07:15:15+00:00","breadcrumb":{"@id":"https:\/\/anges.pt\/es\/medalla-al-merito-social-grado-oro-3\/#breadcrumb"},"inLanguage":"es","potentialAction":[{"@type":"ReadAction","target":["https:\/\/anges.pt\/es\/medalla-al-merito-social-grado-oro-3\/"]}]},{"@type":"BreadcrumbList","@id":"https:\/\/anges.pt\/es\/medalla-al-merito-social-grado-oro-3\/#breadcrumb","itemListElement":[{"@type":"ListItem","position":1,"name":"In\u00edcio","item":"https:\/\/anges.pt\/es\/inicio\/"},{"@type":"ListItem","position":2,"name":"Medalla al M\u00e9rito Social - Grado Oro"}]},{"@type":"WebSite","@id":"https:\/\/anges.pt\/es\/#website","url":"https:\/\/anges.pt\/es\/","name":"Anges","description":"Associa\u00e7\u00e3o Nacional de Gerontologia Social","publisher":{"@id":"https:\/\/anges.pt\/es\/#organization"},"alternateName":"Associa\u00e7\u00e3o Nacional de Gerontologia Social","potentialAction":[{"@type":"SearchAction","target":{"@type":"EntryPoint","urlTemplate":"https:\/\/anges.pt\/es\/?s={search_term_string}"},"query-input":{"@type":"PropertyValueSpecification","valueRequired":true,"valueName":"search_term_string"}}],"inLanguage":"es"},{"@type":"Organization","@id":"https:\/\/anges.pt\/es\/#organization","name":"Anges","alternateName":"Asociaci\u00f3n Nacional de Gerontolog\u00eda Social","url":"https:\/\/anges.pt\/es\/","logo":{"@type":"ImageObject","inLanguage":"es","@id":"https:\/\/anges.pt\/es\/#\/schema\/logo\/image\/","url":"https:\/\/anges.pt\/wp-content\/uploads\/2024\/08\/Dimensoes-personalizadas-3x2-cm-4.jpeg","contentUrl":"https:\/\/anges.pt\/wp-content\/uploads\/2024\/08\/Dimensoes-personalizadas-3x2-cm-4.jpeg","width":170,"height":114,"caption":"Anges"},"image":{"@id":"https:\/\/anges.pt\/es\/#\/schema\/logo\/image\/"},"sameAs":["https:\/\/www.facebook.com\/anges.pt","https:\/\/www.instagram.com\/associacaoanges\/"]}]}},"_links":{"self":[{"href":"https:\/\/anges.pt\/es\/wp-json\/wp\/v2\/pages\/24483","targetHints":{"allow":["GET"]}}],"collection":[{"href":"https:\/\/anges.pt\/es\/wp-json\/wp\/v2\/pages"}],"about":[{"href":"https:\/\/anges.pt\/es\/wp-json\/wp\/v2\/types\/page"}],"author":[{"embeddable":true,"href":"https:\/\/anges.pt\/es\/wp-json\/wp\/v2\/users\/1"}],"replies":[{"embeddable":true,"href":"https:\/\/anges.pt\/es\/wp-json\/wp\/v2\/comments?post=24483"}],"version-history":[{"count":2,"href":"https:\/\/anges.pt\/es\/wp-json\/wp\/v2\/pages\/24483\/revisions"}],"predecessor-version":[{"id":24487,"href":"https:\/\/anges.pt\/es\/wp-json\/wp\/v2\/pages\/24483\/revisions\/24487"}],"wp:attachment":[{"href":"https:\/\/anges.pt\/es\/wp-json\/wp\/v2\/media?parent=24483"}],"curies":[{"name":"wp","href":"https:\/\/api.w.org\/{rel}","templated":true}]}}