{"id":14107,"date":"2023-07-04T22:05:51","date_gmt":"2023-07-04T22:05:51","guid":{"rendered":"https:\/\/anges.pt\/envejecimiento-en-los-ejes-2\/"},"modified":"2025-02-22T09:41:33","modified_gmt":"2025-02-22T09:41:33","slug":"envejecimiento-en-los-ejes-2","status":"publish","type":"page","link":"https:\/\/anges.pt\/es\/envejecimiento-en-los-ejes-2\/","title":{"rendered":"Envejecimiento en los ejes 2"},"content":{"rendered":"<div class=\"wpb-content-wrapper\"><p>[vc_row][vc_column]\n\t\t<div id=\"wd-650779402ea81\" class=\"title-wrapper wd-wpb set-mb-s reset-last-child  wd-rs-650779402ea81 wd-title-color-primary wd-title-style-bordered wd-width-100 text-center vc_custom_1694988615299 wd-underline-colored\">\n\t\t\t\n\t\t\t<div class=\"liner-continer\">\n\t\t\t\t<h4 class=\"woodmart-title-container title  wd-font-weight- wd-fontsize-l\" ><strong>CONGRESO SOBRE ENVEJECIMIENTO EN EL EJE 2 <\/strong><\/p>\n<p>TIEMPO, TRABAJO Y FELICIDAD<\/p>\n<p>25 y 26 de octubre - Comunicaciones Libres | Online<\/p>\n<p>27 de octubre - Quartel das Artes en Oliveira do Bairro<\/h4>\n\t\t\t\t\t\t\t<\/div>\n\t\t\t\n\t\t\t\n\t\t\t\n\t\t<\/div>\n\t\t\n\t\t[\/vc_column][vc_column][vc_empty_space woodmart_hide_large=\u00bb0&#8243; woodmart_hide_medium=\u00bb0&#8243; woodmart_hide_small=\u00bb0&#8243; woodmart_hide_extra_small=\u00bb0&#8243;][\/vc_column][\/vc_row][vc_row][vc_column]\t\t\t<div class=\"wd-countdown-timer  color-scheme-light text-center timer-size-xlarge timer-style-active\">\n\t\t\t\t<div class=\"wd-timer woodmart-timer\" data-end-date=\"2023-10-27 09:30\" data-timezone=\"GMT\"><\/div>\n\t\t\t<\/div>\n\t\t[\/vc_column][\/vc_row][vc_row][vc_column][vc_empty_space woodmart_hide_large=\u00bb0&#8243; woodmart_hide_medium=\u00bb0&#8243; woodmart_hide_small=\u00bb0&#8243; woodmart_hide_extra_small=\u00bb0&#8243;][\/vc_column][\/vc_row][vc_row][vc_column][vc_gallery type=\u00bbimage_grid\u00bb images=\u00bb3430,1088,1107,3439,3725,3422,3423,3424,3714,1113,953,3428,3429,3840,1683,3809,3421,3811&#8243;][\/vc_column][\/vc_row][vc_row][vc_column][vc_empty_space woodmart_hide_large=\u00bb0&#8243; woodmart_hide_medium=\u00bb0&#8243; woodmart_hide_small=\u00bb0&#8243; woodmart_hide_extra_small=\u00bb0&#8243;][\/vc_column][\/vc_row][vc_row][vc_column][vc_cta h2=\u00bb25 y 26 de octubre de 2023 - COMUNICACIONES ONLINE GRATUITAS\u00bb txt_align=\u00bbcenter\u00bb][\/vc_cta][vc_column_text woodmart_inline=\u00bbno\u00bb text_larger=\u00bbno\u00bb]<strong>25 DE OCTUBRE - ONLINE  <\/strong><\/p>\n<table width=\"2096\">\n<tbody>\n<tr>\n<td colspan=\"2\" width=\"170\">Horario<\/td>\n<td width=\"1559\">Comunicaci\u00f3n<\/td>\n<td width=\"367\">Presentaci\u00f3n<\/td>\n<\/tr>\n<tr>\n<td>1<\/td>\n<td>9h30<\/td>\n<td>Expectativas del proceso de reinserci\u00f3n social de los presos mayores<\/td>\n<td>Paula Sousa<\/td>\n<\/tr>\n<tr>\n<td>2<\/td>\n<td>9h45<\/td>\n<td>La importancia de ocupar el tiempo para pensar en el envejecimiento: el papel de las actividades art\u00edsticas<\/td>\n<td>Daniela Monteiro<\/td>\n<\/tr>\n<tr>\n<td>3<\/td>\n<td>10h00<\/td>\n<td>Los beneficios de las actividades intergeneracionales para las personas mayores: una postal<\/td>\n<td>Silvia Pacheco<\/td>\n<\/tr>\n<tr>\n<td>4<\/td>\n<td>10h15<\/td>\n<td>Proyecto Em\u00edlia - Filial de Aveiro de la Cruz Roja Portuguesa<\/td>\n<td>Dina Gon\u00e7alves<\/td>\n<\/tr>\n<tr>\n<td>5<\/td>\n<td>10h30<\/td>\n<td>Metodolog\u00edas\/estrategias para la atenci\u00f3n familiar de personas con demencia: revisi\u00f3n bibliogr\u00e1fica integradora<\/td>\n<td>Daniela Almeida<\/td>\n<\/tr>\n<tr>\n<td>6<\/td>\n<td>10h45<\/td>\n<td>Envejecer (con) dignidad: un derecho \u00e9tico y moral<\/td>\n<td>Rosa Tracana<\/td>\n<\/tr>\n<tr>\n<td>7<\/td>\n<td>11h00<\/td>\n<td>Atenci\u00f3n de Proximidad - Un Proyecto de Salud en la Uni\u00f3n Parroquial de Soeira, Fresulfe, Dine y Mofreita<\/td>\n<td>Carla Afonso<\/td>\n<\/tr>\n<tr>\n<td>8<\/td>\n<td>11h15<\/td>\n<td>La soledad de las personas mayores: un estudio en un centro de d\u00eda y un servicio de apoyo domiciliario<\/td>\n<td>S\u00f3nia Ribeiro<\/td>\n<\/tr>\n<tr>\n<td>9<\/td>\n<td>11h30<\/td>\n<td>Planificaci\u00f3n de la transici\u00f3n a la jubilaci\u00f3n y salud: an\u00e1lisis bibliom\u00e9trico mediante vosviewer<\/td>\n<td>Liliana Faria<\/td>\n<\/tr>\n<tr>\n<td>10<\/td>\n<td>11h45<\/td>\n<td>La influencia del sentido de la vida en los adultos mayores: un enfoque multidimensional<\/td>\n<td>Susana Lamego<\/td>\n<\/tr>\n<tr>\n<td>11<\/td>\n<td>12h00<\/td>\n<td>La comunicaci\u00f3n en el interior en el contexto del cuidado de una persona con demencia<\/td>\n<td>Maria Ros\u00e1lia Guerra<\/td>\n<\/tr>\n<tr>\n<td>12<\/td>\n<td>12h15<\/td>\n<td>Proyecto de intervenci\u00f3n sanitaria a domicilio para mujeres mastectomizadas<\/td>\n<td>F\u00e1tima Cruz<\/td>\n<\/tr>\n<tr>\n<td>13<\/td>\n<td>12h30<\/td>\n<td>Disposiciones, conocimiento y experiencia de los ciudadanos sobre la red b\u00e1sica de protecci\u00f3n a las personas mayores en Portugal: el caso del complemento de solidaridad para las personas mayores<\/td>\n<td>Cristina Carvalho<\/td>\n<\/tr>\n<tr>\n<td>14<\/td>\n<td>12h45<\/td>\n<td>Reflejando la edad: representaciones medi\u00e1ticas de las personas mayores en la prensa<\/td>\n<td>Carla Cruz<\/td>\n<\/tr>\n<tr>\n<td colspan=\"4\"><\/td>\n<\/tr>\n<tr>\n<td>15<\/td>\n<td>14h00<\/td>\n<td>Envejecimiento e infecciones relacionadas con la asistencia sanitaria<\/td>\n<td>Cristina Santos<\/td>\n<\/tr>\n<tr>\n<td>16<\/td>\n<td>14h15<\/td>\n<td>Promoci\u00f3n de la salud para un envejecimiento saludable<\/td>\n<td>Cristina Santos<\/td>\n<\/tr>\n<tr>\n<td>17<\/td>\n<td>14h30<\/td>\n<td>Te doy la mano, te doy la espalda\u00bb. El papel del auxiliar de enfermer\u00eda en residencias sociales como carrera emocional Carla Ameneiros <\/td>\n<td>Carla Ameneiros<\/td>\n<\/tr>\n<tr>\n<td>18<\/td>\n<td>14h45<\/td>\n<td>Indicadores predictivos de la capacidad de autocuidado en ancianos - una revisi\u00f3n sistem\u00e1tica de la literatura<\/td>\n<td>Filipe Teixeira<\/td>\n<\/tr>\n<tr>\n<td>19<\/td>\n<td>15h00<\/td>\n<td>Inclusi\u00f3n digital de las personas mayores<\/td>\n<td>Gabriele Karine dos Santos<\/td>\n<\/tr>\n<tr>\n<td>20<\/td>\n<td>15h15<\/td>\n<td>\u00bfNo es un tema para mayores? Comprender la contribuci\u00f3n de la comunicaci\u00f3n online a la alfabetizaci\u00f3n electr\u00f3nica sobre salud cardiovascular entre las personas mayores <\/td>\n<td>C\u00e9lia Belim y Rapha\u00ebl Baptista,<\/td>\n<\/tr>\n<tr>\n<td>21<\/td>\n<td>15h30<\/td>\n<td width=\"1559\">Atenci\u00f3n centrada en la persona: una nueva mirada a las personas mayores con la ayuda de las nuevas tecnolog\u00edas<\/td>\n<td>Silma Ribeiro<\/td>\n<\/tr>\n<tr>\n<td>22<\/td>\n<td>15h45<\/td>\n<td>Personas mayores y salud mental: el impacto social<\/td>\n<td>Maria Beatriz Couto<\/td>\n<\/tr>\n<tr>\n<td>23<\/td>\n<td>16h00<\/td>\n<td>Ancianos complejos en ERPI: el cambio necesario en la asistencia sanitaria<\/td>\n<td>Andreia Andrade<\/td>\n<\/tr>\n<tr>\n<td>24<\/td>\n<td>16h15<\/td>\n<td>Obstrucci\u00f3n de la V\u00eda A\u00e9rea por Cuerpo Extra\u00f1o en el Anciano: Conocimiento y Actuaci\u00f3n de los Profesionales de una Unidad de Cuidados de Larga Duraci\u00f3n<\/td>\n<td>Fl\u00e1via Br\u00e1s<\/td>\n<\/tr>\n<tr>\n<td>25<\/td>\n<td>16h30<\/td>\n<td>El perfil de los cuidadores en la regi\u00f3n de T\u00e2mega e Sousa y sus dificultades en la prestaci\u00f3n de cuidados<\/td>\n<td>C\u00e1tia Vaz<\/td>\n<\/tr>\n<tr>\n<td>26<\/td>\n<td>16h45<\/td>\n<td>Encuesta Share: una perspectiva sobre la salud y la situaci\u00f3n financiera de las personas mayores en Portugal<\/td>\n<td>Sara Paralta<\/td>\n<\/tr>\n<\/tbody>\n<\/table>\n<p>&nbsp;<\/p>\n<p><strong>26 DE OCTUBRE<\/strong><\/p>\n<table width=\"2096\">\n<tbody>\n<tr>\n<td colspan=\"2\" width=\"170\">Horario<\/td>\n<td width=\"1559\">Comunicaci\u00f3n<\/td>\n<td width=\"367\">Presentaci\u00f3n<\/td>\n<\/tr>\n<tr>\n<td>1<\/td>\n<td>9h30<\/td>\n<td>Percepci\u00f3n de los impactos sobre los cuidadores informales<\/td>\n<td>Ant\u00f3nio Gon\u00e7alves Gr\u00e1cio<\/td>\n<\/tr>\n<tr>\n<td>2<\/td>\n<td>9h45<\/td>\n<td>El impacto de la institucionalizaci\u00f3n en la calidad de vida de las personas mayores: una mirada al papel de los ERPI en la promoci\u00f3n del envejecimiento activo<\/td>\n<td>Julieta Vaz<\/td>\n<\/tr>\n<tr>\n<td>3<\/td>\n<td>10h00<\/td>\n<td>Una d\u00e9cada y media de RSI para la poblaci\u00f3n mayor de 55 a\u00f1os en Portugal<\/td>\n<td>Rosina Fernandes<\/td>\n<\/tr>\n<tr>\n<td>4<\/td>\n<td>10h15<\/td>\n<td>Satisfacci\u00f3n y Eficiencia en los Centros Residenciales para Personas Mayores: Un An\u00e1lisis Comparativo de Instituciones P\u00fablicas y Privadas<\/td>\n<td>Kleiver S\u00e1nchez<\/td>\n<\/tr>\n<tr>\n<td>5<\/td>\n<td>10h30<\/td>\n<td>El cuidador que necesita ser cuidado<\/td>\n<td>Joana Correia<\/td>\n<\/tr>\n<tr>\n<td>6<\/td>\n<td>10h45<\/td>\n<td>Eficacia de la intervenci\u00f3n fisioter\u00e1pica en mujeres mayores con incontinencia urinaria<\/td>\n<td>Catarina Cardoso<\/td>\n<\/tr>\n<tr>\n<td>7<\/td>\n<td>11h00<\/td>\n<td>La compasi\u00f3n como pilar de la atenci\u00f3n geri\u00e1trica<\/td>\n<td>Vera Bizarro<\/td>\n<\/tr>\n<tr>\n<td>8<\/td>\n<td>11h15<\/td>\n<td>Depresi\u00f3n en ancianos: revisi\u00f3n bibliogr\u00e1fica sobre factores de riesgo<\/td>\n<td>Emanuela Maldonado<\/td>\n<\/tr>\n<tr>\n<td>9<\/td>\n<td>11h30<\/td>\n<td>Evaluaci\u00f3n de la eficacia de una intervenci\u00f3n psicol\u00f3gica basada en los factores protectores del envejecimiento saludable sobre el bienestar psicol\u00f3gico y el funcionamiento ejecutivo de las personas mayores<\/td>\n<td>Rute Rocha<\/td>\n<\/tr>\n<tr>\n<td>10<\/td>\n<td>11h45<\/td>\n<td>Posibles indicadores para medir la calidad en los cuidados de larga duraci\u00f3n: un estudio regional con consenso Delphi<\/td>\n<td>Susete Abrunhosa<\/td>\n<\/tr>\n<tr>\n<td>11<\/td>\n<td>12h00<\/td>\n<td>Una reflexi\u00f3n sobre los diplomas conjuntos o c\u00f3mo el derecho de las personas mayores a una vida digna es condicionante<\/td>\n<td>Anabela Ferreira Correia<\/td>\n<\/tr>\n<tr>\n<td>12<\/td>\n<td>12h15<\/td>\n<td>Efecto de la intervenci\u00f3n psicomotriz en ancianos institucionalizados - estudio de casos<\/td>\n<td width=\"367\">Mariana Loureiro, Andreia Faleiro, R\u00faben Soares, Adriana Amaral, Gustavo Desouzart<\/td>\n<\/tr>\n<tr>\n<td>13<\/td>\n<td>12h30<\/td>\n<td>Cuando menos es m\u00e1s: el papel de la deprescripci\u00f3n en el anciano<\/td>\n<td>Maria Jo\u00e3o Guimar\u00e3es<\/td>\n<\/tr>\n<tr>\n<td>14<\/td>\n<td>12h45<\/td>\n<td>Caracterizaci\u00f3n de la salud mental y la soledad de las personas mayores de 55 a\u00f1os en Sevilla: un estudio del distrito Macarena.<\/td>\n<td>Ignacio Salgado<\/td>\n<\/tr>\n<tr>\n<td colspan=\"4\"><\/td>\n<\/tr>\n<tr>\n<td>15<\/td>\n<td>14h15<\/td>\n<td>Socializaci\u00f3n en la vejez: una experiencia del grupo Li\u00e7\u00e3o de Vida<\/td>\n<td>Cl\u00e1udia Lima Monteiro<\/td>\n<\/tr>\n<tr>\n<td>16<\/td>\n<td>14h30<\/td>\n<td>Control del riesgo de osteoporosis en el anciano: una estrategia emergente<\/td>\n<td>Paula Rocha<\/td>\n<\/tr>\n<tr>\n<td>17<\/td>\n<td>14h45<\/td>\n<td>Alfabetizaci\u00f3n medi\u00e1tica y digital con mayores: una revisi\u00f3n sist\u00e9mica del estado de la cuesti\u00f3n<\/td>\n<td>Lu\u00eds Pato<\/td>\n<\/tr>\n<tr>\n<td>18<\/td>\n<td>15h00<\/td>\n<td>Ser viejo en la pandemia: cuerpo, duelo, memoria y necropol\u00edtica<\/td>\n<td>Joana Novaes<\/td>\n<\/tr>\n<tr>\n<td>19<\/td>\n<td>15h15<\/td>\n<td>Desempe\u00f1o ocupacional de personas mayores atendidas en un ambulatorio de Terapia Ocupacional<\/td>\n<td>Elis Azambuja Martins<\/td>\n<\/tr>\n<tr>\n<td>20<\/td>\n<td>15h30<\/td>\n<td>Bienestar, felicidad y satisfacci\u00f3n con la vida de los turistas senior: una revisi\u00f3n sistem\u00e1tica de la literatura<\/td>\n<td>Ester C\u00e2mara<\/td>\n<\/tr>\n<tr>\n<td>21<\/td>\n<td>15h45<\/td>\n<td>(Des)igualdades en salud y aislamiento social y soledad en las personas mayores: un estudio cualitativo<\/td>\n<td>In\u00eas Monteiro<\/td>\n<\/tr>\n<tr>\n<td>22<\/td>\n<td>16h00<\/td>\n<td>Soledad en ancianos residentes en un ERPI: multimorbilidad y problemas de relaci\u00f3n como predictores de soledad<\/td>\n<td>Sandra Gomes<\/td>\n<\/tr>\n<tr>\n<td>23<\/td>\n<td>16h15<\/td>\n<td>El arte como estrategia para la participaci\u00f3n y autonom\u00eda de las personas mayores<\/td>\n<td>Josiani Oliveira<\/td>\n<\/tr>\n<tr>\n<td>24<\/td>\n<td>16h30<\/td>\n<td width=\"1559\">Traducci\u00f3n y adaptaci\u00f3n transcultural de la Evaluaci\u00f3n Cognitiva de Terapia Ocupacional Din\u00e1mica de Loewenstein para uso geri\u00e1trico (DLOTCAG) al portugu\u00e9s<\/td>\n<td>Daniela Almeida<\/td>\n<\/tr>\n<tr>\n<td>25<\/td>\n<td>16h45<\/td>\n<td>Centro 60+ del Instituto Federal de Pernambuco Campus de Olinda<\/td>\n<td>Jos\u00e9 J\u00fanior<\/td>\n<\/tr>\n<\/tbody>\n<\/table>\n<p>[\/vc_column_text][\/vc_column][\/vc_row][vc_row][vc_column][vc_separator][vc_cta h2=\u00bb27 de octubre - Quartel das Artes en Oliveira do Bairro\u00bb h4=\u00bbMATR\u00cdCULA GRATUITA Y OBLIGATORIA\u00bb txt_align=\u00bbcenter\u00bb][\/vc_cta][vc_separator][vc_column_text woodmart_inline=\u00bbno\u00bb text_larger=\u00bbno\u00bb]<strong>27 DE OCTUBRE<\/strong><\/p>\n<p><strong>09h00 - APERTURA DE LA SECRETAR\u00cdA<\/strong><\/p>\n<p><strong>09.30 - SESI\u00d3N SOLEMNE DE APERTURA<\/strong><\/p>\n<p><a href=\"https:\/\/www.publico.pt\/2023\/05\/26\/local\/noticia\/oliveira-bairro-ha-orquestra-junta-mundo-gentes-2050533\">C\u00e9rtima Orquestra<\/a> - Proyecto \u00abOliveira Mundo de Gentes\u00bb, cofinanciado por el Fondo de Asilo, Migraci\u00f3n e Integraci\u00f3n (FAMI)<\/p>\n<p><strong><img decoding=\"async\" class=\"alignnone wp-image-3604 lazyload\" data-src=\"https:\/\/anges.pt\/wp-content\/uploads\/2023\/08\/8589151c-b3a7-4204-be96-9c8efdbd2699-1024x575.jpg\" alt=\"\" width=\"349\" height=\"196\" data-srcset=\"https:\/\/anges.pt\/wp-content\/uploads\/2023\/08\/8589151c-b3a7-4204-be96-9c8efdbd2699-1024x575.jpg 1024w, https:\/\/anges.pt\/wp-content\/uploads\/2023\/08\/8589151c-b3a7-4204-be96-9c8efdbd2699-150x84.jpg 150w, https:\/\/anges.pt\/wp-content\/uploads\/2023\/08\/8589151c-b3a7-4204-be96-9c8efdbd2699-1200x674.jpg 1200w, https:\/\/anges.pt\/wp-content\/uploads\/2023\/08\/8589151c-b3a7-4204-be96-9c8efdbd2699-300x168.jpg 300w, https:\/\/anges.pt\/wp-content\/uploads\/2023\/08\/8589151c-b3a7-4204-be96-9c8efdbd2699-768x431.jpg 768w, https:\/\/anges.pt\/wp-content\/uploads\/2023\/08\/8589151c-b3a7-4204-be96-9c8efdbd2699-1536x862.jpg 1536w, https:\/\/anges.pt\/wp-content\/uploads\/2023\/08\/8589151c-b3a7-4204-be96-9c8efdbd2699.jpg 1600w\" data-sizes=\"(max-width: 349px) 100vw, 349px\" src=\"data:image\/svg+xml;base64,PHN2ZyB3aWR0aD0iMSIgaGVpZ2h0PSIxIiB4bWxucz0iaHR0cDovL3d3dy53My5vcmcvMjAwMC9zdmciPjwvc3ZnPg==\" style=\"--smush-placeholder-width: 349px; --smush-placeholder-aspect-ratio: 349\/196;\" \/><\/strong><\/p>\n<p><strong>INTERVENCIONES<\/strong><\/p>\n<p>Ricardo Pocinho - Presidente de ANGES - Asociaci\u00f3n Nacional de Gerontolog\u00eda Social<\/p>\n<p>Cristov\u00e3o Margarido - Coordinador del CICS.NOVA.IPLeria, Profesor e Investigador del ESECS - Instituto Polit\u00e9cnico de Leiria<\/p>\n<p>Duarte Novo - Alcalde de Oliveira do Bairro<\/p>\n<p><b>10h00 - PENSAMIENTOS<\/b><strong>Y TEOR\u00cdAS SOBRE LAS PR\u00c1CTICAS DEL ENVEJECIMIENTO Y LA ATENCI\u00d3N A LAS PERSONAS MAYORES<\/strong><\/p>\n<p>Rodrigo Silva - Doce Viver - Ayuda a Domicilio - Isla Terceira | Azores<\/p>\n<p><strong>10h45 - Pausa caf\u00e9 con animaci\u00f3n musical  <\/strong><\/p>\n<p>Tuna de la Universidad Superior de Oliveira do Bairro<\/p>\n<p><strong><img decoding=\"async\" class=\"alignnone size-large wp-image-3543 lazyload\" data-src=\"https:\/\/anges.pt\/wp-content\/uploads\/2023\/07\/Tuna-UnIversidade-Senior-OLB-1-1024x351.jpeg\" alt=\"\" width=\"1024\" height=\"351\" data-srcset=\"https:\/\/anges.pt\/wp-content\/uploads\/2023\/07\/Tuna-UnIversidade-Senior-OLB-1-1024x351.jpeg 1024w, https:\/\/anges.pt\/wp-content\/uploads\/2023\/07\/Tuna-UnIversidade-Senior-OLB-1-150x51.jpeg 150w, https:\/\/anges.pt\/wp-content\/uploads\/2023\/07\/Tuna-UnIversidade-Senior-OLB-1-1200x412.jpeg 1200w, https:\/\/anges.pt\/wp-content\/uploads\/2023\/07\/Tuna-UnIversidade-Senior-OLB-1-300x103.jpeg 300w, https:\/\/anges.pt\/wp-content\/uploads\/2023\/07\/Tuna-UnIversidade-Senior-OLB-1-768x264.jpeg 768w, https:\/\/anges.pt\/wp-content\/uploads\/2023\/07\/Tuna-UnIversidade-Senior-OLB-1-1536x527.jpeg 1536w, https:\/\/anges.pt\/wp-content\/uploads\/2023\/07\/Tuna-UnIversidade-Senior-OLB-1.jpeg 1885w\" data-sizes=\"(max-width: 1024px) 100vw, 1024px\" src=\"data:image\/svg+xml;base64,PHN2ZyB3aWR0aD0iMSIgaGVpZ2h0PSIxIiB4bWxucz0iaHR0cDovL3d3dy53My5vcmcvMjAwMC9zdmciPjwvc3ZnPg==\" style=\"--smush-placeholder-width: 1024px; --smush-placeholder-aspect-ratio: 1024\/351;\" \/><\/strong><\/p>\n<p><strong>11.15 h - HABLAR SOBRE Y DESDE EL ENVEJECIMIENTO<\/strong><\/p>\n<p><strong>Moderadora: <\/strong>Alexandra Neves - Representante de la Regi\u00f3n Centro de Portugal Inova\u00e7\u00e3o Social<\/p>\n<p>Ros\u00e1rio Gama, Profesor Jubilado - Presidente de la Asociaci\u00f3n APRe! - Pensionistas y Jubilados <\/p>\n<p>Jo\u00e3o da Silva Amado - Profesor Jubilado UC - Coordinador de la Escuela de Juguetes Populares Tradicionales<\/p>\n<p>No\u00e9mia Costa - Actriz<\/p>\n<p>F\u00e1tima Lopes - Escritora, Presentadora de TV<\/p>\n<p><strong>12h45 - 13h00 - Actividad de musicoterapia<\/strong><\/p>\n<p>\u00c1lvaro Azevedo, M\u00fasico - Baterista de los <a href=\"https:\/\/www.trabalhadoresdocomercio.org\/\">Trabajadores del Comercio <\/a> <\/p>\n<p><strong><img decoding=\"async\" class=\"alignnone wp-image-3549 lazyload\" data-src=\"https:\/\/anges.pt\/wp-content\/uploads\/2023\/07\/357687287_6221910861219212_6495348058464589422_n.jpg\" alt=\"\" width=\"349\" height=\"196\" data-srcset=\"https:\/\/anges.pt\/wp-content\/uploads\/2023\/07\/357687287_6221910861219212_6495348058464589422_n.jpg 2048w, https:\/\/anges.pt\/wp-content\/uploads\/2023\/07\/357687287_6221910861219212_6495348058464589422_n-150x84.jpg 150w, https:\/\/anges.pt\/wp-content\/uploads\/2023\/07\/357687287_6221910861219212_6495348058464589422_n-1200x676.jpg 1200w, https:\/\/anges.pt\/wp-content\/uploads\/2023\/07\/357687287_6221910861219212_6495348058464589422_n-300x169.jpg 300w, https:\/\/anges.pt\/wp-content\/uploads\/2023\/07\/357687287_6221910861219212_6495348058464589422_n-1024x577.jpg 1024w, https:\/\/anges.pt\/wp-content\/uploads\/2023\/07\/357687287_6221910861219212_6495348058464589422_n-768x432.jpg 768w, https:\/\/anges.pt\/wp-content\/uploads\/2023\/07\/357687287_6221910861219212_6495348058464589422_n-1536x865.jpg 1536w\" data-sizes=\"(max-width: 349px) 100vw, 349px\" src=\"data:image\/svg+xml;base64,PHN2ZyB3aWR0aD0iMSIgaGVpZ2h0PSIxIiB4bWxucz0iaHR0cDovL3d3dy53My5vcmcvMjAwMC9zdmciPjwvc3ZnPg==\" style=\"--smush-placeholder-width: 349px; --smush-placeholder-aspect-ratio: 349\/196;\" \/><\/strong><\/p>\n<p><strong>13h00 - 14h30 - Pausa para comer<\/strong><\/p>\n<p><strong>14.30 - TIEMPO, TRABAJO Y FELICIDAD<\/strong><\/p>\n<p><strong>Moderador: <\/strong>Rui Duarte Santos - Profesor e Investigador en ESECS - Instituto Polit\u00e9cnico de Leiria y CICS.NOVA.IPLeiria<\/p>\n<p><strong>Tiempo de envejecer: desarrollo humano y bienestar social<\/strong><\/p>\n<p>Maria Miguel Barbosa - Psic\u00f3loga e Investigadora<\/p>\n<p><strong>Trabajar para los mayores y cuidar de los dem\u00e1s<\/strong><\/p>\n<p>Carmem Garcia - Enfermera, Escritora<\/p>\n<p><strong>La felicidad, de la teor\u00eda a las propuestas pr\u00e1cticas<\/strong><\/p>\n<p>Helena Marujo - Profesora e Investigadora del ISCSP - Universidad de Lisboa<\/p>\n<p><strong>16h00 - Actividad f\u00edsica y personas mayores - un envejecimiento activo m\u00e1s saludable<\/strong><\/p>\n<p>Rui Neves - Profesor Adjunto - Departamento de Educaci\u00f3n y Psicolog\u00eda - Universidad de Aveiro<\/p>\n<p><strong>16.30 - CEREMONIA DE CLAUSURA<\/strong><\/p>\n<p>Silvia Silva - Tesorera de ANGES - Asociaci\u00f3n Nacional de Gerontolog\u00eda Social, Profesora de ESECS - Instituto Polit\u00e9cnico de Leiria<\/p>\n<p>Pedro Almeida - Director Ejecutivo - ACES Baixo Vouga<\/p>\n<p>Lilia Ana \u00c1guas - Concejal del Ayuntamiento de Oliveira do Bairro<\/p>\n<p><strong>17hoo - MOMENTO MAGISTRAL<\/strong><\/p>\n<p>Angelo Valente - Fundador de la asociaci\u00f3n Extragen\u00e1ria<\/p>\n<p><img decoding=\"async\" class=\"alignnone wp-image-3795 lazyload\" data-src=\"https:\/\/anges.pt\/wp-content\/uploads\/2023\/09\/79ae352b-dae7-4c3a-8748-a2372944c384-1024x683.jpg\" alt=\"\" width=\"348\" height=\"232\" data-srcset=\"https:\/\/anges.pt\/wp-content\/uploads\/2023\/09\/79ae352b-dae7-4c3a-8748-a2372944c384-1024x683.jpg 1024w, https:\/\/anges.pt\/wp-content\/uploads\/2023\/09\/79ae352b-dae7-4c3a-8748-a2372944c384-150x100.jpg 150w, https:\/\/anges.pt\/wp-content\/uploads\/2023\/09\/79ae352b-dae7-4c3a-8748-a2372944c384-1200x800.jpg 1200w, https:\/\/anges.pt\/wp-content\/uploads\/2023\/09\/79ae352b-dae7-4c3a-8748-a2372944c384-300x200.jpg 300w, https:\/\/anges.pt\/wp-content\/uploads\/2023\/09\/79ae352b-dae7-4c3a-8748-a2372944c384-768x512.jpg 768w, https:\/\/anges.pt\/wp-content\/uploads\/2023\/09\/79ae352b-dae7-4c3a-8748-a2372944c384-1536x1025.jpg 1536w, https:\/\/anges.pt\/wp-content\/uploads\/2023\/09\/79ae352b-dae7-4c3a-8748-a2372944c384.jpg 2048w\" data-sizes=\"(max-width: 348px) 100vw, 348px\" src=\"data:image\/svg+xml;base64,PHN2ZyB3aWR0aD0iMSIgaGVpZ2h0PSIxIiB4bWxucz0iaHR0cDovL3d3dy53My5vcmcvMjAwMC9zdmciPjwvc3ZnPg==\" style=\"--smush-placeholder-width: 348px; --smush-placeholder-aspect-ratio: 348\/232;\" \/>[\/vc_column_text][vc_separator][\/vc_column][\/vc_row][vc_row][vc_column][vc_btn title=\u00bbINSCRIPCI\u00d3N\u00bb color=\u00bbviolet\u00bb align=\u00bbcenter\u00bb link=\u00bburl:https%3A%2F%2Fforms.gle%2FfLyJdnHKZJC4rqDQ9|\u00bb][\/vc_column][\/vc_row][vc_row][vc_column][vc_empty_space woodmart_hide_large=\u00bb0&#8243; woodmart_hide_medium=\u00bb0&#8243; woodmart_hide_small=\u00bb0&#8243; woodmart_hide_extra_small=\u00bb0&#8243;][\/vc_column][\/vc_row][vc_row][vc_column][vc_separator][vc_cta h2=\u00bbCOMIT\u00c9 ORGANIZADOR\u00bb txt_align=\u00bbcenter\u00bb]<strong>COORDINACI\u00d3N <\/strong><\/p>\n<p>L\u00edlia Ana \u00c1guas - Ayuntamiento de Oliveira do Bairro<\/p>\n<p>In\u00eas Carvalho Vieira Diniz - Ayuntamiento de Oliveira do Bairro<\/p>\n<p>Sara Gordo - ANGES - Asociaci\u00f3n Nacional de Gerontolog\u00eda Social<\/p>\n<p>S\u00edlvia Silva - ANGES - Asociaci\u00f3n Nacional de Gerontolog\u00eda Social<\/p>\n<p>Miriam Zulay Pereira Ferreira - Unidad de Atenci\u00f3n Comunitaria \u00abCubo M\u00e1gico de la Salud\u00bb[\/vc_cta][\/vc_column][\/vc_row][vc_row][vc_column][vc_empty_space woodmart_hide_large=\u00bb0&#8243; woodmart_hide_medium=\u00bb0&#8243; woodmart_hide_small=\u00bb0&#8243; woodmart_hide_extra_small=\u00bb0&#8243;][\/vc_column][\/vc_row][vc_row][vc_column][vc_cta h2=\u00bbCOMIT\u00c9 CIENT\u00cdFICO\u00bb txt_align=\u00bbcenter\u00bb]<a href=\"https:\/\/www.cics.nova.fcsh.unl.pt\/polos\/cics-nova-ipleiria\">CICS.NOVA.IPLeiria<\/a><\/p>\n<p>[\/vc_cta][\/vc_column][\/vc_row]<\/p>\n<\/div>","protected":false},"excerpt":{"rendered":"<p>[vc_row][vc_column][\/vc_column][vc_column][vc_empty_space woodmart_hide_large=\u00bb0&#8243; woodmart_hide_medium=\u00bb0&#8243; woodmart_hide_small=\u00bb0&#8243; woodmart_hide_extra_small=\u00bb0&#8243;][\/vc_column][\/vc_row][vc_row][vc_column][\/vc_column][\/vc_row][vc_row][vc_column][vc_empty_space woodmart_hide_large=\u00bb0&#8243; woodmart_hide_medium=\u00bb0&#8243; woodmart_hide_small=\u00bb0&#8243; woodmart_hide_extra_small=\u00bb0&#8243;][\/vc_column][\/vc_row][vc_row][vc_column][vc_gallery type=\u00bbimage_grid\u00bb images=\u00bb3430,1088,1107,3439,3725,3422,3423,3424,3714,1113,953,3428,3429,3840,1683,3809,3421,3811&#8243;][\/vc_column][\/vc_row][vc_row][vc_column][vc_empty_space woodmart_hide_large=\u00bb0&#8243; woodmart_hide_medium=\u00bb0&#8243; woodmart_hide_small=\u00bb0&#8243; woodmart_hide_extra_small=\u00bb0&#8243;][\/vc_column][\/vc_row][vc_row][vc_column][vc_cta h2=\u00bb25 y 26 de octubre<\/p>\n","protected":false},"author":1,"featured_media":0,"parent":0,"menu_order":0,"comment_status":"closed","ping_status":"closed","template":"","meta":{"footnotes":""},"class_list":["post-14107","page","type-page","status-publish","hentry"],"yoast_head":"<!-- This site is optimized with the Yoast SEO Premium plugin v27.5 (Yoast SEO v27.5) - https:\/\/yoast.com\/product\/yoast-seo-premium-wordpress\/ -->\n<title>Envejecimiento en los ejes 2 - Anges<\/title>\n<meta name=\"robots\" content=\"index, follow, max-snippet:-1, max-image-preview:large, max-video-preview:-1\" \/>\n<link rel=\"canonical\" href=\"https:\/\/anges.pt\/es\/envejecimiento-en-los-ejes-2\/\" \/>\n<meta property=\"og:locale\" content=\"es_ES\" \/>\n<meta property=\"og:type\" content=\"article\" \/>\n<meta property=\"og:title\" content=\"Envejecimiento en los ejes 2\" \/>\n<meta property=\"og:description\" content=\"[vc_row][vc_column][\/vc_column][vc_column][vc_empty_space woodmart_hide_large=\u00bb0&#8243; woodmart_hide_medium=\u00bb0&#8243; woodmart_hide_small=\u00bb0&#8243; woodmart_hide_extra_small=\u00bb0&#8243;][\/vc_column][\/vc_row][vc_row][vc_column][\/vc_column][\/vc_row][vc_row][vc_column][vc_empty_space woodmart_hide_large=\u00bb0&#8243; woodmart_hide_medium=\u00bb0&#8243; woodmart_hide_small=\u00bb0&#8243; woodmart_hide_extra_small=\u00bb0&#8243;][\/vc_column][\/vc_row][vc_row][vc_column][vc_gallery type=\u00bbimage_grid\u00bb images=\u00bb3430,1088,1107,3439,3725,3422,3423,3424,3714,1113,953,3428,3429,3840,1683,3809,3421,3811&#8243;][\/vc_column][\/vc_row][vc_row][vc_column][vc_empty_space woodmart_hide_large=\u00bb0&#8243; woodmart_hide_medium=\u00bb0&#8243; woodmart_hide_small=\u00bb0&#8243; woodmart_hide_extra_small=\u00bb0&#8243;][\/vc_column][\/vc_row][vc_row][vc_column][vc_cta h2=\u00bb25 y 26 de octubre\" \/>\n<meta property=\"og:url\" content=\"https:\/\/anges.pt\/es\/envejecimiento-en-los-ejes-2\/\" \/>\n<meta property=\"og:site_name\" content=\"Anges\" \/>\n<meta property=\"article:publisher\" content=\"https:\/\/www.facebook.com\/anges.pt\" \/>\n<meta property=\"article:modified_time\" content=\"2025-02-22T09:41:33+00:00\" \/>\n<meta property=\"og:image\" content=\"https:\/\/anges.pt\/wp-content\/uploads\/2023\/08\/8589151c-b3a7-4204-be96-9c8efdbd2699-1024x575.jpg\" \/>\n<meta name=\"twitter:card\" content=\"summary_large_image\" \/>\n<meta name=\"twitter:label1\" content=\"Tiempo de lectura\" \/>\n\t<meta name=\"twitter:data1\" content=\"9 minutos\" \/>\n<script type=\"application\/ld+json\" class=\"yoast-schema-graph\">{\"@context\":\"https:\\\/\\\/schema.org\",\"@graph\":[{\"@type\":\"WebPage\",\"@id\":\"https:\\\/\\\/anges.pt\\\/es\\\/envejecimiento-en-los-ejes-2\\\/\",\"url\":\"https:\\\/\\\/anges.pt\\\/es\\\/envejecimiento-en-los-ejes-2\\\/\",\"name\":\"Envejecimiento en los ejes 2 - Anges\",\"isPartOf\":{\"@id\":\"https:\\\/\\\/anges.pt\\\/es\\\/#website\"},\"primaryImageOfPage\":{\"@id\":\"https:\\\/\\\/anges.pt\\\/es\\\/envejecimiento-en-los-ejes-2\\\/#primaryimage\"},\"image\":{\"@id\":\"https:\\\/\\\/anges.pt\\\/es\\\/envejecimiento-en-los-ejes-2\\\/#primaryimage\"},\"thumbnailUrl\":\"https:\\\/\\\/anges.pt\\\/wp-content\\\/uploads\\\/2023\\\/08\\\/8589151c-b3a7-4204-be96-9c8efdbd2699-1024x575.jpg\",\"datePublished\":\"2023-07-04T22:05:51+00:00\",\"dateModified\":\"2025-02-22T09:41:33+00:00\",\"breadcrumb\":{\"@id\":\"https:\\\/\\\/anges.pt\\\/es\\\/envejecimiento-en-los-ejes-2\\\/#breadcrumb\"},\"inLanguage\":\"es\",\"potentialAction\":[{\"@type\":\"ReadAction\",\"target\":[\"https:\\\/\\\/anges.pt\\\/es\\\/envejecimiento-en-los-ejes-2\\\/\"]}]},{\"@type\":\"ImageObject\",\"inLanguage\":\"es\",\"@id\":\"https:\\\/\\\/anges.pt\\\/es\\\/envejecimiento-en-los-ejes-2\\\/#primaryimage\",\"url\":\"https:\\\/\\\/anges.pt\\\/wp-content\\\/uploads\\\/2023\\\/08\\\/8589151c-b3a7-4204-be96-9c8efdbd2699-1024x575.jpg\",\"contentUrl\":\"https:\\\/\\\/anges.pt\\\/wp-content\\\/uploads\\\/2023\\\/08\\\/8589151c-b3a7-4204-be96-9c8efdbd2699-1024x575.jpg\"},{\"@type\":\"BreadcrumbList\",\"@id\":\"https:\\\/\\\/anges.pt\\\/es\\\/envejecimiento-en-los-ejes-2\\\/#breadcrumb\",\"itemListElement\":[{\"@type\":\"ListItem\",\"position\":1,\"name\":\"In\u00edcio\",\"item\":\"https:\\\/\\\/anges.pt\\\/es\\\/inicio\\\/\"},{\"@type\":\"ListItem\",\"position\":2,\"name\":\"Envejecimiento en los ejes 2\"}]},{\"@type\":\"WebSite\",\"@id\":\"https:\\\/\\\/anges.pt\\\/es\\\/#website\",\"url\":\"https:\\\/\\\/anges.pt\\\/es\\\/\",\"name\":\"Anges\",\"description\":\"Associa\u00e7\u00e3o Nacional de Gerontologia Social\",\"publisher\":{\"@id\":\"https:\\\/\\\/anges.pt\\\/es\\\/#organization\"},\"alternateName\":\"Associa\u00e7\u00e3o Nacional de Gerontologia Social\",\"potentialAction\":[{\"@type\":\"SearchAction\",\"target\":{\"@type\":\"EntryPoint\",\"urlTemplate\":\"https:\\\/\\\/anges.pt\\\/es\\\/?s={search_term_string}\"},\"query-input\":{\"@type\":\"PropertyValueSpecification\",\"valueRequired\":true,\"valueName\":\"search_term_string\"}}],\"inLanguage\":\"es\"},{\"@type\":\"Organization\",\"@id\":\"https:\\\/\\\/anges.pt\\\/es\\\/#organization\",\"name\":\"Anges\",\"alternateName\":\"Asociaci\u00f3n Nacional de Gerontolog\u00eda Social\",\"url\":\"https:\\\/\\\/anges.pt\\\/es\\\/\",\"logo\":{\"@type\":\"ImageObject\",\"inLanguage\":\"es\",\"@id\":\"https:\\\/\\\/anges.pt\\\/es\\\/#\\\/schema\\\/logo\\\/image\\\/\",\"url\":\"https:\\\/\\\/anges.pt\\\/wp-content\\\/uploads\\\/2024\\\/08\\\/Dimensoes-personalizadas-3x2-cm-4.jpeg\",\"contentUrl\":\"https:\\\/\\\/anges.pt\\\/wp-content\\\/uploads\\\/2024\\\/08\\\/Dimensoes-personalizadas-3x2-cm-4.jpeg\",\"width\":170,\"height\":114,\"caption\":\"Anges\"},\"image\":{\"@id\":\"https:\\\/\\\/anges.pt\\\/es\\\/#\\\/schema\\\/logo\\\/image\\\/\"},\"sameAs\":[\"https:\\\/\\\/www.facebook.com\\\/anges.pt\",\"https:\\\/\\\/www.instagram.com\\\/associacaoanges\\\/\"]}]}<\/script>\n<!-- \/ Yoast SEO Premium plugin. -->","yoast_head_json":{"title":"Envejecimiento en los ejes 2 - Anges","robots":{"index":"index","follow":"follow","max-snippet":"max-snippet:-1","max-image-preview":"max-image-preview:large","max-video-preview":"max-video-preview:-1"},"canonical":"https:\/\/anges.pt\/es\/envejecimiento-en-los-ejes-2\/","og_locale":"es_ES","og_type":"article","og_title":"Envejecimiento en los ejes 2","og_description":"[vc_row][vc_column][\/vc_column][vc_column][vc_empty_space woodmart_hide_large=\u00bb0&#8243; woodmart_hide_medium=\u00bb0&#8243; woodmart_hide_small=\u00bb0&#8243; woodmart_hide_extra_small=\u00bb0&#8243;][\/vc_column][\/vc_row][vc_row][vc_column][\/vc_column][\/vc_row][vc_row][vc_column][vc_empty_space woodmart_hide_large=\u00bb0&#8243; woodmart_hide_medium=\u00bb0&#8243; woodmart_hide_small=\u00bb0&#8243; woodmart_hide_extra_small=\u00bb0&#8243;][\/vc_column][\/vc_row][vc_row][vc_column][vc_gallery type=\u00bbimage_grid\u00bb images=\u00bb3430,1088,1107,3439,3725,3422,3423,3424,3714,1113,953,3428,3429,3840,1683,3809,3421,3811&#8243;][\/vc_column][\/vc_row][vc_row][vc_column][vc_empty_space woodmart_hide_large=\u00bb0&#8243; woodmart_hide_medium=\u00bb0&#8243; woodmart_hide_small=\u00bb0&#8243; woodmart_hide_extra_small=\u00bb0&#8243;][\/vc_column][\/vc_row][vc_row][vc_column][vc_cta h2=\u00bb25 y 26 de octubre","og_url":"https:\/\/anges.pt\/es\/envejecimiento-en-los-ejes-2\/","og_site_name":"Anges","article_publisher":"https:\/\/www.facebook.com\/anges.pt","article_modified_time":"2025-02-22T09:41:33+00:00","og_image":[{"url":"https:\/\/anges.pt\/wp-content\/uploads\/2023\/08\/8589151c-b3a7-4204-be96-9c8efdbd2699-1024x575.jpg","type":"","width":"","height":""}],"twitter_card":"summary_large_image","twitter_misc":{"Tiempo de lectura":"9 minutos"},"schema":{"@context":"https:\/\/schema.org","@graph":[{"@type":"WebPage","@id":"https:\/\/anges.pt\/es\/envejecimiento-en-los-ejes-2\/","url":"https:\/\/anges.pt\/es\/envejecimiento-en-los-ejes-2\/","name":"Envejecimiento en los ejes 2 - Anges","isPartOf":{"@id":"https:\/\/anges.pt\/es\/#website"},"primaryImageOfPage":{"@id":"https:\/\/anges.pt\/es\/envejecimiento-en-los-ejes-2\/#primaryimage"},"image":{"@id":"https:\/\/anges.pt\/es\/envejecimiento-en-los-ejes-2\/#primaryimage"},"thumbnailUrl":"https:\/\/anges.pt\/wp-content\/uploads\/2023\/08\/8589151c-b3a7-4204-be96-9c8efdbd2699-1024x575.jpg","datePublished":"2023-07-04T22:05:51+00:00","dateModified":"2025-02-22T09:41:33+00:00","breadcrumb":{"@id":"https:\/\/anges.pt\/es\/envejecimiento-en-los-ejes-2\/#breadcrumb"},"inLanguage":"es","potentialAction":[{"@type":"ReadAction","target":["https:\/\/anges.pt\/es\/envejecimiento-en-los-ejes-2\/"]}]},{"@type":"ImageObject","inLanguage":"es","@id":"https:\/\/anges.pt\/es\/envejecimiento-en-los-ejes-2\/#primaryimage","url":"https:\/\/anges.pt\/wp-content\/uploads\/2023\/08\/8589151c-b3a7-4204-be96-9c8efdbd2699-1024x575.jpg","contentUrl":"https:\/\/anges.pt\/wp-content\/uploads\/2023\/08\/8589151c-b3a7-4204-be96-9c8efdbd2699-1024x575.jpg"},{"@type":"BreadcrumbList","@id":"https:\/\/anges.pt\/es\/envejecimiento-en-los-ejes-2\/#breadcrumb","itemListElement":[{"@type":"ListItem","position":1,"name":"In\u00edcio","item":"https:\/\/anges.pt\/es\/inicio\/"},{"@type":"ListItem","position":2,"name":"Envejecimiento en los ejes 2"}]},{"@type":"WebSite","@id":"https:\/\/anges.pt\/es\/#website","url":"https:\/\/anges.pt\/es\/","name":"Anges","description":"Associa\u00e7\u00e3o Nacional de Gerontologia Social","publisher":{"@id":"https:\/\/anges.pt\/es\/#organization"},"alternateName":"Associa\u00e7\u00e3o Nacional de Gerontologia Social","potentialAction":[{"@type":"SearchAction","target":{"@type":"EntryPoint","urlTemplate":"https:\/\/anges.pt\/es\/?s={search_term_string}"},"query-input":{"@type":"PropertyValueSpecification","valueRequired":true,"valueName":"search_term_string"}}],"inLanguage":"es"},{"@type":"Organization","@id":"https:\/\/anges.pt\/es\/#organization","name":"Anges","alternateName":"Asociaci\u00f3n Nacional de Gerontolog\u00eda Social","url":"https:\/\/anges.pt\/es\/","logo":{"@type":"ImageObject","inLanguage":"es","@id":"https:\/\/anges.pt\/es\/#\/schema\/logo\/image\/","url":"https:\/\/anges.pt\/wp-content\/uploads\/2024\/08\/Dimensoes-personalizadas-3x2-cm-4.jpeg","contentUrl":"https:\/\/anges.pt\/wp-content\/uploads\/2024\/08\/Dimensoes-personalizadas-3x2-cm-4.jpeg","width":170,"height":114,"caption":"Anges"},"image":{"@id":"https:\/\/anges.pt\/es\/#\/schema\/logo\/image\/"},"sameAs":["https:\/\/www.facebook.com\/anges.pt","https:\/\/www.instagram.com\/associacaoanges\/"]}]}},"_links":{"self":[{"href":"https:\/\/anges.pt\/es\/wp-json\/wp\/v2\/pages\/14107","targetHints":{"allow":["GET"]}}],"collection":[{"href":"https:\/\/anges.pt\/es\/wp-json\/wp\/v2\/pages"}],"about":[{"href":"https:\/\/anges.pt\/es\/wp-json\/wp\/v2\/types\/page"}],"author":[{"embeddable":true,"href":"https:\/\/anges.pt\/es\/wp-json\/wp\/v2\/users\/1"}],"replies":[{"embeddable":true,"href":"https:\/\/anges.pt\/es\/wp-json\/wp\/v2\/comments?post=14107"}],"version-history":[{"count":1,"href":"https:\/\/anges.pt\/es\/wp-json\/wp\/v2\/pages\/14107\/revisions"}],"predecessor-version":[{"id":14113,"href":"https:\/\/anges.pt\/es\/wp-json\/wp\/v2\/pages\/14107\/revisions\/14113"}],"wp:attachment":[{"href":"https:\/\/anges.pt\/es\/wp-json\/wp\/v2\/media?parent=14107"}],"curies":[{"name":"wp","href":"https:\/\/api.w.org\/{rel}","templated":true}]}}