{"id":13365,"date":"2025-02-07T15:37:52","date_gmt":"2025-02-07T15:37:52","guid":{"rendered":"https:\/\/anges.pt\/modelo_congreso\/"},"modified":"2025-02-22T01:38:33","modified_gmt":"2025-02-22T01:38:33","slug":"modelo_congreso","status":"publish","type":"page","link":"https:\/\/anges.pt\/es\/modelo_congreso\/","title":{"rendered":"Modelo_congreso"},"content":{"rendered":"<div class=\"wpb-content-wrapper\"><p>[vc_row css=\u00bb.vc_custom_1738950710055{margin-bottom: 40px !important;}\u00bb woodmart_css_id=\u00bb67a6483391409&#8243; responsive_spacing=\u00bbeyJwYXJhbV90eXBlIjoid29vZG1hcnRfcmVzcG9uc2l2ZV9zcGFjaW5nIiwic2VsZWN0b3JfaWQiOiI2N2E2NDgzMzkxNDA5Iiwic2hvcnRjb2RlIjoidmNfcm93IiwiZGF0YSI6eyJ0YWJsZXQiOnt9LCJtb2JpbGUiOnt9fX0=\u00bb mobile_bg_img_hidden=\u00bbno\u00bb tablet_bg_img_hidden=\u00bbno\u00bb woodmart_parallax=\u00bb0&#8243; woodmart_gradient_switch=\u00bbno\u00bb woodmart_box_shadow=\u00bbno\u00bb wd_z_index=\u00bbno\u00bb woodmart_disable_overflow=\u00bb0&#8243; row_reverse_mobile=\u00bb0&#8243; row_reverse_tablet=\u00bb0&#8243;][vc_column]\n\t\t<div id=\"wd-67a7212542889\" class=\"title-wrapper wd-wpb set-mb-s reset-last-child  wd-rs-67a7212542889 wd-title-color-primary wd-title-style-overlined wd-width-100 text-center vc_custom_1739006258194 wd-underline-colored\">\n\t\t\t\t\t\t\t<div class=\"title-subtitle  subtitle-color-primary font-default subtitle-style-background wd-font-weight- wd-fontsize-xs\">30 Y 31 OCTUBRE 2024 | ONLINE<\/div>\n\t\t\t\n\t\t\t<div class=\"liner-continer\">\n\t\t\t\t<h4 class=\"woodmart-title-container title  wd-font-weight-700 wd-fontsize-l\" >CIAFE2024 - CONGRESO INTERNACIONAL SOBRE ACTIVIDAD F\u00cdSICA Y ENVEJECIMIENTO<\/h4>\n\t\t\t\t\t\t\t<\/div>\n\t\t\t\n\t\t\t\n\t\t\t\n\t\t<\/div>\n\t\t\n\t\t[\/vc_column][\/vc_row][vc_row css=\u00bb.vc_custom_1496940694752{margin-bottom: 20px !important;}\u00bb][vc_column css=\u00bb.vc_custom_1484657273903{padding-top: 0px !important;}\u00bb]\n\t\t<div id=\"wd-67a7221cd4b23\" class=\"title-wrapper wd-wpb set-mb-s reset-last-child  wd-rs-67a7221cd4b23 wd-title-color-default wd-title-style-bordered wd-width-100 text-left vc_custom_1739006497458 wd-underline-colored\">\n\t\t\t\n\t\t\t<div class=\"liner-continer\">\n\t\t\t\t<h4 class=\"woodmart-title-container title  wd-font-weight- wd-fontsize-l\" >ORGANIZACI\u00d3N<\/h4>\n\t\t\t\t\t\t\t<\/div>\n\t\t\t\n\t\t\t\n\t\t\t\n\t\t<\/div>\n\t\t\n\t\t[\/vc_column][\/vc_row][vc_row woodmart_css_id=\u00bb679a434a955ea\u00bb responsive_spacing=\u00bbeyJwYXJhbV90eXBlIjoid29vZG1hcnRfcmVzcG9uc2l2ZV9zcGFjaW5nIiwic2VsZWN0b3JfaWQiOiI2NzlhNDM0YTk1NWVhIiwic2hvcnRjb2RlIjoidmNfcm93IiwiZGF0YSI6eyJ0YWJsZXQiOnt9LCJtb2JpbGUiOnt9fX0=\u00bb mobile_bg_img_hidden=\u00bbno\u00bb tablet_bg_img_hidden=\u00bbno\u00bb woodmart_parallax=\u00bb0&#8243; woodmart_gradient_switch=\u00bbno\u00bb woodmart_box_shadow=\u00bbno\u00bb wd_z_index=\u00bbno\u00bb woodmart_disable_overflow=\u00bb0&#8243; row_reverse_mobile=\u00bb0&#8243; row_reverse_tablet=\u00bb0&#8243;][vc_column width=\u00bb1\/5&#8243;][vc_single_image image=\u00bb8984&#8243; img_size=\u00bbmedium\u00bb alignment=\u00bbcenter\u00bb onclick=\u00bbcustom_link\u00bb img_link_target=\u00bb_blank\u00bb css=\u00bb\u00bb parallax_scroll=\u00bbno\u00bb woodmart_inline=\u00bbno\u00bb link=\u00bbhttps:\/\/anges.pt\/es\/\u00bb][\/vc_column][vc_column width=\u00bb1\/5&#8243;][vc_single_image image=\u00bb8985&#8243; img_size=\u00bbmedium\u00bb alignment=\u00bbcenter\u00bb onclick=\u00bbcustom_link\u00bb img_link_target=\u00bb_blank\u00bb css=\u00bb\u00bb parallax_scroll=\u00bbno\u00bb woodmart_inline=\u00bbno\u00bb link=\u00bbhttps:\/\/www.riagejournal.com\/\u00bb][\/vc_column][vc_column width=\u00bb1\/5&#8243;][vc_single_image image=\u00bb8986&#8243; img_size=\u00bbmedium\u00bb alignment=\u00bbcenter\u00bb onclick=\u00bbcustom_link\u00bb img_link_target=\u00bb_blank\u00bb css=\u00bb\u00bb parallax_scroll=\u00bbno\u00bb woodmart_inline=\u00bbno\u00bb link=\u00bbhttps:\/\/www.cics.nova.fcsh.unl.pt\/contacto\/polo-de-leiria\/\u00bb][\/vc_column][vc_column width=\u00bb1\/5&#8243;][vc_single_image image=\u00bb8987&#8243; img_size=\u00bbmedium\u00bb alignment=\u00bbcenter\u00bb onclick=\u00bbcustom_link\u00bb img_link_target=\u00bb_blank\u00bb css=\u00bb\u00bb parallax_scroll=\u00bbno\u00bb woodmart_inline=\u00bbno\u00bb link=\u00bbhttp:\/\/www.uft.edu.br\/\u00bb][\/vc_column][vc_column width=\u00bb1\/5&#8243;][vc_single_image image=\u00bb8988&#8243; img_size=\u00bbmedium\u00bb alignment=\u00bbcenter\u00bb onclick=\u00bbcustom_link\u00bb img_link_target=\u00bb_blank\u00bb css=\u00bb\u00bb parallax_scroll=\u00bbno\u00bb woodmart_inline=\u00bbno\u00bb link=\u00bbhttps:\/\/sites.uft.edu.br\/uma\/\u00bb][\/vc_column][\/vc_row][vc_row css=\u00bb.vc_custom_1738950710055{margin-bottom: 40px !important;}\u00bb woodmart_css_id=\u00bb67a6483391409&#8243; responsive_spacing=\u00bbeyJwYXJhbV90eXBlIjoid29vZG1hcnRfcmVzcG9uc2l2ZV9zcGFjaW5nIiwic2VsZWN0b3JfaWQiOiI2N2E2NDgzMzkxNDA5Iiwic2hvcnRjb2RlIjoidmNfcm93IiwiZGF0YSI6eyJ0YWJsZXQiOnt9LCJtb2JpbGUiOnt9fX0=\u00bb mobile_bg_img_hidden=\u00bbno\u00bb tablet_bg_img_hidden=\u00bbno\u00bb woodmart_parallax=\u00bb0&#8243; woodmart_gradient_switch=\u00bbno\u00bb woodmart_box_shadow=\u00bbno\u00bb wd_z_index=\u00bbno\u00bb woodmart_disable_overflow=\u00bb0&#8243; row_reverse_mobile=\u00bb0&#8243; row_reverse_tablet=\u00bb0&#8243;][vc_column]\n\t\t<div id=\"wd-67a721555a5e2\" class=\"title-wrapper wd-wpb set-mb-s reset-last-child  wd-rs-67a721555a5e2 wd-title-color-primary wd-title-style-bordered wd-width-100 text-left vc_custom_1739006330771 wd-underline-colored\">\n\t\t\t\n\t\t\t<div class=\"liner-continer\">\n\t\t\t\t<h4 class=\"woodmart-title-container title  wd-font-weight- wd-fontsize-l\" >RESUMENES<\/h4>\n\t\t\t\t\t\t\t<\/div>\n\t\t\t\n\t\t\t\n\t\t\t\n\t\t<\/div>\n\t\t\n\t\t[\/vc_column][\/vc_row][vc_row equal_height=\u00bbyes\u00bb css_animation=\u00bbfadeIn\u00bb css=\u00bb.vc_custom_1494510617612{margin-right: -50px !important;margin-left: -50px !important;}\u00bb][vc_column css=\u00bb.vc_custom_1496938621896{margin-bottom: 20px !important;border-right-width: 1px !important;padding-top: 15px !important;padding-right: 50px !important;padding-left: 50px !important;border-right-color: #e8e8e8 !important;border-right-style: solid !important;}\u00bb offset=\u00bbvc_col-lg-6 vc_col-md-6&#8243;]\n\t\t<div id=\"wd-67a7b3c3d305e\" class=\"title-wrapper wd-wpb set-mb-s reset-last-child  wd-rs-67a7b3c3d305e wd-title-color-default wd-title-style-default wd-width-100 text-left  wd-underline-colored\">\n\t\t\t\n\t\t\t<div class=\"liner-continer\">\n\t\t\t\t<h4 class=\"woodmart-title-container title  wd-font-weight- wd-fontsize-l\" >CONDICIONES PARA LA PRESENTACI\u00d3N DE RES\u00daMENES Y ART\u00cdCULOS<\/h4>\n\t\t\t\t\t\t\t<\/div>\n\t\t\t\n\t\t\t\t\t\t\t<div class=\"title-after_title  set-cont-mb-s reset-last-child  wd-fontsize-xs\">Como parte del proceso de env\u00edo, los autores deben comprobar que su env\u00edo cumple todos los puntos que se indican a continuaci\u00f3n. Los env\u00edos que no cumplan las directrices ser\u00e1n devueltos a los autores. <\/div>\n\t\t\t\n\t\t\t\n\t\t<\/div>\n\t\t\n\t\t\n\t\t<div id=\"wd-618257e807c2a\" class=\"wd-accordion wd-wpb wd-rs-618257e807c2a  wd-style-default\" data-state=\"first\">\n\t\t\t\t\t\t\t\n\t\t\t\t\n\t\t\t\t<div class=\"wd-accordion-item\">\n\t\t\t\t\t<div class=\"wd-accordion-title wd-active font-text wd-fontsize-s text-left wd-opener-pos-right wd-font-weight-600\" data-accordion-index=\"0\">\n\t\t\t\t\t\t<div class=\"wd-accordion-title-text\">\n\t\t\t\t\t\t\t\t\t\t\t\t\t\t<span>\n\t\t\t\t\t\t\t\tPlazo\t\t\t\t\t\t\t<\/span>\n\t\t\t\t\t\t<\/div>\n\t\t\t\t\t\t<span class=\"wd-accordion-opener wd-opener-style-arrow\"><\/span>\n\t\t\t\t\t<\/div>\n\n\t\t\t\t\t<div class=\"wd-accordion-content reset-last-child wd-active\" data-accordion-index=\"0\">\n\t\t\t\t\t\t\t\t\t\t\t\t\t<p>Presentaci\u00f3n de res\u00famenes antes del 10 de enero de 2025<\/p>\n\t\t\t\t\t\t\t\t\t\t\t<\/div>\n\t\t\t\t<\/div>\n\t\t\t\t\t\t\t\n\t\t\t\t\n\t\t\t\t<div class=\"wd-accordion-item\">\n\t\t\t\t\t<div class=\"wd-accordion-title font-text wd-fontsize-s text-left wd-opener-pos-right wd-font-weight-600\" data-accordion-index=\"1\">\n\t\t\t\t\t\t<div class=\"wd-accordion-title-text\">\n\t\t\t\t\t\t\t\t\t\t\t\t\t\t<span>\n\t\t\t\t\t\t\t\tIdioma\t\t\t\t\t\t\t<\/span>\n\t\t\t\t\t\t<\/div>\n\t\t\t\t\t\t<span class=\"wd-accordion-opener wd-opener-style-arrow\"><\/span>\n\t\t\t\t\t<\/div>\n\n\t\t\t\t\t<div class=\"wd-accordion-content reset-last-child\" data-accordion-index=\"1\">\n\t\t\t\t\t\t\t\t\t\t\t\t\t<p>Documento redactado en portugu\u00e9s, ingl\u00e9s, espa\u00f1ol o franc\u00e9s.<\/p>\n\t\t\t\t\t\t\t\t\t\t\t<\/div>\n\t\t\t\t<\/div>\n\t\t\t\t\t\t\t\n\t\t\t\t\n\t\t\t\t<div class=\"wd-accordion-item\">\n\t\t\t\t\t<div class=\"wd-accordion-title font-text wd-fontsize-s text-left wd-opener-pos-right wd-font-weight-600\" data-accordion-index=\"2\">\n\t\t\t\t\t\t<div class=\"wd-accordion-title-text\">\n\t\t\t\t\t\t\t\t\t\t\t\t\t\t<span>\n\t\t\t\t\t\t\t\tEstructura\t\t\t\t\t\t\t<\/span>\n\t\t\t\t\t\t<\/div>\n\t\t\t\t\t\t<span class=\"wd-accordion-opener wd-opener-style-arrow\"><\/span>\n\t\t\t\t\t<\/div>\n\n\t\t\t\t\t<div class=\"wd-accordion-content reset-last-child\" data-accordion-index=\"2\">\n\t\t\t\t\t\t\t\t\t\t\t\t\t\n<ul>\n<li>El t\u00edtulo debe reflejar el contenido del resumen, indicando claramente el tema principal y los resultados del estudio. Debe ser lo suficientemente espec\u00edfico como para informar al lector sobre el tema de la investigaci\u00f3n, pero no excesivamente largo ni t\u00e9cnico (no m\u00e1s de 150 caracteres).  <\/li>\n<li>El resumen debe limitarse a 250 palabras.<\/li>\n<li>El resumen debe presentarse en un solo p\u00e1rrafo y seguir la estructura: Introducci\u00f3n; M\u00e9todos; Resultados; Discusi\u00f3n y Conclusi\u00f3n.<\/li>\n<li>Fuente: Calibri, tama\u00f1o 12 Espaciado: 1,5 M\u00e1rgenes: 3 cm por cada lado. Archivo: Manuscritos en formato Word (.doc o .docx) <\/li>\n<\/ul>\n\t\t\t\t\t\t\t\t\t\t\t<\/div>\n\t\t\t\t<\/div>\n\t\t\t\t\t\t\t\n\t\t\t\t\n\t\t\t\t<div class=\"wd-accordion-item\">\n\t\t\t\t\t<div class=\"wd-accordion-title font-text wd-fontsize-s text-left wd-opener-pos-right wd-font-weight-600\" data-accordion-index=\"3\">\n\t\t\t\t\t\t<div class=\"wd-accordion-title-text\">\n\t\t\t\t\t\t\t\t\t\t\t\t\t\t<span>\n\t\t\t\t\t\t\t\tPalabras clave\t\t\t\t\t\t\t<\/span>\n\t\t\t\t\t\t<\/div>\n\t\t\t\t\t\t<span class=\"wd-accordion-opener wd-opener-style-arrow\"><\/span>\n\t\t\t\t\t<\/div>\n\n\t\t\t\t\t<div class=\"wd-accordion-content reset-last-child\" data-accordion-index=\"3\">\n\t\t\t\t\t\t\t\t\t\t\t\t\t<p>Hasta 5 palabras clave, separadas por punto y coma \u00ab;\u00bb<\/p>\n\t\t\t\t\t\t\t\t\t\t\t<\/div>\n\t\t\t\t<\/div>\n\t\t\t\t\t\t\t\n\t\t\t\t\n\t\t\t\t<div class=\"wd-accordion-item\">\n\t\t\t\t\t<div class=\"wd-accordion-title font-text wd-fontsize-s text-left wd-opener-pos-right wd-font-weight-600\" data-accordion-index=\"4\">\n\t\t\t\t\t\t<div class=\"wd-accordion-title-text\">\n\t\t\t\t\t\t\t\t\t\t\t\t\t\t<span>\n\t\t\t\t\t\t\t\tReferencias bibliogr\u00e1ficas\t\t\t\t\t\t\t<\/span>\n\t\t\t\t\t\t<\/div>\n\t\t\t\t\t\t<span class=\"wd-accordion-opener wd-opener-style-arrow\"><\/span>\n\t\t\t\t\t<\/div>\n\n\t\t\t\t\t<div class=\"wd-accordion-content reset-last-child\" data-accordion-index=\"4\">\n\t\t\t\t\t\t\t\t\t\t\t\t\t<p>Las referencias bibliogr\u00e1ficas siguen las directrices de la APA -Asociaci\u00f3n Americana de Psicolog\u00eda- (7\u00aa edici\u00f3n).<\/p>\n\t\t\t\t\t\t\t\t\t\t\t<\/div>\n\t\t\t\t<\/div>\n\t\t\t\t\t\t\t\n\t\t\t\t\n\t\t\t\t<div class=\"wd-accordion-item\">\n\t\t\t\t\t<div class=\"wd-accordion-title font-text wd-fontsize-s text-left wd-opener-pos-right wd-font-weight-600\" data-accordion-index=\"5\">\n\t\t\t\t\t\t<div class=\"wd-accordion-title-text\">\n\t\t\t\t\t\t\t\t\t\t\t\t\t\t<span>\n\t\t\t\t\t\t\t\tModelo\t\t\t\t\t\t\t<\/span>\n\t\t\t\t\t\t<\/div>\n\t\t\t\t\t\t<span class=\"wd-accordion-opener wd-opener-style-arrow\"><\/span>\n\t\t\t\t\t<\/div>\n\n\t\t\t\t\t<div class=\"wd-accordion-content reset-last-child\" data-accordion-index=\"5\">\n\t\t\t\t\t\t\t\t\t\t\t\t\t<p>Hay disponible una <strong>plantilla<\/strong> para enviar res\u00famenes <a href=\"https:\/\/1drv.ms\/w\/s!Ao0mD_0XH1vlh5NN3UoCZi4uV0E5rQ?e=cKOAxT\"><strong>aqu\u00ed<\/strong>.<\/a><\/p>\n\t\t\t\t\t\t\t\t\t\t\t<\/div>\n\t\t\t\t<\/div>\n\t\t\t\t\t\t\t\n\t\t\t\t\n\t\t\t\t<div class=\"wd-accordion-item\">\n\t\t\t\t\t<div class=\"wd-accordion-title font-text wd-fontsize-s text-left wd-opener-pos-right wd-font-weight-600\" data-accordion-index=\"6\">\n\t\t\t\t\t\t<div class=\"wd-accordion-title-text\">\n\t\t\t\t\t\t\t\t\t\t\t\t\t\t<span>\n\t\t\t\t\t\t\t\tM\u00e1s informaci\u00f3n\t\t\t\t\t\t\t<\/span>\n\t\t\t\t\t\t<\/div>\n\t\t\t\t\t\t<span class=\"wd-accordion-opener wd-opener-style-arrow\"><\/span>\n\t\t\t\t\t<\/div>\n\n\t\t\t\t\t<div class=\"wd-accordion-content reset-last-child\" data-accordion-index=\"6\">\n\t\t\t\t\t\t\t\t\t\t\t\t\t\n<ul>\n<li>Posibilidad de publicar en la revista RIAGE (internacional e indexada ISI) https:\/\/www.riagejournal.com.<\/li>\n<li>Se presenta una declaraci\u00f3n de (no) conflicto de intereses.<\/li>\n<li>Env\u00eda el resumen en formato word y pdf a <strong>riage@anges.pt<\/strong><\/li>\n<li>El resumen se publicar\u00e1 en el libro del evento con ISBN, a un coste de 70 euros (incluida la inscripci\u00f3n para todos los autores).<\/li>\n<li>El art\u00edculo completo (que debe enviarse antes del 31 de marzo de 2025) se publicar\u00e1 en la revista RIAGE en junio de 2025 por un precio de 120 euros (incluye la inscripci\u00f3n de todos los autores).<\/li>\n<\/ul>\n\t\t\t\t\t\t\t\t\t\t\t<\/div>\n\t\t\t\t<\/div>\n\t\t\t\t\t\t\t\t\t\t\t\t\t\t<\/div>\n\n\t\t[\/vc_column][vc_column css=\u00bb.vc_custom_1496938627545{margin-bottom: 20px !important;padding-top: 15px !important;padding-right: 50px !important;padding-left: 50px !important;}\u00bb offset=\u00bbvc_col-lg-6 vc_col-md-6&#8243;]\n\t\t<div id=\"wd-67a7b3d779636\" class=\"title-wrapper wd-wpb set-mb-s reset-last-child  wd-rs-67a7b3d779636 wd-title-color-default wd-title-style-default wd-width-100 text-left  wd-underline-colored\">\n\t\t\t\n\t\t\t<div class=\"liner-continer\">\n\t\t\t\t<h4 class=\"woodmart-title-container title  wd-font-weight- wd-fontsize-l\" >CONDICIONES PARA LA PRESENTACI\u00d3N DE RES\u00daMENES Y ART\u00cdCULOS<\/h4>\n\t\t\t\t\t\t\t<\/div>\n\t\t\t\n\t\t\t\t\t\t\t<div class=\"title-after_title  set-cont-mb-s reset-last-child  wd-fontsize-xs\">Como parte del proceso de env\u00edo, los autores deben comprobar que su env\u00edo cumple todos los elementos que se indican a continuaci\u00f3n. Los env\u00edos que no cumplan las normas ser\u00e1n devueltos a los autores. <\/div>\n\t\t\t\n\t\t\t\n\t\t<\/div>\n\t\t\n\t\t\n\t\t<div id=\"wd-618257e807c2a\" class=\"wd-accordion wd-wpb wd-rs-618257e807c2a  wd-style-default\" data-state=\"first\">\n\t\t\t\t\t\t\t\n\t\t\t\t\n\t\t\t\t<div class=\"wd-accordion-item\">\n\t\t\t\t\t<div class=\"wd-accordion-title wd-active font-text wd-fontsize-s text-left wd-opener-pos-right wd-font-weight-600\" data-accordion-index=\"0\">\n\t\t\t\t\t\t<div class=\"wd-accordion-title-text\">\n\t\t\t\t\t\t\t\t\t\t\t\t\t\t<span>\n\t\t\t\t\t\t\t\tCerrar L\u00edmite\t\t\t\t\t\t\t<\/span>\n\t\t\t\t\t\t<\/div>\n\t\t\t\t\t\t<span class=\"wd-accordion-opener wd-opener-style-arrow\"><\/span>\n\t\t\t\t\t<\/div>\n\n\t\t\t\t\t<div class=\"wd-accordion-content reset-last-child wd-active\" data-accordion-index=\"0\">\n\t\t\t\t\t\t\t\t\t\t\t\t\t<p>Presentaci\u00f3n de res\u00famenes hasta el 15 de febrero de 2025<\/p>\n\t\t\t\t\t\t\t\t\t\t\t<\/div>\n\t\t\t\t<\/div>\n\t\t\t\t\t\t\t\n\t\t\t\t\n\t\t\t\t<div class=\"wd-accordion-item\">\n\t\t\t\t\t<div class=\"wd-accordion-title font-text wd-fontsize-s text-left wd-opener-pos-right wd-font-weight-600\" data-accordion-index=\"1\">\n\t\t\t\t\t\t<div class=\"wd-accordion-title-text\">\n\t\t\t\t\t\t\t\t\t\t\t\t\t\t<span>\n\t\t\t\t\t\t\t\tIdioma\t\t\t\t\t\t\t<\/span>\n\t\t\t\t\t\t<\/div>\n\t\t\t\t\t\t<span class=\"wd-accordion-opener wd-opener-style-arrow\"><\/span>\n\t\t\t\t\t<\/div>\n\n\t\t\t\t\t<div class=\"wd-accordion-content reset-last-child\" data-accordion-index=\"1\">\n\t\t\t\t\t\t\t\t\t\t\t\t\t<p>Documento redactado en portugu\u00e9s, ingl\u00e9s, espa\u00f1ol o franc\u00e9s.<\/p>\n\t\t\t\t\t\t\t\t\t\t\t<\/div>\n\t\t\t\t<\/div>\n\t\t\t\t\t\t\t\n\t\t\t\t\n\t\t\t\t<div class=\"wd-accordion-item\">\n\t\t\t\t\t<div class=\"wd-accordion-title font-text wd-fontsize-s text-left wd-opener-pos-right wd-font-weight-600\" data-accordion-index=\"2\">\n\t\t\t\t\t\t<div class=\"wd-accordion-title-text\">\n\t\t\t\t\t\t\t\t\t\t\t\t\t\t<span>\n\t\t\t\t\t\t\t\tEstructura\t\t\t\t\t\t\t<\/span>\n\t\t\t\t\t\t<\/div>\n\t\t\t\t\t\t<span class=\"wd-accordion-opener wd-opener-style-arrow\"><\/span>\n\t\t\t\t\t<\/div>\n\n\t\t\t\t\t<div class=\"wd-accordion-content reset-last-child\" data-accordion-index=\"2\">\n\t\t\t\t\t\t\t\t\t\t\t\t\t\n<ul>\n<li>El t\u00edtulo debe reflejar el contenido del resumen, indicando claramente el tema principal y los resultados del estudio. Debe ser lo suficientemente espec\u00edfico para informar al lector sobre el tema de la investigaci\u00f3n, pero no demasiado largo ni t\u00e9cnico (no m\u00e1s de 150 caracteres).  <\/li>\n<li>El resumen no debe superar las 250 palabras.<\/li>\n<li>El resumen debe presentarse en un solo p\u00e1rrafo y seguir la estructura: Introducci\u00f3n; M\u00e9todos; Resultados; Discusi\u00f3n y Conclusi\u00f3n.<\/li>\n<li>Fuente: Calibri, tama\u00f1o 12 Espaciado: 1,5 espacios M\u00e1rgenes: 3 cm por cada lado. Archivo: Manuscritos en formato Word (.doc o .docx) <\/li>\n<\/ul>\n\t\t\t\t\t\t\t\t\t\t\t<\/div>\n\t\t\t\t<\/div>\n\t\t\t\t\t\t\t\n\t\t\t\t\n\t\t\t\t<div class=\"wd-accordion-item\">\n\t\t\t\t\t<div class=\"wd-accordion-title font-text wd-fontsize-s text-left wd-opener-pos-right wd-font-weight-600\" data-accordion-index=\"3\">\n\t\t\t\t\t\t<div class=\"wd-accordion-title-text\">\n\t\t\t\t\t\t\t\t\t\t\t\t\t\t<span>\n\t\t\t\t\t\t\t\tpalabras clave\t\t\t\t\t\t\t<\/span>\n\t\t\t\t\t\t<\/div>\n\t\t\t\t\t\t<span class=\"wd-accordion-opener wd-opener-style-arrow\"><\/span>\n\t\t\t\t\t<\/div>\n\n\t\t\t\t\t<div class=\"wd-accordion-content reset-last-child\" data-accordion-index=\"3\">\n\t\t\t\t\t\t\t\t\t\t\t\t\t<p>Hasta 5 palabras clave, separadas por un punto y una coma \u00ab;\u00bb<\/p>\n\t\t\t\t\t\t\t\t\t\t\t<\/div>\n\t\t\t\t<\/div>\n\t\t\t\t\t\t\t\n\t\t\t\t\n\t\t\t\t<div class=\"wd-accordion-item\">\n\t\t\t\t\t<div class=\"wd-accordion-title font-text wd-fontsize-s text-left wd-opener-pos-right wd-font-weight-600\" data-accordion-index=\"4\">\n\t\t\t\t\t\t<div class=\"wd-accordion-title-text\">\n\t\t\t\t\t\t\t\t\t\t\t\t\t\t<span>\n\t\t\t\t\t\t\t\tReferencias bibliogr\u00e1ficas\t\t\t\t\t\t\t<\/span>\n\t\t\t\t\t\t<\/div>\n\t\t\t\t\t\t<span class=\"wd-accordion-opener wd-opener-style-arrow\"><\/span>\n\t\t\t\t\t<\/div>\n\n\t\t\t\t\t<div class=\"wd-accordion-content reset-last-child\" data-accordion-index=\"4\">\n\t\t\t\t\t\t\t\t\t\t\t\t\t<p>Las referencias bibliogr\u00e1ficas siguen las directrices de la APA - Asociaci\u00f3n Americana de Psicolog\u00eda -APA (7\u00aa edici\u00f3n).<\/p>\n\t\t\t\t\t\t\t\t\t\t\t<\/div>\n\t\t\t\t<\/div>\n\t\t\t\t\t\t\t\n\t\t\t\t\n\t\t\t\t<div class=\"wd-accordion-item\">\n\t\t\t\t\t<div class=\"wd-accordion-title font-text wd-fontsize-s text-left wd-opener-pos-right wd-font-weight-600\" data-accordion-index=\"5\">\n\t\t\t\t\t\t<div class=\"wd-accordion-title-text\">\n\t\t\t\t\t\t\t\t\t\t\t\t\t\t<span>\n\t\t\t\t\t\t\t\tModelo\t\t\t\t\t\t\t<\/span>\n\t\t\t\t\t\t<\/div>\n\t\t\t\t\t\t<span class=\"wd-accordion-opener wd-opener-style-arrow\"><\/span>\n\t\t\t\t\t<\/div>\n\n\t\t\t\t\t<div class=\"wd-accordion-content reset-last-child\" data-accordion-index=\"5\">\n\t\t\t\t\t\t\t\t\t\t\t\t\t<p>Hay disponible una plantilla para presentar res\u00famenes, que puedes consultar <a href=\"https:\/\/1drv.ms\/w\/s!Ao0mD_0XH1vlh5NN3UoCZi4uV0E5rQ?e=cKOAxT\"><strong>aqu\u00ed<\/strong>.<\/a><\/p>\n\t\t\t\t\t\t\t\t\t\t\t<\/div>\n\t\t\t\t<\/div>\n\t\t\t\t\t\t\t\n\t\t\t\t\n\t\t\t\t<div class=\"wd-accordion-item\">\n\t\t\t\t\t<div class=\"wd-accordion-title font-text wd-fontsize-s text-left wd-opener-pos-right wd-font-weight-600\" data-accordion-index=\"6\">\n\t\t\t\t\t\t<div class=\"wd-accordion-title-text\">\n\t\t\t\t\t\t\t\t\t\t\t\t\t\t<span>\n\t\t\t\t\t\t\t\tM\u00e1s informaci\u00f3n\t\t\t\t\t\t\t<\/span>\n\t\t\t\t\t\t<\/div>\n\t\t\t\t\t\t<span class=\"wd-accordion-opener wd-opener-style-arrow\"><\/span>\n\t\t\t\t\t<\/div>\n\n\t\t\t\t\t<div class=\"wd-accordion-content reset-last-child\" data-accordion-index=\"6\">\n\t\t\t\t\t\t\t\t\t\t\t\t\t\n<ul>\n<li>Posibilidad de publicar en la revista RIAGE (internacional e indexada ISI) https:\/\/www.riagejournal.com<\/li>\n<li>Declaraci\u00f3n de (no) conflicto de intereses.<\/li>\n<li>Env\u00eda un resumen en formato word y pdf a riage@anges.pt<\/li>\n<li>El resumen se publicar\u00e1 en un libro del evento con ISBN, con un coste de 70\u20ac (incluye la inscripci\u00f3n de todos los autores).<\/li>\n<li>La publicaci\u00f3n del art\u00edculo completo (que debe enviarse antes del 3 de abril de 2025) tendr\u00e1 lugar en la revista RIAGE, antes de junio de 2025, previo pago de una tasa de 120 euros (incluye la inscripci\u00f3n de todos los autores).<\/li>\n<\/ul>\n<p>&nbsp;<\/p>\n\t\t\t\t\t\t\t\t\t\t\t<\/div>\n\t\t\t\t<\/div>\n\t\t\t\t\t\t\t\t\t\t\t\t\t\t<\/div>\n\n\t\t[\/vc_column][\/vc_row][vc_row css=\u00bb.vc_custom_1738950710055{margin-bottom: 40px !important;}\u00bb woodmart_css_id=\u00bb67a6483391409&#8243; responsive_spacing=\u00bbeyJwYXJhbV90eXBlIjoid29vZG1hcnRfcmVzcG9uc2l2ZV9zcGFjaW5nIiwic2VsZWN0b3JfaWQiOiI2N2E2NDgzMzkxNDA5Iiwic2hvcnRjb2RlIjoidmNfcm93IiwiZGF0YSI6eyJ0YWJsZXQiOnt9LCJtb2JpbGUiOnt9fX0=\u00bb mobile_bg_img_hidden=\u00bbno\u00bb tablet_bg_img_hidden=\u00bbno\u00bb woodmart_parallax=\u00bb0&#8243; woodmart_gradient_switch=\u00bbno\u00bb woodmart_box_shadow=\u00bbno\u00bb wd_z_index=\u00bbno\u00bb woodmart_disable_overflow=\u00bb0&#8243; row_reverse_mobile=\u00bb0&#8243; row_reverse_tablet=\u00bb0&#8243;][vc_column]\n\t\t<div id=\"wd-67a7218f685d9\" class=\"title-wrapper wd-wpb set-mb-s reset-last-child  wd-rs-67a7218f685d9 wd-title-color-primary wd-title-style-bordered wd-width-100 text-left vc_custom_1739006364294 wd-underline-colored\">\n\t\t\t\n\t\t\t<div class=\"liner-continer\">\n\t\t\t\t<h4 class=\"woodmart-title-container title  wd-font-weight- wd-fontsize-l\" >PROGRAMA<\/h4>\n\t\t\t\t\t\t\t<\/div>\n\t\t\t\n\t\t\t\n\t\t\t\n\t\t<\/div>\n\t\t\n\t\t[\/vc_column][\/vc_row][vc_row woodmart_css_id=\u00bb67a6489fd8a76&#8243; responsive_spacing=\u00bbeyJwYXJhbV90eXBlIjoid29vZG1hcnRfcmVzcG9uc2l2ZV9zcGFjaW5nIiwic2VsZWN0b3JfaWQiOiI2N2E2NDg5ZmQ4YTc2Iiwic2hvcnRjb2RlIjoidmNfcm93IiwiZGF0YSI6eyJ0YWJsZXQiOnt9LCJtb2JpbGUiOnt9fX0=\u00bb mobile_bg_img_hidden=\u00bbno\u00bb tablet_bg_img_hidden=\u00bbno\u00bb woodmart_parallax=\u00bb0&#8243; woodmart_gradient_switch=\u00bbno\u00bb woodmart_box_shadow=\u00bbno\u00bb wd_z_index=\u00bbno\u00bb woodmart_disable_overflow=\u00bb0&#8243; row_reverse_mobile=\u00bb0&#8243; row_reverse_tablet=\u00bb0&#8243; css=\u00bb.vc_custom_1738950818770{margin-bottom: 30px !important;}\u00bb][vc_column css=\u00bb.vc_custom_1484657273903{padding-top: 0px !important;}\u00bb]\n\t\t<div id=\"wd-67a7219fc341d\" class=\"title-wrapper wd-wpb set-mb-s reset-last-child  wd-rs-67a7219fc341d wd-title-color-default wd-title-style-bordered wd-width-100 text-left vc_custom_1739006376905 wd-underline-colored\">\n\t\t\t\n\t\t\t<div class=\"liner-continer\">\n\t\t\t\t<h4 class=\"woodmart-title-container title  wd-font-weight- wd-fontsize-m\" >30 | DOCUMENTOS GRATUITOS (EN L\u00cdNEA)<\/h4>\n\t\t\t\t\t\t\t<\/div>\n\t\t\t\n\t\t\t\n\t\t\t\n\t\t<\/div>\n\t\t\n\t\t[\/vc_column][\/vc_row][vc_row equal_height=\u00bbyes\u00bb wd_z_index=\u00bbno\u00bb woodmart_css_id=\u00bb67a6481860fa8&#8243; responsive_spacing=\u00bbeyJwYXJhbV90eXBlIjoid29vZG1hcnRfcmVzcG9uc2l2ZV9zcGFjaW5nIiwic2VsZWN0b3JfaWQiOiI2N2E2NDgxODYwZmE4Iiwic2hvcnRjb2RlIjoidmNfcm93IiwiZGF0YSI6eyJ0YWJsZXQiOnt9LCJtb2JpbGUiOnsibWFyZ2luLWJvdHRvbSI6IjMwcHgifX19&#8243; mobile_bg_img_hidden=\u00bbno\u00bb tablet_bg_img_hidden=\u00bbno\u00bb woodmart_parallax=\u00bb0&#8243; woodmart_gradient_switch=\u00bbno\u00bb row_reverse_mobile=\u00bb0&#8243; row_reverse_tablet=\u00bb0&#8243; woodmart_disable_overflow=\u00bb0&#8243; woodmart_box_shadow=\u00bbno\u00bb][vc_column width=\u00bb1\/2&#8243; css=\u00bb.vc_custom_1484657119633{padding-top: 0px !important;}\u00bb]\t\t<div id=\"wd-67a7288ba08f0\" class=\"wd-text-block wd-wpb reset-last-child wd-rs-67a7288ba08f0 wd-width-100 text-left \">\n\t\t\t<h5><span class=\"TextRun Highlight SCXW267949633 BCX0\" lang=\"PT-PT\" data-contrast=\"auto\"><span class=\"NormalTextRun SCXW267949633 BCX0\"><strong>16h00<\/strong> |<\/span><\/span><strong><span class=\"TextRun Highlight MacChromeBold SCXW267949633 BCX0\" lang=\"PT-PT\" data-contrast=\"auto\"><span class=\"NormalTextRun SCXW267949633 BCX0\">Catarina Afonso<\/span><\/span><\/strong><span class=\"TextRun Highlight SCXW267949633 BCX0\" lang=\"PT-PT\" data-contrast=\"auto\"><span class=\"NormalTextRun SCXW267949633 BCX0\"><strong><\/strong><\/span><\/span><\/h5>\n<p><span class=\"TextRun Highlight SCXW267949633 BCX0\" lang=\"PT-PT\" data-contrast=\"auto\" xml:lang=\"PT-PT\"><span class=\"NormalTextRun SCXW267949633 BCX0\">\u00abHeal2Care - Programa de intervenci\u00f3n comunitaria dirigido a cuidadores informales centrado en el autocuidado\u00bb.<\/span><\/span><span class=\"EOP SCXW267949633 BCX0\" data-ccp-props=\"{}\"> <\/span><\/p>\n\t\t<\/div>\n\t\t\t\t<div id=\"wd-67a7289326592\" class=\"wd-text-block wd-wpb reset-last-child wd-rs-67a7289326592 wd-width-100 text-left \">\n\t\t\t<h5><strong>16h15 |<\/strong> <strong>Susana Rodrigues<\/strong><\/h5>\n<p>\u00abLa recurrencia como clave para entender la degeneraci\u00f3n motora en el Parkinson\u00bb.<\/p>\n\t\t<\/div>\n\t\t\t\t<div id=\"wd-67a635c8c37f3\" class=\"wd-text-block wd-wpb reset-last-child wd-rs-67a635c8c37f3 wd-width-100 text-left \">\n\t\t\t<h5><strong>16h30 |<\/strong> <strong>Renato Machado<\/strong><\/h5>\n<p>\u00abEvaluaci\u00f3n de los efectos del entrenamiento de resistencia y el desentrenamiento en adultos mayores\u00bb, seguido de \u00abUn enfoque sobre el entrenamiento de resistencia con restricci\u00f3n del flujo sangu\u00edneo en adultos mayores\u00bb.<\/p>\n\t\t<\/div>\n\t\t\t\t<div id=\"wd-67a68fdca10d8\" class=\"wd-text-block wd-wpb reset-last-child wd-rs-67a68fdca10d8 wd-width-100 text-left \">\n\t\t\t<h5><span class=\"TextRun Highlight SCXW240827983 BCX0\" lang=\"EN-US\" data-contrast=\"auto\"><span class=\"NormalTextRun SCXW240827983 BCX0\"><strong>16h55<\/strong> |<\/span><\/span><strong><span class=\"TextRun Highlight MacChromeBold SCXW240827983 BCX0\" lang=\"EN-US\" data-contrast=\"auto\"><span class=\"NormalTextRun SCXW240827983 BCX0\">Dina Jo\u00e3o<\/span><\/span><\/strong><span class=\"TextRun Highlight SCXW240827983 BCX0\" lang=\"EN-US\" data-contrast=\"auto\"><span class=\"NormalTextRun SCXW240827983 BCX0\"><\/span><\/span><\/h5>\n<p><span class=\"TextRun Highlight SCXW240827983 BCX0\" lang=\"EN-US\" data-contrast=\"auto\" xml:lang=\"EN-US\"><span class=\"NormalTextRun SCXW240827983 BCX0\">\u00abLa composici\u00f3n corporal como predictor del deterioro cognitivo en los ancianos: lo que se sabe hasta ahora\u00bb.<\/span><\/span><span class=\"EOP SCXW240827983 BCX0\" data-ccp-props=\"{}\"> <\/span><\/p>\n\t\t<\/div>\n\t\t\t\t<div id=\"wd-67a6900acea56\" class=\"wd-text-block wd-wpb reset-last-child wd-rs-67a6900acea56 wd-width-100 text-left \">\n\t\t\t<h5><strong>17h10 |<\/strong> <strong>Samuel Encarna\u00e7\u00e3o<\/strong><\/h5>\n<p>\u00abEfectos del entrenamiento multicomponente en la composici\u00f3n corporal y la forma f\u00edsica de las supervivientes de c\u00e1ncer de mama: un estudio experimental y controlado con an\u00e1lisis de agrupaci\u00f3n\u00bb.<\/p>\n\t\t<\/div>\n\t\t\t\t<div id=\"wd-67a6902744f2a\" class=\"wd-text-block wd-wpb reset-last-child wd-rs-67a6902744f2a wd-width-100 text-left \">\n\t\t\t<h5><strong>17.25 h<\/strong> | <strong>Carla Vieira<\/strong><\/h5>\n<p>\u00abProgramas de intervenci\u00f3n motriz para ancianos institucionalizados\u00bb.<\/p>\n\t\t<\/div>\n\t\t\t\t<div id=\"wd-67a6906523eb2\" class=\"wd-text-block wd-wpb reset-last-child wd-rs-67a6906523eb2 wd-width-100 text-left \">\n\t\t\t<h5><span class=\"TextRun Highlight SCXW186905073 BCX0\" lang=\"PT-PT\" data-contrast=\"auto\"><span class=\"NormalTextRun SCXW186905073 BCX0\"><strong>17h40 | <\/strong><\/span><\/span><strong><span class=\"TextRun Highlight MacChromeBold SCXW186905073 BCX0\" lang=\"PT-PT\" data-contrast=\"auto\"><span class=\"NormalTextRun SCXW186905073 BCX0\">Odete Alves<\/span><\/span><span class=\"TextRun Highlight SCXW186905073 BCX0\" lang=\"PT-PT\" data-contrast=\"auto\"><span class=\"NormalTextRun SCXW186905073 BCX0\"><\/span><\/span><\/strong><\/h5>\n<p><span class=\"TextRun Highlight SCXW186905073 BCX0\" lang=\"PT-PT\" data-contrast=\"auto\"><span class=\"NormalTextRun SCXW186905073 BCX0\"><\/span><span class=\"TextRun Highlight SCXW186905073 BCX0\" lang=\"PT-PT\" data-contrast=\"auto\"><span class=\"NormalTextRun SCXW186905073 BCX0\">\u00abImpacto del Programa de Ejercicio <\/span><span class=\"NormalTextRun SpellingErrorV2Themed SCXW186905073 BCX0\">Otago<\/span><span class=\"NormalTextRun SCXW186905073 BCX0\"> sobre la funcionalidad y el miedo a caerse en ancianos institucionalizados del Alto Minho\u00bb.<\/span><\/span><\/span><span class=\"EOP SCXW186905073 BCX0\" data-ccp-props=\"{}\"> <\/span><\/p>\n\t\t<\/div>\n\t\t\t\t<div id=\"wd-67a69085c4550\" class=\"wd-text-block wd-wpb reset-last-child wd-rs-67a69085c4550 wd-width-100 text-left \">\n\t\t\t<h5><em><b>Pausa: 18.00 - 18.15<\/b> <\/em><\/h5>\n\t\t<\/div>\n\t\t\t\t<div id=\"wd-67a6909ab1c53\" class=\"wd-text-block wd-wpb reset-last-child wd-rs-67a6909ab1c53 wd-width-100 text-left \">\n\t\t\t<h5><span data-contrast=\"auto\"><strong>18h15<\/strong> | <\/span><strong>Ana Lu\u00edsa Coelho<\/strong><span data-contrast=\"auto\"><\/span><\/h5>\n<p>\u00abEdad y actividad f\u00edsica: doble influencia de la masa muscular y la fuerza en la obesidad\u00bb.<\/p>\n\t\t<\/div>\n\t\t[\/vc_column][vc_column width=\u00bb1\/2&#8243; css=\u00bb.vc_custom_1484657123074{padding-top: 0px !important;}\u00bb]\t\t<div id=\"wd-67a6911bdb2ea\" class=\"wd-text-block wd-wpb reset-last-child wd-rs-67a6911bdb2ea wd-width-100 text-left \">\n\t\t\t<h5><strong>18h30 | <\/strong><b><span data-contrast=\"auto\">Tatiane Valduga<\/span><\/b><span data-contrast=\"auto\"><\/span><\/h5>\n<p>\u00abEl papel de la ense\u00f1anza superior en la innovaci\u00f3n de la humanizaci\u00f3n de los cuidados\u00bb.<\/p>\n\t\t<\/div>\n\t\t\t\t<div id=\"wd-67a6913e8f676\" class=\"wd-text-block wd-wpb reset-last-child wd-rs-67a6913e8f676 wd-width-100 text-left \">\n\t\t\t<h5><span data-contrast=\"auto\"><strong>18h45<\/strong>|<\/span><b><span data-contrast=\"auto\">Ant\u00f3nio Rui Leal<\/span><\/b><span data-contrast=\"auto\"><\/span><\/h5>\n<p>\u00abUn proyecto educativo innovador en Salud Global: el inclusivo VITABalance-Med, \u00a1la estrategia UNESCO 2024!\u00bb<\/p>\n\t\t<\/div>\n\t\t\t\t<div id=\"wd-67a6916404852\" class=\"wd-text-block wd-wpb reset-last-child wd-rs-67a6916404852 wd-width-100 text-left \">\n\t\t\t<h5><span data-contrast=\"auto\"><strong>19h00<\/strong> |<\/span><b><span data-contrast=\"auto\">M\u00f3nica Teixeira<\/span><\/b><span data-contrast=\"auto\"><\/span><\/h5>\n<p>\u00abCalidad de Vida en Residencias de Mayores: Manual de Buenas Pr\u00e1cticas para una Atenci\u00f3n Humanizada\u00bb.<\/p>\n\t\t<\/div>\n\t\t\t\t<div id=\"wd-67a6917d48963\" class=\"wd-text-block wd-wpb reset-last-child wd-rs-67a6917d48963 wd-width-100 text-left \">\n\t\t\t<h5><strong>19h15 |<\/strong> <strong>Andreia Martins<\/strong><\/h5>\n<p>\u00abNiveles percibidos de actividad f\u00edsica y tiempo dedicado a conductas sedentarias en la Enfermedad de Parkinson: Un estudio observacional\u00bb.<\/p>\n\t\t<\/div>\n\t\t\t\t<div id=\"wd-67a691990cb7f\" class=\"wd-text-block wd-wpb reset-last-child wd-rs-67a691990cb7f wd-width-100 text-left \">\n\t\t\t<h5><span data-contrast=\"auto\"><strong>19h30<\/strong>|<\/span><b><span data-contrast=\"auto\">Lu\u00eds Silva<\/span><\/b><span data-contrast=\"auto\"><\/span><\/h5>\n<p>\u00ab\u00bfSon los niveles de actividad f\u00edsica predictores de la capacidad aer\u00f3bica en adultos mayores activos?\u00bb<\/p>\n\t\t<\/div>\n\t\t\t\t<div id=\"wd-67a691d9108fc\" class=\"wd-text-block wd-wpb reset-last-child wd-rs-67a691d9108fc wd-width-100 text-left \">\n\t\t\t<h5><strong>19h45 |<\/strong> <strong>Ana Joice Peraro<\/strong><\/h5>\n<p>\u00abTema especial: Gerontolog\u00eda cr\u00edtica y trabajo social\u00bb.<\/p>\n\t\t<\/div>\n\t\t\t\t<div id=\"wd-67a6920a6900c\" class=\"wd-text-block wd-wpb reset-last-child wd-rs-67a6920a6900c wd-width-100 text-left \">\n\t\t\t<h5><strong>20h00 |<\/strong> <strong>Beatriz Matos<\/strong><\/h5>\n<p>\u00abDanzaterapia en el envejecimiento: Una investigaci\u00f3n cualitativa\u00bb.<\/p>\n\t\t<\/div>\n\t\t\t\t<div id=\"wd-67a69239e6b90\" class=\"wd-text-block wd-wpb reset-last-child wd-rs-67a69239e6b90 wd-width-100 text-left \">\n\t\t\t<h5><strong>20h15 |<\/strong> <strong>Anne Sullivan Reis<\/strong><\/h5>\n<p>\u00abAspectos biopsicosociales asociados a la espiritualidad en el envejecimiento activo y saludable: una revisi\u00f3n exhaustiva\u00bb.<\/p>\n\t\t<\/div>\n\t\t[\/vc_column][\/vc_row][vc_row css=\u00bb.vc_custom_1738972245573{margin-top: 30px !important;margin-bottom: 30px !important;}\u00bb woodmart_css_id=\u00bb67a69c4d9f14a\u00bb responsive_spacing=\u00bbeyJwYXJhbV90eXBlIjoid29vZG1hcnRfcmVzcG9uc2l2ZV9zcGFjaW5nIiwic2VsZWN0b3JfaWQiOiI2N2E2OWM0ZDlmMTRhIiwic2hvcnRjb2RlIjoidmNfcm93IiwiZGF0YSI6eyJ0YWJsZXQiOnt9LCJtb2JpbGUiOnt9fX0=\u00bb mobile_bg_img_hidden=\u00bbno\u00bb tablet_bg_img_hidden=\u00bbno\u00bb woodmart_parallax=\u00bb0&#8243; woodmart_gradient_switch=\u00bbno\u00bb woodmart_box_shadow=\u00bbno\u00bb wd_z_index=\u00bbno\u00bb woodmart_disable_overflow=\u00bb0&#8243; row_reverse_mobile=\u00bb0&#8243; row_reverse_tablet=\u00bb0&#8243;][vc_column css=\u00bb.vc_custom_1484657273903{padding-top: 0px !important;}\u00bb]\n\t\t<div id=\"wd-67a721af7ffe9\" class=\"title-wrapper wd-wpb set-mb-s reset-last-child  wd-rs-67a721af7ffe9 wd-title-color-default wd-title-style-bordered wd-width-100 text-left vc_custom_1739006392065 wd-underline-colored\">\n\t\t\t\n\t\t\t<div class=\"liner-continer\">\n\t\t\t\t<h4 class=\"woodmart-title-container title  wd-font-weight- wd-fontsize-m\" >31 | CONFERENCIA CON EXPERTOS INTERNACIONALES (ONLINE)<\/h4>\n\t\t\t\t\t\t\t<\/div>\n\t\t\t\n\t\t\t\n\t\t\t\n\t\t<\/div>\n\t\t\n\t\t[\/vc_column][\/vc_row][vc_row equal_height=\u00bbyes\u00bb css=\u00bb.vc_custom_1629893241850{margin-bottom: 50px !important;}\u00bb wd_z_index=\u00bbno\u00bb woodmart_css_id=\u00bb6126327347fb2&#8243; responsive_spacing=\u00bbeyJwYXJhbV90eXBlIjoid29vZG1hcnRfcmVzcG9uc2l2ZV9zcGFjaW5nIiwic2VsZWN0b3JfaWQiOiI2MTI2MzI3MzQ3ZmIyIiwic2hvcnRjb2RlIjoidmNfcm93IiwiZGF0YSI6eyJ0YWJsZXQiOnt9LCJtb2JpbGUiOnsibWFyZ2luLWJvdHRvbSI6IjMwIn19fQ==\u00bb mobile_bg_img_hidden=\u00bbno\u00bb tablet_bg_img_hidden=\u00bbno\u00bb woodmart_parallax=\u00bb0&#8243; woodmart_gradient_switch=\u00bbno\u00bb row_reverse_mobile=\u00bb0&#8243; row_reverse_tablet=\u00bb0&#8243; woodmart_disable_overflow=\u00bb0&#8243;][vc_column width=\u00bb1\/2&#8243; css=\u00bb.vc_custom_1484657119633{padding-top: 0px !important;}\u00bb]\t\t<div id=\"wd-67a69310d01d6\" class=\"wd-text-block wd-wpb reset-last-child wd-rs-67a69310d01d6 wd-width-100 text-left \">\n\t\t\t<h5><span class=\"TextRun Highlight SCXW267949633 BCX0\" lang=\"PT-PT\" xml:lang=\"PT-PT\" data-contrast=\"auto\"><span class=\"NormalTextRun SCXW267949633 BCX0\"><strong>09h00<\/strong> | Sesi\u00f3n de apertura<\/span><\/span><\/h5>\n<p><span data-contrast=\"auto\">Profesor Ricardo Pocinho | Presidente de ANGES<\/span><span data-ccp-props=\"{\"201341983\":0,\"335559739\":160,\"335559740\":279}\"> <\/span><\/p>\n<p><span data-contrast=\"auto\">Profesor Crist\u00f3v\u00e3o Margarido | Coordinador del CICS.NOVA.IPLeiria<\/span><\/p>\n\t\t<\/div>\n\t\t\t\t<div id=\"wd-67a6934b77353\" class=\"wd-text-block wd-wpb reset-last-child wd-rs-67a6934b77353 wd-width-100 text-left \">\n\t\t\t<h5><strong>09h30 |<\/strong> <strong>Conferencia inaugural<\/strong><\/h5>\n<p><span data-contrast=\"auto\">Profesor Bruno Trindade | ANGES<\/span><span data-ccp-props=\"{\"201341983\":0,\"335559739\":160,\"335559740\":279}\"> <\/span><\/p>\n\t\t<\/div>\n\t\t\t\t<div id=\"wd-67a696643602e\" class=\"wd-text-block wd-wpb reset-last-child wd-rs-67a696643602e wd-width-100 text-left \">\n\t\t\t<h5><strong>10h00 |<\/strong> <b><i><span data-contrast=\"auto\">Mayores, m\u00e1s sanos: ejercicio, salud y compromiso<\/span><\/i><\/b><span data-ccp-props=\"{\"201341983\":0,\"335559739\":160,\"335559740\":279}\"> <\/span><\/h5>\n<p><span data-contrast=\"auto\">Profesor Ant\u00f3nio Miguel Monteiro | Instituto Polit\u00e9cnico de Bragan\u00e7a<\/span><span data-ccp-props=\"{\"201341983\":0,\"335559739\":160,\"335559740\":279}\"> <\/span><\/p>\n\t\t<\/div>\n\t\t\t\t<div id=\"wd-67a696720d42a\" class=\"wd-text-block wd-wpb reset-last-child wd-rs-67a696720d42a wd-width-100 text-left \">\n\t\t\t<h5><b><span data-contrast=\"auto\">10H30 | <em><strong><span class=\"TextRun SCXW8376527 BCX0\" lang=\"PT-PT\" data-contrast=\"auto\"><span class=\"NormalTextRun SCXW8376527 BCX0\">La Edad de Oro no tiene l\u00edmites: Salud y calidad de vida orientadas al deporte<\/span><\/span><span class=\"EOP SCXW8376527 BCX0\" data-ccp-props=\"{}\"> <\/span><\/strong><\/em> <\/span><\/b><span data-ccp-props=\"{\"201341983\":0,\"335559739\":160,\"335559740\":279}\"> <\/span><\/h5>\n<p><span data-contrast=\"auto\">Profesor Pedro Alexandre Duarte Mendes | Instituto Polit\u00e9cnico de Castelo Branco<\/span><span data-ccp-props=\"{\"201341983\":0,\"335559739\":160,\"335559740\":279}\"> <\/span><\/p>\n\t\t<\/div>\n\t\t\t\t<div id=\"wd-67a696835c70a\" class=\"wd-text-block wd-wpb reset-last-child wd-rs-67a696835c70a wd-width-100 text-left \">\n\t\t\t<h5><b><span data-contrast=\"auto\">11h00<\/span><\/b><span data-ccp-props=\"{\"201341983\":0,\"335559739\":160,\"335559740\":279}\"> | <b><i>Envejecimiento y composici\u00f3n corporal<\/i><\/b> <\/span> <\/h5>\n<p><span data-contrast=\"auto\">Profesora Joana Correia | Instituto Polit\u00e9cnico de Oporto<\/span><span data-ccp-props=\"{\"201341983\":0,\"335559739\":160,\"335559740\":279}\"> <\/span><\/p>\n\t\t<\/div>\n\t\t\t\t<div id=\"wd-67a6969bb8119\" class=\"wd-text-block wd-wpb reset-last-child wd-rs-67a6969bb8119 wd-width-100 text-left \">\n\t\t\t<h5><b><span data-contrast=\"auto\">11h30<\/span><\/b><span data-ccp-props=\"{\"201341983\":0,\"335559739\":160,\"335559740\":279}\">  |  <b><i>Preservar la autonom\u00eda funcional. El papel multidimensional de la actividad f\u00edsica <\/i><\/b> <\/span><\/h5>\n<p><span data-contrast=\"auto\">Profesora Dra. Carolina Vila-Ch\u00e3 | <span class=\"TextRun SCXW115672946 BCX0\" lang=\"PT-PT\" data-contrast=\"auto\"><span class=\"NormalTextRun SCXW115672946 BCX0\">Instituto Polit\u00e9cnico de C\u00e1vado y Ave<\/span><\/span><\/span><span data-ccp-props=\"{\"201341983\":0,\"335559739\":160,\"335559740\":279}\"> <\/span><\/p>\n\t\t<\/div>\n\t\t\t\t<div id=\"wd-67a696a806575\" class=\"wd-text-block wd-wpb reset-last-child wd-rs-67a696a806575 wd-width-100 text-left \">\n\t\t\t<h5><b><span data-contrast=\"auto\">12h00<\/span><\/b><span data-ccp-props=\"{\"201341983\":0,\"335559739\":160,\"335559740\":279}\"> | <b><i>Juegos de cooperaci\u00f3n en aquaerobic <\/i><\/b> <\/span> <\/h5>\n<p><span data-contrast=\"auto\">Profesora Elisa \u00c2ngelo &amp; Profesor Francisco Campos | Instituto Polit\u00e9cnico de Coimbra<\/span><span data-ccp-props=\"{\"201341983\":0,\"335559739\":160,\"335559740\":279}\"> <\/span><\/p>\n\t\t<\/div>\n\t\t\t\t<div id=\"wd-67a696e6d73a9\" class=\"wd-text-block wd-wpb reset-last-child wd-rs-67a696e6d73a9 wd-width-100 text-left \">\n\t\t\t<h5><b><span data-contrast=\"auto\">12h30<\/span><\/b><span data-ccp-props=\"{\"201341983\":0,\"335559739\":160,\"335559740\":279}\"> | <b><i>El curioso caso de Jos\u00e9 Hermano da Silva<\/i><\/b> <\/span> <\/h5>\n<p><span data-contrast=\"auto\">Profesor C\u00e9sar Chaves | Instituto Polit\u00e9cnico de Viana do Castelo<\/span><span data-ccp-props=\"{\"201341983\":0,\"335559739\":160,\"335559740\":279}\"> <\/span><\/p>\n\t\t<\/div>\n\t\t\t\t<div id=\"wd-67a694eb2903d\" class=\"wd-text-block wd-wpb reset-last-child wd-rs-67a694eb2903d wd-width-100 text-left \">\n\t\t\t<h5><b><span data-contrast=\"auto\">13h00<\/span><\/b><span data-ccp-props=\"{\"201341983\":0,\"335559739\":160,\"335559740\":279}\"> | <i>Almuerzo<\/i><\/span><\/h5>\n\t\t<\/div>\n\t\t[\/vc_column][vc_column width=\u00bb1\/2&#8243; css=\u00bb.vc_custom_1484657123074{padding-top: 0px !important;}\u00bb]\t\t<div id=\"wd-67a696cedcc30\" class=\"wd-text-block wd-wpb reset-last-child wd-rs-67a696cedcc30 wd-width-100 text-left \">\n\t\t\t<h5><b><i><span data-contrast=\"auto\">14h00 | Destreino y la Tercera Edad  <\/span><\/i><\/b><\/h5>\n<p><span data-contrast=\"auto\">Profesor Lu\u00eds Leit\u00e3o | Instituto Polit\u00e9cnico de Set\u00fabal<\/span><span data-ccp-props=\"{}\"> <\/span><\/p>\n\t\t<\/div>\n\t\t\t\t<div id=\"wd-67a69710bcd9e\" class=\"wd-text-block wd-wpb reset-last-child wd-rs-67a69710bcd9e wd-width-100 text-left \">\n\t\t\t<h5><b><span data-contrast=\"auto\">14h30<\/span><\/b><span data-ccp-props=\"{}\"> | <b><i>Educaci\u00f3n intergeneracional: una sociedad para todas las edades<\/i><\/b><\/span><\/h5>\n<p><span data-contrast=\"auto\">Profesora Dra. Neila Barbosa Os\u00f3rio | Universidad Federal de Tocantins<\/span><span data-ccp-props=\"{}\"> <\/span><\/p>\n\t\t<\/div>\n\t\t\t\t<div id=\"wd-67a697246de41\" class=\"wd-text-block wd-wpb reset-last-child wd-rs-67a697246de41 wd-width-100 text-left \">\n\t\t\t<h5><b><span data-contrast=\"auto\">15h00<\/span><\/b><span data-ccp-props=\"{\"201341983\":0,\"335559739\":160,\"335559740\":279}\"> | <b><i>Las ca\u00eddas matan, pero se pueden prevenir<\/i><\/b> <\/span> <\/h5>\n<p><span data-contrast=\"auto\">Profesor Filipe Fernandes Rodrigues | Instituto Polit\u00e9cnico de Leiria<\/span><span data-ccp-props=\"{\"201341983\":0,\"335559739\":160,\"335559740\":279}\"> <\/span><\/p>\n\t\t<\/div>\n\t\t\t\t<div id=\"wd-67a69732afff5\" class=\"wd-text-block wd-wpb reset-last-child wd-rs-67a69732afff5 wd-width-100 text-left \">\n\t\t\t<h5><b><span data-contrast=\"auto\">15h30<\/span><\/b><span data-ccp-props=\"{\"201341983\":0,\"335559739\":160,\"335559740\":279}\"> | <b><i>Ser viejo no es ser joven: \u00bfqu\u00e9 tipo de ejercicio f\u00edsico es el adecuado?<\/i><\/b> <\/span> <\/h5>\n<p><span data-contrast=\"auto\">Profesora Ana Pereira | Instituto Polit\u00e9cnico de Set\u00fabal<\/span><span data-ccp-props=\"{\"201341983\":0,\"335559739\":160,\"335559740\":279}\"> <\/span><\/p>\n\t\t<\/div>\n\t\t\t\t<div id=\"wd-67a697474a161\" class=\"wd-text-block wd-wpb reset-last-child wd-rs-67a697474a161 wd-width-100 text-left \">\n\t\t\t<h5><b><span data-contrast=\"auto\">16h00<\/span><\/b><span data-ccp-props=\"{\"201341983\":0,\"335559739\":160,\"335559740\":279}\"> | <\/span> <\/h5>\n<p><span data-contrast=\"auto\">Profesora Dra. V\u00e2nia Azevedo Ferreira Brand\u00e3o Loureiro | Instituto Polit\u00e9cnico de Beja<\/span><span data-ccp-props=\"{\"201341983\":0,\"335559739\":160,\"335559740\":279}\"> <\/span><\/p>\n\t\t<\/div>\n\t\t\t\t<div id=\"wd-67a69766e7d1c\" class=\"wd-text-block wd-wpb reset-last-child wd-rs-67a69766e7d1c wd-width-100 text-left \">\n\t\t\t<h5><b><span data-contrast=\"auto\">16h30<\/span><\/b><span data-ccp-props=\"{\"201341983\":0,\"335559739\":160,\"335559740\":279}\"> | <b><i>Diagn\u00f3stico de la Sarcopenia<\/i><\/b> <\/span> <\/h5>\n<p><span data-contrast=\"auto\">Profesor Dalmo Machado | Universidad de Algarve<\/span><span data-ccp-props=\"{\"201341983\":0,\"335559739\":160,\"335559740\":279}\"> <\/span><\/p>\n\t\t<\/div>\n\t\t\t\t<div id=\"wd-67a69781c6ab1\" class=\"wd-text-block wd-wpb reset-last-child wd-rs-67a69781c6ab1 wd-width-100 text-left \">\n\t\t\t<h5><b><i><span data-contrast=\"auto\">17:00 | Entrenamiento de fuerza basado en la velocidad<\/span><\/i><\/b><span data-ccp-props=\"{\"201341983\":0,\"335559739\":160,\"335559740\":279}\"> <\/span><\/h5>\n<p><span data-contrast=\"auto\">Profesor Rafael Oliveira | Instituto Polit\u00e9cnico de Santar\u00e9m<\/span><span data-ccp-props=\"{\"201341983\":0,\"335559739\":160,\"335559740\":279}\"> <\/span><\/p>\n\t\t<\/div>\n\t\t\t\t<div id=\"wd-67a6979ca8de5\" class=\"wd-text-block wd-wpb reset-last-child wd-rs-67a6979ca8de5 wd-width-100 text-left \">\n\t\t\t<h5><b><i><span data-contrast=\"auto\">17:30 | Conferencia de clausura<\/span><\/i><\/b><\/h5>\n<p><span data-contrast=\"auto\">Profesor Dr. Luiz Sin\u00e9sio Neto<\/span><span data-ccp-props=\"{\"201341983\":0,\"335559739\":160,\"335559740\":279}\"> <\/span><\/p>\n\t\t<\/div>\n\t\t[\/vc_column][\/vc_row][vc_row css=\u00bb.vc_custom_1496940694752{margin-bottom: 20px !important;}\u00bb][vc_column css=\u00bb.vc_custom_1484657273903{padding-top: 0px !important;}\u00bb]\n\t\t<div id=\"wd-67a721bd89593\" class=\"title-wrapper wd-wpb set-mb-s reset-last-child  wd-rs-67a721bd89593 wd-title-color-default wd-title-style-bordered wd-width-100 text-left vc_custom_1739006402013 wd-underline-colored\">\n\t\t\t\n\t\t\t<div class=\"liner-continer\">\n\t\t\t\t<h4 class=\"woodmart-title-container title  wd-font-weight- wd-fontsize-l\" >COMIT\u00c9 ORGANIZADOR<\/h4>\n\t\t\t\t\t\t\t<\/div>\n\t\t\t\n\t\t\t\n\t\t\t\n\t\t<\/div>\n\t\t\n\t\t[\/vc_column][\/vc_row][vc_row equal_height=\u00bbyes\u00bb css=\u00bb.vc_custom_1629893241850{margin-bottom: 50px !important;}\u00bb wd_z_index=\u00bbno\u00bb woodmart_css_id=\u00bb6126327347fb2&#8243; responsive_spacing=\u00bbeyJwYXJhbV90eXBlIjoid29vZG1hcnRfcmVzcG9uc2l2ZV9zcGFjaW5nIiwic2VsZWN0b3JfaWQiOiI2MTI2MzI3MzQ3ZmIyIiwic2hvcnRjb2RlIjoidmNfcm93IiwiZGF0YSI6eyJ0YWJsZXQiOnt9LCJtb2JpbGUiOnsibWFyZ2luLWJvdHRvbSI6IjMwIn19fQ==\u00bb mobile_bg_img_hidden=\u00bbno\u00bb tablet_bg_img_hidden=\u00bbno\u00bb woodmart_parallax=\u00bb0&#8243; woodmart_gradient_switch=\u00bbno\u00bb row_reverse_mobile=\u00bb0&#8243; row_reverse_tablet=\u00bb0&#8243; woodmart_disable_overflow=\u00bb0&#8243;][vc_column width=\u00bb1\/3&#8243; css=\u00bb.vc_custom_1484657119633{padding-top: 0px !important;}\u00bb]\t\t<div id=\"wd-67a698067c450\" class=\"wd-text-block wd-wpb reset-last-child wd-rs-67a698067c450 wd-width-100 text-left \">\n\t\t\t<h5><b><span data-contrast=\"auto\">Ant\u00f3nio Monteiro<\/span><\/b><span data-ccp-props=\"{}\"> <\/span><\/h5>\n<p><span data-contrast=\"auto\">Instituto Polit\u00e9cnico de Bragan\u00e7a | Portugal<\/span><span data-ccp-props=\"{}\"> <\/span><\/p>\n\t\t<\/div>\n\t\t\t\t<div id=\"wd-67a698c5652ec\" class=\"wd-text-block wd-wpb reset-last-child wd-rs-67a698c5652ec wd-width-100 text-left \">\n\t\t\t<h5><b><span data-contrast=\"auto\">Bruno Trindade<\/span><\/b><span data-ccp-props=\"{}\"> <\/span><\/h5>\n<p><span data-contrast=\"auto\">ANGES | Portugal<\/span><span data-ccp-props=\"{}\"> <\/span><span data-ccp-props=\"{}\"> <\/span><\/p>\n\t\t<\/div>\n\t\t\t\t<div id=\"wd-67a6377f02abf\" class=\"wd-text-block wd-wpb reset-last-child wd-rs-67a6377f02abf wd-width-100 text-left \">\n\t\t\t<h5><b><span data-contrast=\"auto\">Crist\u00f3v\u00e3o Margarido<\/span><\/b><span data-ccp-props=\"{}\"> <\/span><\/h5>\n<p>Instituto Polit\u00e9cnico de Leiria | Portugal<\/p>\n\t\t<\/div>\n\t\t\t\t<div id=\"wd-67a698d22f391\" class=\"wd-text-block wd-wpb reset-last-child wd-rs-67a698d22f391 wd-width-100 text-left \">\n\t\t\t<h5><b><span data-contrast=\"auto\">Dalmo Machado<\/span><\/b><span data-ccp-props=\"{}\"> <\/span><\/h5>\n<p><span data-contrast=\"auto\">Universidad de Algarve | Portugal<\/span><span data-ccp-props=\"{}\"> <\/span><\/p>\n\t\t<\/div>\n\t\t\t\t<div id=\"wd-67a698e1b335f\" class=\"wd-text-block wd-wpb reset-last-child wd-rs-67a698e1b335f wd-width-100 text-left \">\n\t\t\t<h5><b><span data-contrast=\"auto\">Diogo Mendes<\/span><\/b><span data-ccp-props=\"{}\"> <\/span><\/h5>\n<p><span data-contrast=\"auto\">ANGES | Portugal<\/span><span data-ccp-props=\"{}\"> <\/span><\/p>\n\t\t<\/div>\n\t\t\t\t<div id=\"wd-67a698f0bc5a2\" class=\"wd-text-block wd-wpb reset-last-child wd-rs-67a698f0bc5a2 wd-width-100 text-left \">\n\t\t\t<h5><b><span data-contrast=\"auto\">Diogo Monteiro<\/span><\/b><span data-ccp-props=\"{}\"> <\/span><\/h5>\n<p><span data-contrast=\"auto\">Instituto Polit\u00e9cnico de Leiria | Portugal<\/span><span data-ccp-props=\"{}\"> <\/span><\/p>\n\t\t<\/div>\n\t\t\t\t<div id=\"wd-67a699005b467\" class=\"wd-text-block wd-wpb reset-last-child wd-rs-67a699005b467 wd-width-100 text-left \">\n\t\t\t<h5><b><span data-contrast=\"auto\">Filipe Rodrigues<\/span><\/b><span data-ccp-props=\"{}\"> <\/span><\/h5>\n<p><span data-contrast=\"auto\">Instituto Polit\u00e9cnico de Leiria | Portugal<\/span><span data-ccp-props=\"{}\"> <\/span><\/p>\n\t\t<\/div>\n\t\t\t\t<div id=\"wd-67a699111c85c\" class=\"wd-text-block wd-wpb reset-last-child wd-rs-67a699111c85c wd-width-100 text-left \">\n\t\t\t<h5><b><span data-contrast=\"auto\">Francisco Campos<\/span><\/b><span data-ccp-props=\"{}\"> <\/span><\/h5>\n<p><span data-contrast=\"auto\">Instituto Polit\u00e9cnico de Coimbra | Portugal<\/span><span data-ccp-props=\"{}\"> <\/span><\/p>\n\t\t<\/div>\n\t\t[\/vc_column][vc_column width=\u00bb1\/3&#8243;]\t\t<div id=\"wd-67a699249826e\" class=\"wd-text-block wd-wpb reset-last-child wd-rs-67a699249826e wd-width-100 text-left \">\n\t\t\t<h5><b><span data-contrast=\"auto\">Luiz Sin\u00e9sio Neto<\/span><\/b><span data-ccp-props=\"{}\"> <\/span><\/h5>\n<p><span data-contrast=\"auto\">Universidad Federal de Tocantins | Brasil<\/span><span data-ccp-props=\"{}\"> <\/span><\/p>\n\t\t<\/div>\n\t\t\t\t<div id=\"wd-67a69936494fb\" class=\"wd-text-block wd-wpb reset-last-child wd-rs-67a69936494fb wd-width-100 text-left \">\n\t\t\t<h5><b><span data-contrast=\"auto\">Marta Ferreiro<\/span><\/b><span data-ccp-props=\"{}\"> <\/span><\/h5>\n<p><span data-contrast=\"auto\">ANGES | Portugal<\/span><span data-ccp-props=\"{}\"> <\/span><\/p>\n\t\t<\/div>\n\t\t\t\t<div id=\"wd-67a699472853a\" class=\"wd-text-block wd-wpb reset-last-child wd-rs-67a699472853a wd-width-100 text-left \">\n\t\t\t<h5><b><span data-contrast=\"auto\">Miguel Jacinto<\/span><\/b><span data-ccp-props=\"{}\"> <\/span><\/h5>\n<p><span data-contrast=\"auto\">Instituto Polit\u00e9cnico de Leiria | Portugal<\/span><span data-ccp-props=\"{}\"> <\/span><\/p>\n\t\t<\/div>\n\t\t\t\t<div id=\"wd-67a699587fe59\" class=\"wd-text-block wd-wpb reset-last-child wd-rs-67a699587fe59 wd-width-100 text-left \">\n\t\t\t<h5><b><span data-contrast=\"auto\">Milene Abreu<\/span><\/b><span data-ccp-props=\"{}\"> <\/span><\/h5>\n<p><span data-contrast=\"auto\">ANGES | Portugal<\/span><span data-ccp-props=\"{}\"> <\/span><\/p>\n\t\t<\/div>\n\t\t\t\t<div id=\"wd-67a6996d26cd7\" class=\"wd-text-block wd-wpb reset-last-child wd-rs-67a6996d26cd7 wd-width-100 text-left \">\n\t\t\t<h5><b><span data-contrast=\"auto\">Neila Barbosa Os\u00f3rio<\/span><\/b><span data-ccp-props=\"{}\"> <\/span><\/h5>\n<p><span data-contrast=\"auto\">Universidad Federal de Tocantins | Brasil Instituto Polit\u00e9cnico de Bragan\u00e7a | Portugal<\/span><span data-ccp-props=\"{}\"> <\/span><\/p>\n\t\t<\/div>\n\t\t\t\t<div id=\"wd-67a69980c1fc2\" class=\"wd-text-block wd-wpb reset-last-child wd-rs-67a69980c1fc2 wd-width-100 text-left \">\n\t\t\t<h5><b><span data-contrast=\"auto\">Nuno Amaro<\/span><\/b><span data-ccp-props=\"{}\"> <\/span><\/h5>\n<p><span data-contrast=\"auto\">Instituto Polit\u00e9cnico de Leiria | Portugal<\/span><span data-ccp-props=\"{}\"> <\/span><\/p>\n\t\t<\/div>\n\t\t\t\t<div id=\"wd-67a69980c1fc2\" class=\"wd-text-block wd-wpb reset-last-child wd-rs-67a69980c1fc2 wd-width-100 text-left \">\n\t\t\t<h5><b><span data-contrast=\"auto\">Nuno Amaro<\/span><\/b><span data-ccp-props=\"{}\"> <\/span><\/h5>\n<p><span data-contrast=\"auto\">Instituto Polit\u00e9cnico de Leiria | Portugal<\/span><span data-ccp-props=\"{}\"> <\/span><\/p>\n\t\t<\/div>\n\t\t\t\t<div id=\"wd-67a6998f5ec78\" class=\"wd-text-block wd-wpb reset-last-child wd-rs-67a6998f5ec78 wd-width-100 text-left \">\n\t\t\t<h5><b><span data-contrast=\"auto\">Paulino Rosa<\/span><\/b><span data-ccp-props=\"{}\"> <\/span><\/h5>\n<p><span data-contrast=\"auto\">Instituto Polit\u00e9cnico de Leiria | Portugal<\/span><span data-ccp-props=\"{}\"> <\/span><\/p>\n\t\t<\/div>\n\t\t\t\t<div id=\"wd-67a699a3194b8\" class=\"wd-text-block wd-wpb reset-last-child wd-rs-67a699a3194b8 wd-width-100 text-left \">\n\t\t\t<h5><b><span data-contrast=\"auto\">Pedro Mendes<\/span><\/b><span data-ccp-props=\"{}\"> <\/span><\/h5>\n<p><span data-contrast=\"auto\">Instituto Polit\u00e9cnico de Castelo Branco | Portugal<\/span><span data-ccp-props=\"{}\"> <\/span><\/p>\n\t\t<\/div>\n\t\t[\/vc_column][vc_column width=\u00bb1\/3&#8243;]\t\t<div id=\"wd-67a699b4636d9\" class=\"wd-text-block wd-wpb reset-last-child wd-rs-67a699b4636d9 wd-width-100 text-left \">\n\t\t\t<h5><b><span data-contrast=\"auto\">Rafael Oliveira<\/span><\/b><span data-ccp-props=\"{}\"> <\/span><\/h5>\n<p><span data-ccp-props=\"{}\">Instituto Polit\u00e9cnico de Santar\u00e9m | Portugal  <\/span><\/p>\n\t\t<\/div>\n\t\t\t\t<div id=\"wd-67a699c68b94a\" class=\"wd-text-block wd-wpb reset-last-child wd-rs-67a699c68b94a wd-width-100 text-left \">\n\t\t\t<h5><b><span data-contrast=\"auto\">Ra\u00fal Antunes<\/span><\/b><span data-ccp-props=\"{}\"> <\/span><\/h5>\n<p><span data-contrast=\"auto\">Instituto Polit\u00e9cnico de Leiria | Portugal<\/span><span data-ccp-props=\"{}\"> <\/span><\/p>\n\t\t<\/div>\n\t\t\t\t<div id=\"wd-67a699d56bed2\" class=\"wd-text-block wd-wpb reset-last-child wd-rs-67a699d56bed2 wd-width-100 text-left \">\n\t\t\t<h5><b><span data-contrast=\"auto\">Ricardo Pocinho<\/span><\/b><span data-ccp-props=\"{}\"> <\/span><\/h5>\n<p><span data-contrast=\"auto\">Instituto Polit\u00e9cnico de Leiria | Portugal<\/span><span data-ccp-props=\"{}\"> <\/span><\/p>\n\t\t<\/div>\n\t\t\t\t<div id=\"wd-67a699e5f377f\" class=\"wd-text-block wd-wpb reset-last-child wd-rs-67a699e5f377f wd-width-100 text-left \">\n\t\t\t<h5><b><span data-contrast=\"auto\">Rui Santos<\/span><\/b><span data-ccp-props=\"{}\"> <\/span><\/h5>\n<p><span data-contrast=\"auto\">Instituto Polit\u00e9cnico de Leiria | Portugal<\/span><span data-ccp-props=\"{}\"> <\/span><\/p>\n\t\t<\/div>\n\t\t\t\t<div id=\"wd-67a699f8c95c3\" class=\"wd-text-block wd-wpb reset-last-child wd-rs-67a699f8c95c3 wd-width-100 text-left \">\n\t\t\t<h5><b><span data-contrast=\"auto\">S\u00edlvia Silva<\/span><\/b><span data-ccp-props=\"{}\"> <\/span><\/h5>\n<p><span data-contrast=\"auto\">Instituto Polit\u00e9cnico de Leiria | Portugal<\/span><span data-ccp-props=\"{}\"> <\/span><\/p>\n\t\t<\/div>\n\t\t\t\t<div id=\"wd-67a69a089c3de\" class=\"wd-text-block wd-wpb reset-last-child wd-rs-67a69a089c3de wd-width-100 text-left \">\n\t\t\t<h5><b><span data-contrast=\"auto\">T\u00e2nia Cardoso<\/span><\/b><span data-ccp-props=\"{}\"> <\/span><\/h5>\n<p><span data-contrast=\"auto\">ANGES | Portugal<\/span><span data-ccp-props=\"{}\"> <\/span><\/p>\n\t\t<\/div>\n\t\t\t\t<div id=\"wd-67a69a1dd32af\" class=\"wd-text-block wd-wpb reset-last-child wd-rs-67a69a1dd32af wd-width-100 text-left \">\n\t\t\t<h5><b><span data-contrast=\"auto\">V\u00e2nia Loureiro<\/span><\/b><span data-ccp-props=\"{}\"> <\/span><\/h5>\n<p><span data-contrast=\"auto\">Instituto Polit\u00e9cnico de Beja | Portugal<\/span><span data-ccp-props=\"{}\"> <\/span><\/p>\n\t\t<\/div>\n\t\t\t\t<div id=\"wd-67a63771259e2\" class=\"wd-text-block wd-wpb reset-last-child wd-rs-67a63771259e2 wd-width-100 text-left \">\n\t\t\t<h5><b><span data-contrast=\"auto\">Ant\u00f3nio Monteiro<\/span><\/b><span data-ccp-props=\"{}\"> <\/span><\/h5>\n<p><span data-contrast=\"auto\">Instituto Polit\u00e9cnico de Bragan\u00e7a | Portugal<\/span><span data-ccp-props=\"{}\"> <\/span><\/p>\n\t\t<\/div>\n\t\t[\/vc_column][\/vc_row][vc_row css=\u00bb.vc_custom_1496940694752{margin-bottom: 20px !important;}\u00bb][vc_column css=\u00bb.vc_custom_1484657273903{padding-top: 0px !important;}\u00bb]\n\t\t<div id=\"wd-67a721c6c08c2\" class=\"title-wrapper wd-wpb set-mb-s reset-last-child  wd-rs-67a721c6c08c2 wd-title-color-default wd-title-style-bordered wd-width-100 text-left vc_custom_1739006410911 wd-underline-colored\">\n\t\t\t\n\t\t\t<div class=\"liner-continer\">\n\t\t\t\t<h4 class=\"woodmart-title-container title  wd-font-weight- wd-fontsize-l\" >COMIT\u00c9 CIENT\u00cdFICO<\/h4>\n\t\t\t\t\t\t\t<\/div>\n\t\t\t\n\t\t\t\n\t\t\t\n\t\t<\/div>\n\t\t\n\t\t[\/vc_column][\/vc_row][vc_row equal_height=\u00bbyes\u00bb css=\u00bb.vc_custom_1629893241850{margin-bottom: 50px !important;}\u00bb wd_z_index=\u00bbno\u00bb woodmart_css_id=\u00bb6126327347fb2&#8243; responsive_spacing=\u00bbeyJwYXJhbV90eXBlIjoid29vZG1hcnRfcmVzcG9uc2l2ZV9zcGFjaW5nIiwic2VsZWN0b3JfaWQiOiI2MTI2MzI3MzQ3ZmIyIiwic2hvcnRjb2RlIjoidmNfcm93IiwiZGF0YSI6eyJ0YWJsZXQiOnt9LCJtb2JpbGUiOnsibWFyZ2luLWJvdHRvbSI6IjMwIn19fQ==\u00bb mobile_bg_img_hidden=\u00bbno\u00bb tablet_bg_img_hidden=\u00bbno\u00bb woodmart_parallax=\u00bb0&#8243; woodmart_gradient_switch=\u00bbno\u00bb row_reverse_mobile=\u00bb0&#8243; row_reverse_tablet=\u00bb0&#8243; woodmart_disable_overflow=\u00bb0&#8243;][vc_column width=\u00bb1\/3&#8243; css=\u00bb.vc_custom_1484657119633{padding-top: 0px !important;}\u00bb]\t\t<div id=\"wd-67a69b0056adb\" class=\"wd-text-block wd-wpb reset-last-child wd-rs-67a69b0056adb wd-width-100 text-left \">\n\t\t\t<h5><b><span data-contrast=\"auto\">Presidente del Comit\u00e9 Cient\u00edfico<\/span><\/b><\/h5>\n<h5><b><span data-contrast=\"auto\">Filipe Rodrigues<\/span><\/b><span data-ccp-props=\"{}\"> <\/span><\/h5>\n<p><span data-contrast=\"auto\">Instituto Polit\u00e9cnico de Leiria | Portugal<\/span><span data-ccp-props=\"{}\"> <\/span><\/p>\n\t\t<\/div>\n\t\t\t\t<div id=\"wd-67a69a651d1a0\" class=\"wd-text-block wd-wpb reset-last-child wd-rs-67a69a651d1a0 wd-width-100 text-left \">\n\t\t\t<h5><b><span data-contrast=\"auto\">Ana Fernandes<\/span><\/b><span data-ccp-props=\"{}\"> <\/span><\/h5>\n<p><span data-contrast=\"auto\">Instituto Polit\u00e9cnico de Beja | Portugal<\/span><span data-ccp-props=\"{}\"> <\/span><\/p>\n\t\t<\/div>\n\t\t\t\t<div id=\"wd-67a6377f02abf\" class=\"wd-text-block wd-wpb reset-last-child wd-rs-67a6377f02abf wd-width-100 text-left \">\n\t\t\t<h5><b><span data-contrast=\"auto\">Crist\u00f3v\u00e3o Margarido<\/span><\/b><span data-ccp-props=\"{}\"> <\/span><\/h5>\n<p>Instituto Polit\u00e9cnico de Leiria | Portugal<\/p>\n\t\t<\/div>\n\t\t\t\t<div id=\"wd-67a6377f02abf\" class=\"wd-text-block wd-wpb reset-last-child wd-rs-67a6377f02abf wd-width-100 text-left \">\n\t\t\t<h5><b><span data-contrast=\"auto\">Crist\u00f3v\u00e3o Margarido<\/span><\/b><span data-ccp-props=\"{}\"> <\/span><\/h5>\n<p>Instituto Polit\u00e9cnico de Leiria | Portugal<\/p>\n\t\t<\/div>\n\t\t\t\t<div id=\"wd-67a6377f02abf\" class=\"wd-text-block wd-wpb reset-last-child wd-rs-67a6377f02abf wd-width-100 text-left \">\n\t\t\t<h5><b><span data-contrast=\"auto\">Crist\u00f3v\u00e3o Margarido<\/span><\/b><span data-ccp-props=\"{}\"> <\/span><\/h5>\n<p>Instituto Polit\u00e9cnico de Leiria | Portugal<\/p>\n\t\t<\/div>\n\t\t\t\t<div id=\"wd-67a6377f02abf\" class=\"wd-text-block wd-wpb reset-last-child wd-rs-67a6377f02abf wd-width-100 text-left \">\n\t\t\t<h5><b><span data-contrast=\"auto\">Crist\u00f3v\u00e3o Margarido<\/span><\/b><span data-ccp-props=\"{}\"> <\/span><\/h5>\n<p>Instituto Polit\u00e9cnico de Leiria | Portugal<\/p>\n\t\t<\/div>\n\t\t\t\t<div id=\"wd-67a6377f02abf\" class=\"wd-text-block wd-wpb reset-last-child wd-rs-67a6377f02abf wd-width-100 text-left \">\n\t\t\t<h5><b><span data-contrast=\"auto\">Crist\u00f3v\u00e3o Margarido<\/span><\/b><span data-ccp-props=\"{}\"> <\/span><\/h5>\n<p>Instituto Polit\u00e9cnico de Leiria | Portugal<\/p>\n\t\t<\/div>\n\t\t\t\t<div id=\"wd-67a6377f02abf\" class=\"wd-text-block wd-wpb reset-last-child wd-rs-67a6377f02abf wd-width-100 text-left \">\n\t\t\t<h5><b><span data-contrast=\"auto\">Crist\u00f3v\u00e3o Margarido<\/span><\/b><span data-ccp-props=\"{}\"> <\/span><\/h5>\n<p>Instituto Polit\u00e9cnico de Leiria | Portugal<\/p>\n\t\t<\/div>\n\t\t\t\t<div id=\"wd-67a6377f02abf\" class=\"wd-text-block wd-wpb reset-last-child wd-rs-67a6377f02abf wd-width-100 text-left \">\n\t\t\t<h5><b><span data-contrast=\"auto\">Crist\u00f3v\u00e3o Margarido<\/span><\/b><span data-ccp-props=\"{}\"> <\/span><\/h5>\n<p>Instituto Polit\u00e9cnico de Leiria | Portugal<\/p>\n\t\t<\/div>\n\t\t\t\t<div id=\"wd-67a6377f02abf\" class=\"wd-text-block wd-wpb reset-last-child wd-rs-67a6377f02abf wd-width-100 text-left \">\n\t\t\t<h5><b><span data-contrast=\"auto\">Crist\u00f3v\u00e3o Margarido<\/span><\/b><span data-ccp-props=\"{}\"> <\/span><\/h5>\n<p>Instituto Polit\u00e9cnico de Leiria | Portugal<\/p>\n\t\t<\/div>\n\t\t\t\t<div id=\"wd-67a6377f02abf\" class=\"wd-text-block wd-wpb reset-last-child wd-rs-67a6377f02abf wd-width-100 text-left \">\n\t\t\t<h5><b><span data-contrast=\"auto\">Crist\u00f3v\u00e3o Margarido<\/span><\/b><span data-ccp-props=\"{}\"> <\/span><\/h5>\n<p>Instituto Polit\u00e9cnico de Leiria | Portugal<\/p>\n\t\t<\/div>\n\t\t\t\t<div id=\"wd-67a6377f02abf\" class=\"wd-text-block wd-wpb reset-last-child wd-rs-67a6377f02abf wd-width-100 text-left \">\n\t\t\t<h5><b><span data-contrast=\"auto\">Crist\u00f3v\u00e3o Margarido<\/span><\/b><span data-ccp-props=\"{}\"> <\/span><\/h5>\n<p>Instituto Polit\u00e9cnico de Leiria | Portugal<\/p>\n\t\t<\/div>\n\t\t\t\t<div id=\"wd-67a6377f02abf\" class=\"wd-text-block wd-wpb reset-last-child wd-rs-67a6377f02abf wd-width-100 text-left \">\n\t\t\t<h5><b><span data-contrast=\"auto\">Crist\u00f3v\u00e3o Margarido<\/span><\/b><span data-ccp-props=\"{}\"> <\/span><\/h5>\n<p>Instituto Polit\u00e9cnico de Leiria | Portugal<\/p>\n\t\t<\/div>\n\t\t\t\t<div id=\"wd-67a6377f02abf\" class=\"wd-text-block wd-wpb reset-last-child wd-rs-67a6377f02abf wd-width-100 text-left \">\n\t\t\t<h5><b><span data-contrast=\"auto\">Crist\u00f3v\u00e3o Margarido<\/span><\/b><span data-ccp-props=\"{}\"> <\/span><\/h5>\n<p>Instituto Polit\u00e9cnico de Leiria | Portugal<\/p>\n\t\t<\/div>\n\t\t\t\t<div id=\"wd-67a6377f02abf\" class=\"wd-text-block wd-wpb reset-last-child wd-rs-67a6377f02abf wd-width-100 text-left \">\n\t\t\t<h5><b><span data-contrast=\"auto\">Crist\u00f3v\u00e3o Margarido<\/span><\/b><span data-ccp-props=\"{}\"> <\/span><\/h5>\n<p>Instituto Polit\u00e9cnico de Leiria | Portugal<\/p>\n\t\t<\/div>\n\t\t[\/vc_column][vc_column width=\u00bb1\/3&#8243;]\t\t<div id=\"wd-67a63771259e2\" class=\"wd-text-block wd-wpb reset-last-child wd-rs-67a63771259e2 wd-width-100 text-left \">\n\t\t\t<h5><b><span data-contrast=\"auto\">Ant\u00f3nio Monteiro<\/span><\/b><span data-ccp-props=\"{}\"> <\/span><\/h5>\n<p><span data-contrast=\"auto\">Instituto Polit\u00e9cnico de Bragan\u00e7a | Portugal<\/span><span data-ccp-props=\"{}\"> <\/span><\/p>\n\t\t<\/div>\n\t\t\t\t<div id=\"wd-67a63771259e2\" class=\"wd-text-block wd-wpb reset-last-child wd-rs-67a63771259e2 wd-width-100 text-left \">\n\t\t\t<h5><b><span data-contrast=\"auto\">Ant\u00f3nio Monteiro<\/span><\/b><span data-ccp-props=\"{}\"> <\/span><\/h5>\n<p><span data-contrast=\"auto\">Instituto Polit\u00e9cnico de Bragan\u00e7a | Portugal<\/span><span data-ccp-props=\"{}\"> <\/span><\/p>\n\t\t<\/div>\n\t\t\t\t<div id=\"wd-67a63771259e2\" class=\"wd-text-block wd-wpb reset-last-child wd-rs-67a63771259e2 wd-width-100 text-left \">\n\t\t\t<h5><b><span data-contrast=\"auto\">Ant\u00f3nio Monteiro<\/span><\/b><span data-ccp-props=\"{}\"> <\/span><\/h5>\n<p><span data-contrast=\"auto\">Instituto Polit\u00e9cnico de Bragan\u00e7a | Portugal<\/span><span data-ccp-props=\"{}\"> <\/span><\/p>\n\t\t<\/div>\n\t\t\t\t<div id=\"wd-67a63771259e2\" class=\"wd-text-block wd-wpb reset-last-child wd-rs-67a63771259e2 wd-width-100 text-left \">\n\t\t\t<h5><b><span data-contrast=\"auto\">Ant\u00f3nio Monteiro<\/span><\/b><span data-ccp-props=\"{}\"> <\/span><\/h5>\n<p><span data-contrast=\"auto\">Instituto Polit\u00e9cnico de Bragan\u00e7a | Portugal<\/span><span data-ccp-props=\"{}\"> <\/span><\/p>\n\t\t<\/div>\n\t\t\t\t<div id=\"wd-67a63771259e2\" class=\"wd-text-block wd-wpb reset-last-child wd-rs-67a63771259e2 wd-width-100 text-left \">\n\t\t\t<h5><b><span data-contrast=\"auto\">Ant\u00f3nio Monteiro<\/span><\/b><span data-ccp-props=\"{}\"> <\/span><\/h5>\n<p><span data-contrast=\"auto\">Instituto Polit\u00e9cnico de Bragan\u00e7a | Portugal<\/span><span data-ccp-props=\"{}\"> <\/span><\/p>\n\t\t<\/div>\n\t\t\t\t<div id=\"wd-67a63771259e2\" class=\"wd-text-block wd-wpb reset-last-child wd-rs-67a63771259e2 wd-width-100 text-left \">\n\t\t\t<h5><b><span data-contrast=\"auto\">Ant\u00f3nio Monteiro<\/span><\/b><span data-ccp-props=\"{}\"> <\/span><\/h5>\n<p><span data-contrast=\"auto\">Instituto Polit\u00e9cnico de Bragan\u00e7a | Portugal<\/span><span data-ccp-props=\"{}\"> <\/span><\/p>\n\t\t<\/div>\n\t\t\t\t<div id=\"wd-67a63771259e2\" class=\"wd-text-block wd-wpb reset-last-child wd-rs-67a63771259e2 wd-width-100 text-left \">\n\t\t\t<h5><b><span data-contrast=\"auto\">Ant\u00f3nio Monteiro<\/span><\/b><span data-ccp-props=\"{}\"> <\/span><\/h5>\n<p><span data-contrast=\"auto\">Instituto Polit\u00e9cnico de Bragan\u00e7a | Portugal<\/span><span data-ccp-props=\"{}\"> <\/span><\/p>\n\t\t<\/div>\n\t\t\t\t<div id=\"wd-67a63771259e2\" class=\"wd-text-block wd-wpb reset-last-child wd-rs-67a63771259e2 wd-width-100 text-left \">\n\t\t\t<h5><b><span data-contrast=\"auto\">Ant\u00f3nio Monteiro<\/span><\/b><span data-ccp-props=\"{}\"> <\/span><\/h5>\n<p><span data-contrast=\"auto\">Instituto Polit\u00e9cnico de Bragan\u00e7a | Portugal<\/span><span data-ccp-props=\"{}\"> <\/span><\/p>\n\t\t<\/div>\n\t\t\t\t<div id=\"wd-67a63771259e2\" class=\"wd-text-block wd-wpb reset-last-child wd-rs-67a63771259e2 wd-width-100 text-left \">\n\t\t\t<h5><b><span data-contrast=\"auto\">Ant\u00f3nio Monteiro<\/span><\/b><span data-ccp-props=\"{}\"> <\/span><\/h5>\n<p><span data-contrast=\"auto\">Instituto Polit\u00e9cnico de Bragan\u00e7a | Portugal<\/span><span data-ccp-props=\"{}\"> <\/span><\/p>\n\t\t<\/div>\n\t\t\t\t<div id=\"wd-67a63771259e2\" class=\"wd-text-block wd-wpb reset-last-child wd-rs-67a63771259e2 wd-width-100 text-left \">\n\t\t\t<h5><b><span data-contrast=\"auto\">Ant\u00f3nio Monteiro<\/span><\/b><span data-ccp-props=\"{}\"> <\/span><\/h5>\n<p><span data-contrast=\"auto\">Instituto Polit\u00e9cnico de Bragan\u00e7a | Portugal<\/span><span data-ccp-props=\"{}\"> <\/span><\/p>\n\t\t<\/div>\n\t\t\t\t<div id=\"wd-67a63771259e2\" class=\"wd-text-block wd-wpb reset-last-child wd-rs-67a63771259e2 wd-width-100 text-left \">\n\t\t\t<h5><b><span data-contrast=\"auto\">Ant\u00f3nio Monteiro<\/span><\/b><span data-ccp-props=\"{}\"> <\/span><\/h5>\n<p><span data-contrast=\"auto\">Instituto Polit\u00e9cnico de Bragan\u00e7a | Portugal<\/span><span data-ccp-props=\"{}\"> <\/span><\/p>\n\t\t<\/div>\n\t\t\t\t<div id=\"wd-67a63771259e2\" class=\"wd-text-block wd-wpb reset-last-child wd-rs-67a63771259e2 wd-width-100 text-left \">\n\t\t\t<h5><b><span data-contrast=\"auto\">Ant\u00f3nio Monteiro<\/span><\/b><span data-ccp-props=\"{}\"> <\/span><\/h5>\n<p><span data-contrast=\"auto\">Instituto Polit\u00e9cnico de Bragan\u00e7a | Portugal<\/span><span data-ccp-props=\"{}\"> <\/span><\/p>\n\t\t<\/div>\n\t\t\t\t<div id=\"wd-67a63771259e2\" class=\"wd-text-block wd-wpb reset-last-child wd-rs-67a63771259e2 wd-width-100 text-left \">\n\t\t\t<h5><b><span data-contrast=\"auto\">Ant\u00f3nio Monteiro<\/span><\/b><span data-ccp-props=\"{}\"> <\/span><\/h5>\n<p><span data-contrast=\"auto\">Instituto Polit\u00e9cnico de Bragan\u00e7a | Portugal<\/span><span data-ccp-props=\"{}\"> <\/span><\/p>\n\t\t<\/div>\n\t\t\t\t<div id=\"wd-67a63771259e2\" class=\"wd-text-block wd-wpb reset-last-child wd-rs-67a63771259e2 wd-width-100 text-left \">\n\t\t\t<h5><b><span data-contrast=\"auto\">Ant\u00f3nio Monteiro<\/span><\/b><span data-ccp-props=\"{}\"> <\/span><\/h5>\n<p><span data-contrast=\"auto\">Instituto Polit\u00e9cnico de Bragan\u00e7a | Portugal<\/span><span data-ccp-props=\"{}\"> <\/span><\/p>\n\t\t<\/div>\n\t\t\t\t<div id=\"wd-67a63771259e2\" class=\"wd-text-block wd-wpb reset-last-child wd-rs-67a63771259e2 wd-width-100 text-left \">\n\t\t\t<h5><b><span data-contrast=\"auto\">Ant\u00f3nio Monteiro<\/span><\/b><span data-ccp-props=\"{}\"> <\/span><\/h5>\n<p><span data-contrast=\"auto\">Instituto Polit\u00e9cnico de Bragan\u00e7a | Portugal<\/span><span data-ccp-props=\"{}\"> <\/span><\/p>\n\t\t<\/div>\n\t\t[\/vc_column][vc_column width=\u00bb1\/3&#8243;]\t\t<div id=\"wd-67a63771259e2\" class=\"wd-text-block wd-wpb reset-last-child wd-rs-67a63771259e2 wd-width-100 text-left \">\n\t\t\t<h5><b><span data-contrast=\"auto\">Ant\u00f3nio Monteiro<\/span><\/b><span data-ccp-props=\"{}\"> <\/span><\/h5>\n<p><span data-contrast=\"auto\">Instituto Polit\u00e9cnico de Bragan\u00e7a | Portugal<\/span><span data-ccp-props=\"{}\"> <\/span><\/p>\n\t\t<\/div>\n\t\t\t\t<div id=\"wd-67a63771259e2\" class=\"wd-text-block wd-wpb reset-last-child wd-rs-67a63771259e2 wd-width-100 text-left \">\n\t\t\t<h5><b><span data-contrast=\"auto\">Ant\u00f3nio Monteiro<\/span><\/b><span data-ccp-props=\"{}\"> <\/span><\/h5>\n<p><span data-contrast=\"auto\">Instituto Polit\u00e9cnico de Bragan\u00e7a | Portugal<\/span><span data-ccp-props=\"{}\"> <\/span><\/p>\n\t\t<\/div>\n\t\t\t\t<div id=\"wd-67a63771259e2\" class=\"wd-text-block wd-wpb reset-last-child wd-rs-67a63771259e2 wd-width-100 text-left \">\n\t\t\t<h5><b><span data-contrast=\"auto\">Ant\u00f3nio Monteiro<\/span><\/b><span data-ccp-props=\"{}\"> <\/span><\/h5>\n<p><span data-contrast=\"auto\">Instituto Polit\u00e9cnico de Bragan\u00e7a | Portugal<\/span><span data-ccp-props=\"{}\"> <\/span><\/p>\n\t\t<\/div>\n\t\t\t\t<div id=\"wd-67a63771259e2\" class=\"wd-text-block wd-wpb reset-last-child wd-rs-67a63771259e2 wd-width-100 text-left \">\n\t\t\t<h5><b><span data-contrast=\"auto\">Ant\u00f3nio Monteiro<\/span><\/b><span data-ccp-props=\"{}\"> <\/span><\/h5>\n<p><span data-contrast=\"auto\">Instituto Polit\u00e9cnico de Bragan\u00e7a | Portugal<\/span><span data-ccp-props=\"{}\"> <\/span><\/p>\n\t\t<\/div>\n\t\t\t\t<div id=\"wd-67a63771259e2\" class=\"wd-text-block wd-wpb reset-last-child wd-rs-67a63771259e2 wd-width-100 text-left \">\n\t\t\t<h5><b><span data-contrast=\"auto\">Ant\u00f3nio Monteiro<\/span><\/b><span data-ccp-props=\"{}\"> <\/span><\/h5>\n<p><span data-contrast=\"auto\">Instituto Polit\u00e9cnico de Bragan\u00e7a | Portugal<\/span><span data-ccp-props=\"{}\"> <\/span><\/p>\n\t\t<\/div>\n\t\t\t\t<div id=\"wd-67a63771259e2\" class=\"wd-text-block wd-wpb reset-last-child wd-rs-67a63771259e2 wd-width-100 text-left \">\n\t\t\t<h5><b><span data-contrast=\"auto\">Ant\u00f3nio Monteiro<\/span><\/b><span data-ccp-props=\"{}\"> <\/span><\/h5>\n<p><span data-contrast=\"auto\">Instituto Polit\u00e9cnico de Bragan\u00e7a | Portugal<\/span><span data-ccp-props=\"{}\"> <\/span><\/p>\n\t\t<\/div>\n\t\t\t\t<div id=\"wd-67a63771259e2\" class=\"wd-text-block wd-wpb reset-last-child wd-rs-67a63771259e2 wd-width-100 text-left \">\n\t\t\t<h5><b><span data-contrast=\"auto\">Ant\u00f3nio Monteiro<\/span><\/b><span data-ccp-props=\"{}\"> <\/span><\/h5>\n<p><span data-contrast=\"auto\">Instituto Polit\u00e9cnico de Bragan\u00e7a | Portugal<\/span><span data-ccp-props=\"{}\"> <\/span><\/p>\n\t\t<\/div>\n\t\t\t\t<div id=\"wd-67a63771259e2\" class=\"wd-text-block wd-wpb reset-last-child wd-rs-67a63771259e2 wd-width-100 text-left \">\n\t\t\t<h5><b><span data-contrast=\"auto\">Ant\u00f3nio Monteiro<\/span><\/b><span data-ccp-props=\"{}\"> <\/span><\/h5>\n<p><span data-contrast=\"auto\">Instituto Polit\u00e9cnico de Bragan\u00e7a | Portugal<\/span><span data-ccp-props=\"{}\"> <\/span><\/p>\n\t\t<\/div>\n\t\t\t\t<div id=\"wd-67a63771259e2\" class=\"wd-text-block wd-wpb reset-last-child wd-rs-67a63771259e2 wd-width-100 text-left \">\n\t\t\t<h5><b><span data-contrast=\"auto\">Ant\u00f3nio Monteiro<\/span><\/b><span data-ccp-props=\"{}\"> <\/span><\/h5>\n<p><span data-contrast=\"auto\">Instituto Polit\u00e9cnico de Bragan\u00e7a | Portugal<\/span><span data-ccp-props=\"{}\"> <\/span><\/p>\n\t\t<\/div>\n\t\t\t\t<div id=\"wd-67a63771259e2\" class=\"wd-text-block wd-wpb reset-last-child wd-rs-67a63771259e2 wd-width-100 text-left \">\n\t\t\t<h5><b><span data-contrast=\"auto\">Ant\u00f3nio Monteiro<\/span><\/b><span data-ccp-props=\"{}\"> <\/span><\/h5>\n<p><span data-contrast=\"auto\">Instituto Polit\u00e9cnico de Bragan\u00e7a | Portugal<\/span><span data-ccp-props=\"{}\"> <\/span><\/p>\n\t\t<\/div>\n\t\t\t\t<div id=\"wd-67a63771259e2\" class=\"wd-text-block wd-wpb reset-last-child wd-rs-67a63771259e2 wd-width-100 text-left \">\n\t\t\t<h5><b><span data-contrast=\"auto\">Ant\u00f3nio Monteiro<\/span><\/b><span data-ccp-props=\"{}\"> <\/span><\/h5>\n<p><span data-contrast=\"auto\">Instituto Polit\u00e9cnico de Bragan\u00e7a | Portugal<\/span><span data-ccp-props=\"{}\"> <\/span><\/p>\n\t\t<\/div>\n\t\t\t\t<div id=\"wd-67a63771259e2\" class=\"wd-text-block wd-wpb reset-last-child wd-rs-67a63771259e2 wd-width-100 text-left \">\n\t\t\t<h5><b><span data-contrast=\"auto\">Ant\u00f3nio Monteiro<\/span><\/b><span data-ccp-props=\"{}\"> <\/span><\/h5>\n<p><span data-contrast=\"auto\">Instituto Polit\u00e9cnico de Bragan\u00e7a | Portugal<\/span><span data-ccp-props=\"{}\"> <\/span><\/p>\n\t\t<\/div>\n\t\t\t\t<div id=\"wd-67a63771259e2\" class=\"wd-text-block wd-wpb reset-last-child wd-rs-67a63771259e2 wd-width-100 text-left \">\n\t\t\t<h5><b><span data-contrast=\"auto\">Ant\u00f3nio Monteiro<\/span><\/b><span data-ccp-props=\"{}\"> <\/span><\/h5>\n<p><span data-contrast=\"auto\">Instituto Polit\u00e9cnico de Bragan\u00e7a | Portugal<\/span><span data-ccp-props=\"{}\"> <\/span><\/p>\n\t\t<\/div>\n\t\t\t\t<div id=\"wd-67a63771259e2\" class=\"wd-text-block wd-wpb reset-last-child wd-rs-67a63771259e2 wd-width-100 text-left \">\n\t\t\t<h5><b><span data-contrast=\"auto\">Ant\u00f3nio Monteiro<\/span><\/b><span data-ccp-props=\"{}\"> <\/span><\/h5>\n<p><span data-contrast=\"auto\">Instituto Polit\u00e9cnico de Bragan\u00e7a | Portugal<\/span><span data-ccp-props=\"{}\"> <\/span><\/p>\n\t\t<\/div>\n\t\t\t\t<div id=\"wd-67a63771259e2\" class=\"wd-text-block wd-wpb reset-last-child wd-rs-67a63771259e2 wd-width-100 text-left \">\n\t\t\t<h5><b><span data-contrast=\"auto\">Ant\u00f3nio Monteiro<\/span><\/b><span data-ccp-props=\"{}\"> <\/span><\/h5>\n<p><span data-contrast=\"auto\">Instituto Polit\u00e9cnico de Bragan\u00e7a | Portugal<\/span><span data-ccp-props=\"{}\"> <\/span><\/p>\n\t\t<\/div>\n\t\t[\/vc_column][\/vc_row]<\/p>\n<\/div>","protected":false},"excerpt":{"rendered":"<p>[vc_row css=\u00bb.vc_custom_1738950710055{margin-bottom: 40px !important;}\u00bb woodmart_css_id=\u00bb67a6483391409&#8243; responsive_spacing=\u00bbeyJwYXJhbV90eXBlIjoid29vZG1hcnRfcmVzcG9uc2l2ZV9zcGFjaW5nIiwic2VsZWN0b3JfaWQiOiI2N2E2NDgzMzkxNDA5Iiwic2hvcnRjb2RlIjoidmNfcm93IiwiZGF0YSI6eyJ0YWJsZXQiOnt9LCJtb2JpbGUiOnt9fX0=\u00bb mobile_bg_img_hidden=\u00bbno\u00bb tablet_bg_img_hidden=\u00bbno\u00bb woodmart_parallax=\u00bb0&#8243; woodmart_gradient_switch=\u00bbno\u00bb woodmart_box_shadow=\u00bbno\u00bb wd_z_index=\u00bbno\u00bb woodmart_disable_overflow=\u00bb0&#8243; row_reverse_mobile=\u00bb0&#8243; row_reverse_tablet=\u00bb0&#8243;][vc_column][\/vc_column][\/vc_row][vc_row css=\u00bb.vc_custom_1496940694752{margin-bottom: 20px !important;}\u00bb][vc_column css=\u00bb.vc_custom_1484657273903{padding-top: 0px<\/p>\n","protected":false},"author":1,"featured_media":0,"parent":0,"menu_order":0,"comment_status":"closed","ping_status":"open","template":"","meta":{"footnotes":""},"class_list":["post-13365","page","type-page","status-publish","hentry"],"yoast_head":"<!-- This site is optimized with the Yoast SEO Premium plugin v27.5 (Yoast SEO v27.5) - https:\/\/yoast.com\/product\/yoast-seo-premium-wordpress\/ -->\n<title>Modelo_congreso - Anges<\/title>\n<meta name=\"robots\" content=\"index, follow, max-snippet:-1, max-image-preview:large, max-video-preview:-1\" \/>\n<link rel=\"canonical\" href=\"https:\/\/anges.pt\/es\/modelo_congreso\/\" \/>\n<meta property=\"og:locale\" content=\"es_ES\" \/>\n<meta property=\"og:type\" content=\"article\" \/>\n<meta property=\"og:title\" content=\"Modelo_congreso\" \/>\n<meta property=\"og:description\" content=\"[vc_row css=\u00bb.vc_custom_1738950710055{margin-bottom: 40px !important;}\u00bb woodmart_css_id=\u00bb67a6483391409&#8243; responsive_spacing=\u00bbeyJwYXJhbV90eXBlIjoid29vZG1hcnRfcmVzcG9uc2l2ZV9zcGFjaW5nIiwic2VsZWN0b3JfaWQiOiI2N2E2NDgzMzkxNDA5Iiwic2hvcnRjb2RlIjoidmNfcm93IiwiZGF0YSI6eyJ0YWJsZXQiOnt9LCJtb2JpbGUiOnt9fX0=\u00bb mobile_bg_img_hidden=\u00bbno\u00bb tablet_bg_img_hidden=\u00bbno\u00bb woodmart_parallax=\u00bb0&#8243; woodmart_gradient_switch=\u00bbno\u00bb woodmart_box_shadow=\u00bbno\u00bb wd_z_index=\u00bbno\u00bb woodmart_disable_overflow=\u00bb0&#8243; row_reverse_mobile=\u00bb0&#8243; row_reverse_tablet=\u00bb0&#8243;][vc_column][\/vc_column][\/vc_row][vc_row css=\u00bb.vc_custom_1496940694752{margin-bottom: 20px !important;}\u00bb][vc_column css=\u00bb.vc_custom_1484657273903{padding-top: 0px\" \/>\n<meta property=\"og:url\" content=\"https:\/\/anges.pt\/es\/modelo_congreso\/\" \/>\n<meta property=\"og:site_name\" content=\"Anges\" \/>\n<meta property=\"article:publisher\" content=\"https:\/\/www.facebook.com\/anges.pt\" \/>\n<meta property=\"article:modified_time\" content=\"2025-02-22T01:38:33+00:00\" \/>\n<meta name=\"twitter:card\" content=\"summary_large_image\" \/>\n<meta name=\"twitter:label1\" content=\"Tiempo de lectura\" \/>\n\t<meta name=\"twitter:data1\" content=\"56 minutos\" \/>\n<script type=\"application\/ld+json\" class=\"yoast-schema-graph\">{\"@context\":\"https:\\\/\\\/schema.org\",\"@graph\":[{\"@type\":\"WebPage\",\"@id\":\"https:\\\/\\\/anges.pt\\\/es\\\/modelo_congreso\\\/\",\"url\":\"https:\\\/\\\/anges.pt\\\/es\\\/modelo_congreso\\\/\",\"name\":\"Modelo_congreso - Anges\",\"isPartOf\":{\"@id\":\"https:\\\/\\\/anges.pt\\\/es\\\/#website\"},\"datePublished\":\"2025-02-07T15:37:52+00:00\",\"dateModified\":\"2025-02-22T01:38:33+00:00\",\"breadcrumb\":{\"@id\":\"https:\\\/\\\/anges.pt\\\/es\\\/modelo_congreso\\\/#breadcrumb\"},\"inLanguage\":\"es\",\"potentialAction\":[{\"@type\":\"ReadAction\",\"target\":[\"https:\\\/\\\/anges.pt\\\/es\\\/modelo_congreso\\\/\"]}]},{\"@type\":\"BreadcrumbList\",\"@id\":\"https:\\\/\\\/anges.pt\\\/es\\\/modelo_congreso\\\/#breadcrumb\",\"itemListElement\":[{\"@type\":\"ListItem\",\"position\":1,\"name\":\"In\u00edcio\",\"item\":\"https:\\\/\\\/anges.pt\\\/es\\\/inicio\\\/\"},{\"@type\":\"ListItem\",\"position\":2,\"name\":\"Modelo_congreso\"}]},{\"@type\":\"WebSite\",\"@id\":\"https:\\\/\\\/anges.pt\\\/es\\\/#website\",\"url\":\"https:\\\/\\\/anges.pt\\\/es\\\/\",\"name\":\"Anges\",\"description\":\"Associa\u00e7\u00e3o Nacional de Gerontologia Social\",\"publisher\":{\"@id\":\"https:\\\/\\\/anges.pt\\\/es\\\/#organization\"},\"alternateName\":\"Associa\u00e7\u00e3o Nacional de Gerontologia Social\",\"potentialAction\":[{\"@type\":\"SearchAction\",\"target\":{\"@type\":\"EntryPoint\",\"urlTemplate\":\"https:\\\/\\\/anges.pt\\\/es\\\/?s={search_term_string}\"},\"query-input\":{\"@type\":\"PropertyValueSpecification\",\"valueRequired\":true,\"valueName\":\"search_term_string\"}}],\"inLanguage\":\"es\"},{\"@type\":\"Organization\",\"@id\":\"https:\\\/\\\/anges.pt\\\/es\\\/#organization\",\"name\":\"Anges\",\"alternateName\":\"Asociaci\u00f3n Nacional de Gerontolog\u00eda Social\",\"url\":\"https:\\\/\\\/anges.pt\\\/es\\\/\",\"logo\":{\"@type\":\"ImageObject\",\"inLanguage\":\"es\",\"@id\":\"https:\\\/\\\/anges.pt\\\/es\\\/#\\\/schema\\\/logo\\\/image\\\/\",\"url\":\"https:\\\/\\\/anges.pt\\\/wp-content\\\/uploads\\\/2024\\\/08\\\/Dimensoes-personalizadas-3x2-cm-4.jpeg\",\"contentUrl\":\"https:\\\/\\\/anges.pt\\\/wp-content\\\/uploads\\\/2024\\\/08\\\/Dimensoes-personalizadas-3x2-cm-4.jpeg\",\"width\":170,\"height\":114,\"caption\":\"Anges\"},\"image\":{\"@id\":\"https:\\\/\\\/anges.pt\\\/es\\\/#\\\/schema\\\/logo\\\/image\\\/\"},\"sameAs\":[\"https:\\\/\\\/www.facebook.com\\\/anges.pt\",\"https:\\\/\\\/www.instagram.com\\\/associacaoanges\\\/\"]}]}<\/script>\n<!-- \/ Yoast SEO Premium plugin. -->","yoast_head_json":{"title":"Modelo_congreso - Anges","robots":{"index":"index","follow":"follow","max-snippet":"max-snippet:-1","max-image-preview":"max-image-preview:large","max-video-preview":"max-video-preview:-1"},"canonical":"https:\/\/anges.pt\/es\/modelo_congreso\/","og_locale":"es_ES","og_type":"article","og_title":"Modelo_congreso","og_description":"[vc_row css=\u00bb.vc_custom_1738950710055{margin-bottom: 40px !important;}\u00bb woodmart_css_id=\u00bb67a6483391409&#8243; responsive_spacing=\u00bbeyJwYXJhbV90eXBlIjoid29vZG1hcnRfcmVzcG9uc2l2ZV9zcGFjaW5nIiwic2VsZWN0b3JfaWQiOiI2N2E2NDgzMzkxNDA5Iiwic2hvcnRjb2RlIjoidmNfcm93IiwiZGF0YSI6eyJ0YWJsZXQiOnt9LCJtb2JpbGUiOnt9fX0=\u00bb mobile_bg_img_hidden=\u00bbno\u00bb tablet_bg_img_hidden=\u00bbno\u00bb woodmart_parallax=\u00bb0&#8243; woodmart_gradient_switch=\u00bbno\u00bb woodmart_box_shadow=\u00bbno\u00bb wd_z_index=\u00bbno\u00bb woodmart_disable_overflow=\u00bb0&#8243; row_reverse_mobile=\u00bb0&#8243; row_reverse_tablet=\u00bb0&#8243;][vc_column][\/vc_column][\/vc_row][vc_row css=\u00bb.vc_custom_1496940694752{margin-bottom: 20px !important;}\u00bb][vc_column css=\u00bb.vc_custom_1484657273903{padding-top: 0px","og_url":"https:\/\/anges.pt\/es\/modelo_congreso\/","og_site_name":"Anges","article_publisher":"https:\/\/www.facebook.com\/anges.pt","article_modified_time":"2025-02-22T01:38:33+00:00","twitter_card":"summary_large_image","twitter_misc":{"Tiempo de lectura":"56 minutos"},"schema":{"@context":"https:\/\/schema.org","@graph":[{"@type":"WebPage","@id":"https:\/\/anges.pt\/es\/modelo_congreso\/","url":"https:\/\/anges.pt\/es\/modelo_congreso\/","name":"Modelo_congreso - Anges","isPartOf":{"@id":"https:\/\/anges.pt\/es\/#website"},"datePublished":"2025-02-07T15:37:52+00:00","dateModified":"2025-02-22T01:38:33+00:00","breadcrumb":{"@id":"https:\/\/anges.pt\/es\/modelo_congreso\/#breadcrumb"},"inLanguage":"es","potentialAction":[{"@type":"ReadAction","target":["https:\/\/anges.pt\/es\/modelo_congreso\/"]}]},{"@type":"BreadcrumbList","@id":"https:\/\/anges.pt\/es\/modelo_congreso\/#breadcrumb","itemListElement":[{"@type":"ListItem","position":1,"name":"In\u00edcio","item":"https:\/\/anges.pt\/es\/inicio\/"},{"@type":"ListItem","position":2,"name":"Modelo_congreso"}]},{"@type":"WebSite","@id":"https:\/\/anges.pt\/es\/#website","url":"https:\/\/anges.pt\/es\/","name":"Anges","description":"Associa\u00e7\u00e3o Nacional de Gerontologia Social","publisher":{"@id":"https:\/\/anges.pt\/es\/#organization"},"alternateName":"Associa\u00e7\u00e3o Nacional de Gerontologia Social","potentialAction":[{"@type":"SearchAction","target":{"@type":"EntryPoint","urlTemplate":"https:\/\/anges.pt\/es\/?s={search_term_string}"},"query-input":{"@type":"PropertyValueSpecification","valueRequired":true,"valueName":"search_term_string"}}],"inLanguage":"es"},{"@type":"Organization","@id":"https:\/\/anges.pt\/es\/#organization","name":"Anges","alternateName":"Asociaci\u00f3n Nacional de Gerontolog\u00eda Social","url":"https:\/\/anges.pt\/es\/","logo":{"@type":"ImageObject","inLanguage":"es","@id":"https:\/\/anges.pt\/es\/#\/schema\/logo\/image\/","url":"https:\/\/anges.pt\/wp-content\/uploads\/2024\/08\/Dimensoes-personalizadas-3x2-cm-4.jpeg","contentUrl":"https:\/\/anges.pt\/wp-content\/uploads\/2024\/08\/Dimensoes-personalizadas-3x2-cm-4.jpeg","width":170,"height":114,"caption":"Anges"},"image":{"@id":"https:\/\/anges.pt\/es\/#\/schema\/logo\/image\/"},"sameAs":["https:\/\/www.facebook.com\/anges.pt","https:\/\/www.instagram.com\/associacaoanges\/"]}]}},"_links":{"self":[{"href":"https:\/\/anges.pt\/es\/wp-json\/wp\/v2\/pages\/13365","targetHints":{"allow":["GET"]}}],"collection":[{"href":"https:\/\/anges.pt\/es\/wp-json\/wp\/v2\/pages"}],"about":[{"href":"https:\/\/anges.pt\/es\/wp-json\/wp\/v2\/types\/page"}],"author":[{"embeddable":true,"href":"https:\/\/anges.pt\/es\/wp-json\/wp\/v2\/users\/1"}],"replies":[{"embeddable":true,"href":"https:\/\/anges.pt\/es\/wp-json\/wp\/v2\/comments?post=13365"}],"version-history":[{"count":1,"href":"https:\/\/anges.pt\/es\/wp-json\/wp\/v2\/pages\/13365\/revisions"}],"predecessor-version":[{"id":13369,"href":"https:\/\/anges.pt\/es\/wp-json\/wp\/v2\/pages\/13365\/revisions\/13369"}],"wp:attachment":[{"href":"https:\/\/anges.pt\/es\/wp-json\/wp\/v2\/media?parent=13365"}],"curies":[{"name":"wp","href":"https:\/\/api.w.org\/{rel}","templated":true}]}}